{"id":54,"date":"2013-09-26T12:25:18","date_gmt":"2013-09-26T10:25:18","guid":{"rendered":"http:\/\/www.dermacenter.ch\/?page_id=54"},"modified":"2025-06-27T13:02:40","modified_gmt":"2025-06-27T11:02:40","slug":"jobs","status":"publish","type":"page","link":"https:\/\/www.dermacenter.ch\/?page_id=54","title":{"rendered":"Jobs"},"content":{"rendered":"<p>\u00a0<\/p>\n<p>Bereit f\u00fcr eine vielseitige Herausforderung in einem renommierten dermatologischen Zentrum?<\/p>\n<p>F\u00fcr unsere innovative dermatologische Gemeinschaftspraxis mit integriertem Kosmetischen Institut in K\u00fcssnacht und Brunnen <br \/>suchen wir in K\u00fcssnacht eine\/n begeisterte\/n und motivierte\/n<\/p>\n<p><strong>Medizinische\/n Praxisassistenten\/in oder Fachangestellte\/n Gesundheit (EFZ) <\/strong><br \/><strong>80-100%-Pensum<\/strong><\/p>\n<p><strong>Dein Profil:<\/strong><\/p>\n<p>\u2022 Abgeschlossene Ausbildung zur\/m MPA\/FaGe<br \/>\u2022 Leidenschaft und Engagement f\u00fcr den medizinischen Bereich<br \/>\u2022 Sympathische, professionelle und gepflegte Pers\u00f6nlichkeit<br \/>\u2022 Gelassenheit und Struktur auch in hektischen Situationen<br \/>\u2022 Interesse und Geschick im Bereich Sprechstundenassistenz, OP-Assistenz, Verbandwechsel etc.<br \/>\u2022 Sicherer Umgang mit Computern und elektronischer Krankengeschichte (Aeskulap)<\/p>\n<p><strong>Was umfasst dein T\u00e4tigkeitsbereich?<\/strong> <br \/>\u2022 Sprechstundenorganisation inkl. Medikamentenbewirtschaftung<br \/>\u2022 Diagnostische und therapeutische Eingriffe nach \u00e4rztlicher Anweisung<br \/>\u2022 Assistenz bei Operationen und Laserbehandlungen<br \/>\u2022 Lichttherapie, Allergietestungen, Blutentnahme, Verbandwechsel etc.<br \/>\u2022 Administrative Arbeiten<\/p>\n<p><strong>Warum bei uns?<\/strong><br \/>\u2022 Ein engagiertes Team, das sich auf deine Unterst\u00fctzung freut<br \/>\u2022 Moderne Praxisumgebung mit vielf\u00e4ltigen Entwicklungsm\u00f6glichkeiten<br \/>\u2022 Einbindung in spannende Aufgabenbereiche und eigenverantwortliches Arbeiten<br \/>\u2022 Fortbildungsm\u00f6glichkeiten und Raum f\u00fcr pers\u00f6nliche Weiterentwicklung<br \/>\u2022 Attraktive und zeitgem\u00e4sse Anstellungsbedingungen (6 Wochen Ferien)<\/p>\n<p>Bist du bereit, Teil eines dynamischen Teams zu werden und gemeinsam innovative Wege in der medizinischen Betreuung zu gehen?<\/p>\n<p>Bitte die vollst\u00e4ndigen Unterlagen als PDF-Dokument an info@vanessa-federer.ch senden.<br \/>Wir freuen uns darauf, dich kennenzulernen und gemeinsam die Zukunft der medizinischen Versorgung zu gestalten!<\/p>\n<p><strong>Hinweis:<\/strong><br \/>Wir begr\u00fcssen Bewerbungen von Personen aller Altersgruppen.<br \/>Wir legen Wert auf Vielfalt und ermutigen auch junge Talente, sich zu bewerben.<\/p>\n","protected":false},"excerpt":{"rendered":"<p>\u00a0 Bereit f\u00fcr eine vielseitige Herausforderung in einem renommierten dermatologischen Zentrum? F\u00fcr unsere innovative dermatologische Gemeinschaftspraxis mit integriertem Kosmetischen Institut in K\u00fcssnacht und Brunnen suchen wir in K\u00fcssnacht eine\/n begeisterte\/n und motivierte\/n Medizinische\/n Praxisassistenten\/in oder Fachangestellte\/n Gesundheit (EFZ) 80-100%-Pensum Dein Profil: \u2022 Abgeschlossene Ausbildung zur\/m MPA\/FaGe\u2022 Leidenschaft und Engagement f\u00fcr den medizinischen Bereich\u2022 Sympathische, professionelle [&hellip;]\n","protected":false},"author":1,"featured_media":0,"parent":24,"menu_order":16,"comment_status":"closed","ping_status":"closed","template":"","meta":[],"yoast_head":"<!-- This site is optimized with the Yoast SEO plugin v15.5 - https:\/\/yoast.com\/wordpress\/plugins\/seo\/ -->\n<title>Jobs - Dermacenter AG<\/title>\n<meta name=\"robots\" content=\"index, follow, max-snippet:-1, max-image-preview:large, max-video-preview:-1\" \/>\n<link rel=\"canonical\" href=\"https:\/\/www.dermacenter.ch\/?page_id=54\" \/>\n<meta property=\"og:locale\" content=\"de_DE\" \/>\n<meta property=\"og:type\" content=\"article\" \/>\n<meta property=\"og:title\" content=\"Jobs - Dermacenter AG\" \/>\n<meta property=\"og:description\" content=\"\u00a0 Bereit f\u00fcr eine vielseitige Herausforderung in einem renommierten dermatologischen Zentrum? F\u00fcr unsere innovative dermatologische Gemeinschaftspraxis mit integriertem Kosmetischen Institut in K\u00fcssnacht und Brunnen suchen wir in K\u00fcssnacht eine\/n begeisterte\/n und motivierte\/n Medizinische\/n Praxisassistenten\/in oder Fachangestellte\/n Gesundheit (EFZ) 80-100%-Pensum Dein Profil: \u2022 Abgeschlossene Ausbildung zur\/m MPA\/FaGe\u2022 Leidenschaft und Engagement f\u00fcr den medizinischen Bereich\u2022 Sympathische, professionelle [&hellip;]\" \/>\n<meta property=\"og:url\" content=\"https:\/\/www.dermacenter.ch\/?page_id=54\" \/>\n<meta property=\"og:site_name\" content=\"Dermacenter AG\" \/>\n<meta property=\"article:modified_time\" content=\"2025-06-27T11:02:40+00:00\" \/>\n<meta name=\"twitter:card\" content=\"summary_large_image\" \/>\n<meta name=\"twitter:label1\" content=\"Gesch\u00e4tzte Lesezeit\">\n\t<meta name=\"twitter:data1\" content=\"1\u00a0Minute\">\n<script type=\"application\/ld+json\" class=\"yoast-schema-graph\">{\"@context\":\"https:\/\/schema.org\",\"@graph\":[{\"@type\":\"WebSite\",\"@id\":\"https:\/\/www.dermacenter.ch\/#website\",\"url\":\"https:\/\/www.dermacenter.ch\/\",\"name\":\"Dermacenter AG\",\"description\":\"\",\"potentialAction\":[{\"@type\":\"SearchAction\",\"target\":\"https:\/\/www.dermacenter.ch\/?s={search_term_string}\",\"query-input\":\"required name=search_term_string\"}],\"inLanguage\":\"de\"},{\"@type\":\"WebPage\",\"@id\":\"https:\/\/www.dermacenter.ch\/?page_id=54#webpage\",\"url\":\"https:\/\/www.dermacenter.ch\/?page_id=54\",\"name\":\"Jobs - Dermacenter AG\",\"isPartOf\":{\"@id\":\"https:\/\/www.dermacenter.ch\/#website\"},\"datePublished\":\"2013-09-26T10:25:18+00:00\",\"dateModified\":\"2025-06-27T11:02:40+00:00\",\"inLanguage\":\"de\",\"potentialAction\":[{\"@type\":\"ReadAction\",\"target\":[\"https:\/\/www.dermacenter.ch\/?page_id=54\"]}]}]}<\/script>\n<!-- \/ Yoast SEO plugin. -->","_links":{"self":[{"href":"https:\/\/www.dermacenter.ch\/index.php?rest_route=\/wp\/v2\/pages\/54"}],"collection":[{"href":"https:\/\/www.dermacenter.ch\/index.php?rest_route=\/wp\/v2\/pages"}],"about":[{"href":"https:\/\/www.dermacenter.ch\/index.php?rest_route=\/wp\/v2\/types\/page"}],"author":[{"embeddable":true,"href":"https:\/\/www.dermacenter.ch\/index.php?rest_route=\/wp\/v2\/users\/1"}],"replies":[{"embeddable":true,"href":"https:\/\/www.dermacenter.ch\/index.php?rest_route=%2Fwp%2Fv2%2Fcomments&post=54"}],"version-history":[{"count":34,"href":"https:\/\/www.dermacenter.ch\/index.php?rest_route=\/wp\/v2\/pages\/54\/revisions"}],"predecessor-version":[{"id":14928,"href":"https:\/\/www.dermacenter.ch\/index.php?rest_route=\/wp\/v2\/pages\/54\/revisions\/14928"}],"up":[{"embeddable":true,"href":"https:\/\/www.dermacenter.ch\/index.php?rest_route=\/wp\/v2\/pages\/24"}],"wp:attachment":[{"href":"https:\/\/www.dermacenter.ch\/index.php?rest_route=%2Fwp%2Fv2%2Fmedia&parent=54"}],"curies":[{"name":"wp","href":"https:\/\/api.w.org\/{rel}","templated":true}]}}