{"id":14597,"date":"2024-12-09T16:42:26","date_gmt":"2024-12-09T15:42:26","guid":{"rendered":"https:\/\/www.dermacenter.ch\/?page_id=14597"},"modified":"2024-12-13T11:31:47","modified_gmt":"2024-12-13T10:31:47","slug":"faltenbehandlung-per-laser-add","status":"publish","type":"page","link":"https:\/\/www.dermacenter.ch\/?page_id=14597","title":{"rendered":"Faltenbehandlung per Laser"},"content":{"rendered":"  <section class=\"section\" id=\"section_1481449205\">\n      <div class=\"bg section-bg fill bg-fill  \" >\n\n        \n        \n        \n        \n        \n        \n\t<div class=\"is-border\"\n\t\tstyle=\"border-color:rgb(235, 235, 235);border-width:1px 0px 0px 0px;\">\n\t<\/div>\n\n      <\/div><!-- .section-bg -->\n\n      <div class=\"section-content relative\">\n        \n      <\/div><!-- .section-content -->\n\n      \n<style scope=\"scope\">\n\n#section_1481449205 {\n  padding-top: 60px;\n  padding-bottom: 60px;\n  min-height: 379px;\n  background-color: rgb(255, 255, 255);\n}\n#section_1481449205 .section-bg.bg-loaded {\n  background-image: url(https:\/\/www.dermacenter.ch\/wp-content\/uploads\/2020\/12\/shutterstock_1136889158-scaled.jpg);\n}\n#section_1481449205 .section-bg {\n  background-position: 100% 21%;\n}\n<\/style>\n  <\/section>\n  \n<div class=\"row\"  id=\"row-780986674\">\n<div class=\"col small-12 large-12\"  ><div class=\"col-inner\"  >\n<h1>FALTENBEHANDLUNG MIT LASER<\/h1>\n<p>M\u00f6gen Sie Ihr Spiegelbild nicht mehr betrachten, weil Sie Ihre Falten als unsch\u00f6n und belastend wahrnehmen? Mit der Laserbehandlung der Haut k\u00f6nnen wir gezielt Ihre Falten, aber auch \u00c4derchen und Blutschw\u00e4mmchen therapieren, ohne die umliegende Haut zu reizen. Vereinbaren Sie jetzt Ihren Beratungstermin, damit Sie sich bald wieder im Spiegel zul\u00e4cheln k\u00f6nnen.<\/p>\n<h2>Willkommen bei uns!<\/h2>\n<p>Unsere hoch qualifizierten Fach\u00e4rzte und erfahrenen Kosmetikerinnen bieten Ihnen ein umfangreiches Know-how in der Lasertechnik. Vor jeder Behandlung erhalten Sie eine umfassende Beratung und detaillierte Informationen, damit Sie bestens vorbereitet sind.<\/p>\n<p>Wir setzen auf die neueste Technologie mit unseren fraktionierten <u><a href=\"https:\/\/www.dermacenter.ch\/leistungen\/kosmetische-leistungen\/genius-behandlung\/\">Lasern Genius<\/a>, <a href=\"https:\/\/www.dermacenter.ch\/leistungen\/kosmetische-leistungen\/eco2-laser\/\">eCO2 und Ultra<\/a><\/u>. Sorgf\u00e4ltige Arbeitsweisen und der h\u00f6chste Standard in der Durchf\u00fchrung sind f\u00fcr uns selbstverst\u00e4ndlich. Zudem sorgen wir daf\u00fcr, dass die modernen Laserbehandlungen so angenehm wie m\u00f6glich und nur minimal schmerzhaft sind. Auch die Erholungszeit (Downtime) ist \u00e4usserst kurz. Nat\u00fcrlich geh\u00f6rt die Nachbehandlung mit speziell abgestimmten Produkten sowie die sorgf\u00e4ltige Nachkontrolle nach der Lasertherapie dazu, damit Sie sich rundum betreut f\u00fchlen und wissen, dass Sie mit Ihrer Behandlung in guten H\u00e4nden sind.<\/p>\n<p>Vereinbaren Sie gerne ein Beratungsgespr\u00e4ch, damit Sie sich schon bald wieder wohl in Ihrer Haut f\u00fchlen.<\/p>\n<h2>Laserbehandlung f\u00fcr ein sch\u00f6nes Hautbild<\/h2>\n<p>Seit der Entwicklung der ersten\u00a0<strong>Laser\u00a0<\/strong>in den sechziger Jahren hat sich einiges getan. Laser sind bei uns \u00e4sthetisch t\u00e4tigen Haut\u00e4rzten und\u00a0<strong>Laserspezialisten<\/strong>\u00a0im Dermacenter K\u00fcssnacht und Brunnen t\u00e4glich im Einsatz.<\/p>\n<p>Das Besondere an der\u00a0<strong>Laserbehandlung der Haut<\/strong>\u00a0ist, dass wir mit dem Laser \u00e4usserst gezielt ausgew\u00e4hlte Strukturen erreichen. Eine herausragende Stellung nimmt der CO<sub>2<\/sub>-Laser ein, welcher aufgrund seiner vielseitigen Einsatzm\u00f6glichkeiten zu den intensiv genutzten Lasern im Medizinbereich geh\u00f6rt. Mit dem CO<sub>2-<\/sub>Laser k\u00f6nnen z.B. gutartige Hautver\u00e4nderungen rasch und schonend entfernt werden. Der CO<sub>2<\/sub>-Laser wird auch zur\u00a0<strong>Faltengl\u00e4ttung<\/strong>\u00a0eingesetzt.<\/p>\n<p>Die moderne Weiterentwicklung der Laser in der Dermatologie f\u00fchrte zu den sog.\u00a0<strong>fraktionierten Lasern<\/strong>, welche meist zur schonenden Hautauffrischung genutzt werden. Hierbei wird immer nur ein gewisser Prozentteil der Hautfl\u00e4che behandelt. So kann die betroffene Haut rasch regenerieren. Die fraktionierte Lasertherapie ben\u00f6tigt mehrere Sitzungen, minimiert jedoch Nebenwirkungen wie R\u00f6tung, Schwellung und die \u00abDowntime\u00bb.<\/p>\n<p>Neben unserem fraktionierten eCO2-Laser steht uns der GENIUS (Mikroneedling mit Radiofrequenz) zur Verf\u00fcgung, mit dem wir die Hautstruktur tiefgehend verbessern k\u00f6nnen. Dar\u00fcber hinaus setzen wir neu den neuen LaserMD Ultra (Thulium Laser) zur Hautauffrischung bei Jung und Alt ein. Bei diesem innovativen Laserverfahren k\u00f6nnen wir sogenannte Cosmeceuticals wie Vitamin C oder Retinol in tiefere Hautschichten einbringen, wodurch Ihre Haut erstrahlt.<\/p>\n<p><strong>Haupteinsatzgebiete unserer Laser sind:<\/strong><\/p>\n<ul>\n<li>Faltenbehandlung, Hautstraffung, Hautverj\u00fcngung<\/li>\n<li>Sonnenflecken, Pigmentierungen<\/li>\n<li>\u00c4derchen, Blutschw\u00e4mmchen, Couperose, Rosacea<\/li>\n<li>Abstehende Hautver\u00e4nderungen<\/li>\n<li>T\u00e4towierungen<\/li>\n<\/ul>\n<p>\u00a0<\/p>\n<p>Welche Behandlungsmethode, eventuell auch in Kombination, f\u00fcr Sie passend ist, ermitteln wir im ersten Beratungsgespr\u00e4ch.<\/p>\n<p><strong><a href=\"https:\/\/www.dermacenter.ch\/onlinetermin\/\">Jetzt Online einen Termin vereinbaren<\/a><\/strong><\/p>\n<h2>Schritte zu weniger Falten<\/h2>\n<ol>\n<li><strong>Beratungsgespr\u00e4ch<\/strong>: Wir gewinnen ein umfassendes Verst\u00e4ndnis Ihres Anliegens und bereiten Ihnen direkt Therapiem\u00f6glichkeiten vor. Nat\u00fcrlich kl\u00e4ren wir Sie \u00fcber die Vor- und Nachteile auf und beantworten alle Ihre Fragen.<\/li>\n<li><strong>Therapiesitzung<\/strong>: Je nach Therapie sind eine oder mehrere Sitzungen n\u00f6tig, \u00dcblich sind 3 Sitzungen im Abstand von ca 4-6 Wochen.<\/li>\n<li><strong>Nachkontrolle<\/strong>: Nach Ablauf ca. 3 Monaten treffen wir uns erneut, um das Gesamtergebnis zu beurteilen.<\/li>\n<li><strong>Neues Ich<\/strong>: Freuen Sie sich wieder jeden Tag \u00fcber den Blick in den Spiegel.<\/li>\n<\/ol>\n<h2>Machen Sie jetzt den ersten Schritt zu Ihrem neuen Ich<\/h2>\n<p>Haben Sie noch weitere Fragen? Kontaktieren Sie uns unverbindlich oder vereinbaren Sie direkt Ihren Beratungstermin.<\/p>\n<a href=\"https:\/\/www.dermacenter.ch\/onlinetermin\/\" target=\"_self\" class=\"button primary\"  >\n    <span>JETZT ONLINE VEREINBAREN<\/span>\n  <\/a>\n\n<\/div><\/div>\n<\/div>\n  <section class=\"section has-mask mask-arrow\" id=\"section_678160757\">\n      <div class=\"bg section-bg fill bg-fill  bg-loaded\" >\n\n        \n        <div class=\"section-bg-overlay absolute fill\"><\/div>\n        \n        \n        \n        \n\t<div class=\"is-border\"\n\t\tstyle=\"border-color:rgb(235, 235, 235);border-width:1px 0px 0px 0px;\">\n\t<\/div>\n\n      <\/div><!-- .section-bg -->\n\n      <div class=\"section-content relative\">\n        \n<div class=\"row\"  id=\"row-207274978\">\n<div class=\"col small-12 large-12\"  ><div class=\"col-inner\"  >\n<h3 class=\"accordion_title\">H\u00e4ufige Fragen zur Faltenbehandlung<\/h3><div class=\"accordion\" rel=\"1\">\n<div class=\"accordion-item\"><a href=\"#\" class=\"accordion-title plain\"><button class=\"toggle\"><i class=\"icon-angle-down\"><\/i><\/button><span>Wie lange dauert eine Therapie? Braucht es mehrere Sitzungen?<\/span><\/a><div class=\"accordion-inner\">\n<p>Eine Sitzung dauert durchschnittlich 30-45 Minuten. Um ein hervorragendes Ergebnis zu erzielen, sind in der Regel mindestens 2 &#8211; 3 Sitzungen im Abstand von ca. 4 Wochen erforderlich.<\/p>\n<\/div><\/div>\n<div class=\"accordion-item\"><a href=\"#\" class=\"accordion-title plain\"><button class=\"toggle\"><i class=\"icon-angle-down\"><\/i><\/button><span>Wie l\u00e4uft eine Behandlung ab?<\/span><\/a><div class=\"accordion-inner\">\n<p>Zun\u00e4chst wird Ihre Haut gereinigt und desinfiziert. Anschliessend wird eine Bet\u00e4ubungscreme aufgetragen, die circa 30 Minuten einwirkt, um die Haut unempfindlicher zu machen.<\/p>\n<\/div><\/div>\n<div class=\"accordion-item\"><a href=\"#\" class=\"accordion-title plain\"><button class=\"toggle\"><i class=\"icon-angle-down\"><\/i><\/button><span>Verursacht die Behandlung Schmerzen?<\/span><\/a><div class=\"accordion-inner\">\n<p>W\u00e4hrend der Lasertherapie wird Ihre Haut mit einem speziellen Ger\u00e4t gek\u00fchlt, was die Behandlung besonders angenehm gestaltet. Unsere hochmodernen Lasersysteme und erfahrenen medizinischen Fachkr\u00e4fte garantieren Ihnen eine pr\u00e4zise und sorgf\u00e4ltige Behandlung.<\/p>\n<\/div><\/div>\n<div class=\"accordion-item\"><a href=\"#\" class=\"accordion-title plain\"><button class=\"toggle\"><i class=\"icon-angle-down\"><\/i><\/button><span>Muss ich mich danach krankschreiben lassen?<\/span><\/a><div class=\"accordion-inner\">\n<p>Nach der Behandlung ist die Haut ger\u00f6tet und am n\u00e4chsten Tag m\u00f6glicherweise etwas geschwollen. Dank der punktuellen, schonenden Vorgehensweise heilt die Haut rasch, meist innerhalb von drei Tagen. Am Tag nach der Behandlung kann bereits ein geeignetes Make-up aufgetragen werden.<br \/>\nIn der Regel m\u00fcssen Sie nicht vom Arbeitsplatz fernbleiben. Eine Krankschreibung ist nicht erforderlich und auch nicht statthaft, da es sich um einen kosmetischen Eingriff handelt.<\/p>\n<\/div><\/div>\n<div class=\"accordion-item\"><a href=\"#\" class=\"accordion-title plain\"><button class=\"toggle\"><i class=\"icon-angle-down\"><\/i><\/button><span>Wie lange dauert es, bis die Wirkung eintritt?<\/span><\/a><div class=\"accordion-inner\">\n<p>Es kann 3 Monate oder l\u00e4nger dauern, bis die volle Wirkung der Lasertherapie eintritt, da die Behandlung die Bildung von straffendem Kollagengewebe anregt.<\/p>\n<\/div><\/div>\n<div class=\"accordion-item\"><a href=\"#\" class=\"accordion-title plain\"><button class=\"toggle\"><i class=\"icon-angle-down\"><\/i><\/button><span>Muss ich die Behandlung immer wiederholen?<\/span><\/a><div class=\"accordion-inner\">\n<p>Nach Abschluss der ca. 3 Lasersitzungen beobachten wir zun\u00e4chst den Heilungsverlauf und den Effekt. Bei Bedarf k\u00f6nnen sp\u00e4ter Auffrischungsbehandlungen durchgef\u00fchrt werden, dies wird individuell entschieden.<\/p>\n<\/div><\/div>\n<\/div>\n<\/div><\/div>\n<\/div>\n      <\/div><!-- .section-content -->\n\n      \n<style scope=\"scope\">\n\n#section_678160757 {\n  padding-top: 59px;\n  padding-bottom: 59px;\n  min-height: 300px;\n}\n#section_678160757 .section-bg-overlay {\n  background-color: rgba(255, 255, 255, 0.5);\n}\n<\/style>\n  <\/section>\n  \n  <section class=\"section\" id=\"section_320807206\">\n      <div class=\"bg section-bg fill bg-fill  bg-loaded\" >\n\n        \n        \n        \n        \n        \n        \n\t<div class=\"is-border\"\n\t\tstyle=\"border-color:rgb(235, 235, 235);border-width:1px 0px 0px 0px;\">\n\t<\/div>\n\n      <\/div><!-- .section-bg -->\n\n      <div class=\"section-content relative\">\n        \n<div class=\"row\"  id=\"row-1218603810\">\n<div class=\"col small-12 large-12\"  ><div class=\"col-inner\"  >\n<h2 class=\"uppercase\"><a id=\"termin\"><\/a><span style=\"color: #777777;\">JETZT TERMIN VEREINBAREN<\/span><\/h2>\n<p><span style=\"color: #777777;\">Unsere SpezialistInnen helfen Ihnen im pers\u00f6nlichen Gespr\u00e4ch gerne weiter. Geben Sie uns im Formular gerne Ihre Anliegen oder Bemerkungen an. Ihre Daten werden streng vertraulich behandelt.<\/span><\/p>\n<\/div><\/div>\n<\/div>\n<div class=\"row\"  id=\"row-180848896\">\n<div class=\"col medium-6 small-12 large-6\"  ><div class=\"col-inner\"  >\n<div role=\"form\" class=\"wpcf7\" id=\"wpcf7-f11901-o1\" lang=\"de-DE\" dir=\"ltr\">\n<div class=\"screen-reader-response\"><p role=\"status\" aria-live=\"polite\" aria-atomic=\"true\"><\/p> <ul><\/ul><\/div>\n<form action=\"\/index.php?rest_route=%2Fwp%2Fv2%2Fpages%2F14597#wpcf7-f11901-o1\" method=\"post\" class=\"wpcf7-form init\" novalidate=\"novalidate\" data-status=\"init\">\n<div style=\"display: none;\">\n<input type=\"hidden\" name=\"_wpcf7\" value=\"11901\" \/>\n<input type=\"hidden\" name=\"_wpcf7_version\" value=\"5.4\" \/>\n<input type=\"hidden\" name=\"_wpcf7_locale\" value=\"de_DE\" \/>\n<input type=\"hidden\" name=\"_wpcf7_unit_tag\" value=\"wpcf7-f11901-o1\" \/>\n<input type=\"hidden\" name=\"_wpcf7_container_post\" value=\"0\" \/>\n<input type=\"hidden\" name=\"_wpcf7_posted_data_hash\" value=\"\" \/>\n<input type=\"hidden\" name=\"_wpcf7cf_hidden_group_fields\" value=\"[]\" \/>\n<input type=\"hidden\" name=\"_wpcf7cf_hidden_groups\" value=\"[]\" \/>\n<input type=\"hidden\" name=\"_wpcf7cf_visible_groups\" value=\"[]\" \/>\n<input type=\"hidden\" name=\"_wpcf7cf_repeaters\" value=\"[]\" \/>\n<input type=\"hidden\" name=\"_wpcf7cf_steps\" value=\"{}\" \/>\n<input type=\"hidden\" name=\"_wpcf7cf_options\" value=\"{&quot;form_id&quot;:11901,&quot;conditions&quot;:[{&quot;then_field&quot;:&quot;Geburtsdatum&quot;,&quot;and_rules&quot;:[{&quot;if_field&quot;:&quot;menu-946&quot;,&quot;operator&quot;:&quot;equals&quot;,&quot;if_value&quot;:&quot;Ja&quot;}]}],&quot;settings&quot;:{&quot;animation&quot;:&quot;yes&quot;,&quot;animation_intime&quot;:200,&quot;animation_outtime&quot;:200,&quot;conditions_ui&quot;:&quot;normal&quot;,&quot;notice_dismissed&quot;:false,&quot;notice_dismissed_update-cf7-5.4.1&quot;:true,&quot;notice_dismissed_update-cf7-5.6.3&quot;:true,&quot;notice_dismissed_update-cf7-5.7.5.1&quot;:true}}\" \/>\n<\/div>\n<p><label> Sind Sie bestehender Patient?<br \/>\n<span class=\"wpcf7-form-control-wrap menu-946\"><select name=\"menu-946\" class=\"wpcf7-form-control wpcf7-select wpcf7-validates-as-required\" aria-required=\"true\" aria-invalid=\"false\"><option value=\"Nein\">Nein<\/option><option value=\"Ja\">Ja<\/option><\/select><\/span><br \/>\n<\/label><br \/>\n<label> Ihr Name (*)<br \/>\n    <span class=\"wpcf7-form-control-wrap your-name\"><input type=\"text\" name=\"your-name\" value=\"\" size=\"40\" class=\"wpcf7-form-control wpcf7-text wpcf7-validates-as-required\" aria-required=\"true\" aria-invalid=\"false\" \/><\/span> <\/label><\/p>\n<p><label> Ihre E-Mail-Adresse (*)<br \/>\n    <span class=\"wpcf7-form-control-wrap your-email\"><input type=\"email\" name=\"your-email\" value=\"\" size=\"40\" class=\"wpcf7-form-control wpcf7-text wpcf7-email wpcf7-validates-as-required wpcf7-validates-as-email\" aria-required=\"true\" aria-invalid=\"false\" \/><\/span> <\/label><\/p>\n<div data-id=\"Geburtsdatum\" data-orig_data_id=\"Geburtsdatum\"  class=\"\" data-class=\"wpcf7cf_group\"><label>Ihr Geburtsdatum (bei bestehenden Patienten)<br \/>\n<span class=\"wpcf7-form-control-wrap Geburtsdatum\"><input type=\"date\" name=\"Geburtsdatum\" value=\"\" class=\"wpcf7-form-control wpcf7-date wpcf7-validates-as-required wpcf7-validates-as-date\" aria-required=\"true\" aria-invalid=\"false\" \/><\/span><\/label><\/div>\n<p><label> Betreff<br \/>\n    <span class=\"wpcf7-form-control-wrap your-subject\"><input type=\"text\" name=\"your-subject\" value=\"\" size=\"40\" class=\"wpcf7-form-control wpcf7-text\" aria-invalid=\"false\" \/><\/span> <\/label><\/p>\n<p><label> Ihre Nachricht<br \/>\n    <span class=\"wpcf7-form-control-wrap your-message\"><textarea name=\"your-message\" cols=\"40\" rows=\"10\" class=\"wpcf7-form-control wpcf7-textarea\" aria-invalid=\"false\"><\/textarea><\/span> <\/label><br \/>\n<span id=\"wpcf7-69f467a5859ff-wrapper\" class=\"wpcf7-form-control-wrap honey-wrap\" style=\"display:none !important; visibility:hidden !important;\"><label for=\"wpcf7-69f467a5859ff-field\" class=\"hp-message\">Bitte lasse dieses Feld leer.<\/label><input id=\"wpcf7-69f467a5859ff-field\"  class=\"wpcf7-form-control wpcf7-text\" type=\"text\" name=\"honey\" value=\"\" size=\"40\" tabindex=\"-1\" autocomplete=\"new-password\" \/><\/span><\/p>\n<p><input type=\"submit\" value=\"Senden\" class=\"wpcf7-form-control wpcf7-submit\" \/><\/p>\n<p>* Pflichtfelder<\/p>\n<div class=\"wpcf7-response-output\" aria-hidden=\"true\"><\/div><\/form><\/div>\n<\/div><\/div>\n<div class=\"col medium-6 small-12 large-6\"  ><div class=\"col-inner\"  >\n<h2>Jetzt Online Termin vereinbaren<\/h2>\n<p>Terminvereinbarung Kosmetik<br \/><a href=\"tel:0041418508788\">+41 41 850 87 88<\/a><\/p>\n<p>Falls Sie uns nicht erreichen, sind wir gerade in Behandlung. Wir rufen Sie zur\u00fcck.<\/p>\n<p><strong>E-Mail <\/strong><a href=\"mailto:laser@dermacenter.ch\">laser@dermacenter.ch<\/a><\/p>\n<a href=\"https:\/\/www.dermacenter.ch\/onlinetermin\/\" target=\"_self\" class=\"button success\"  >\n  <i class=\"icon-plus\" ><\/i>  <span>ONLINE TERMIN BUCHEN<\/span>\n  <\/a>\n\n<\/div><\/div>\n<\/div>\n      <\/div><!-- .section-content -->\n\n      \n<style scope=\"scope\">\n\n#section_320807206 {\n  padding-top: 60px;\n  padding-bottom: 60px;\n  min-height: 300px;\n  background-color: #FFD194;\n}\n<\/style>\n  <\/section>\n  \n","protected":false},"excerpt":{"rendered":"","protected":false},"author":1,"featured_media":0,"parent":10467,"menu_order":0,"comment_status":"closed","ping_status":"closed","template":"page-blank.php","meta":[],"yoast_head":"<!-- This site is optimized with the Yoast SEO plugin v15.5 - https:\/\/yoast.com\/wordpress\/plugins\/seo\/ -->\n<title>Faltenbehandlung per Laser - Dermacenter AG<\/title>\n<meta name=\"robots\" content=\"index, follow, max-snippet:-1, max-image-preview:large, max-video-preview:-1\" \/>\n<link rel=\"canonical\" href=\"https:\/\/www.dermacenter.ch\/?page_id=14597\" \/>\n<meta property=\"og:locale\" content=\"de_DE\" \/>\n<meta property=\"og:type\" content=\"article\" \/>\n<meta property=\"og:title\" content=\"Faltenbehandlung per Laser - Dermacenter AG\" \/>\n<meta property=\"og:url\" content=\"https:\/\/www.dermacenter.ch\/?page_id=14597\" \/>\n<meta property=\"og:site_name\" content=\"Dermacenter AG\" \/>\n<meta property=\"article:modified_time\" content=\"2024-12-13T10:31:47+00:00\" \/>\n<meta name=\"twitter:card\" content=\"summary_large_image\" \/>\n<meta name=\"twitter:label1\" content=\"Gesch\u00e4tzte Lesezeit\">\n\t<meta name=\"twitter:data1\" content=\"4\u00a0Minuten\">\n<script type=\"application\/ld+json\" class=\"yoast-schema-graph\">{\"@context\":\"https:\/\/schema.org\",\"@graph\":[{\"@type\":\"WebSite\",\"@id\":\"https:\/\/www.dermacenter.ch\/#website\",\"url\":\"https:\/\/www.dermacenter.ch\/\",\"name\":\"Dermacenter AG\",\"description\":\"\",\"potentialAction\":[{\"@type\":\"SearchAction\",\"target\":\"https:\/\/www.dermacenter.ch\/?s={search_term_string}\",\"query-input\":\"required name=search_term_string\"}],\"inLanguage\":\"de\"},{\"@type\":\"WebPage\",\"@id\":\"https:\/\/www.dermacenter.ch\/?page_id=14597#webpage\",\"url\":\"https:\/\/www.dermacenter.ch\/?page_id=14597\",\"name\":\"Faltenbehandlung per Laser - Dermacenter AG\",\"isPartOf\":{\"@id\":\"https:\/\/www.dermacenter.ch\/#website\"},\"datePublished\":\"2024-12-09T15:42:26+00:00\",\"dateModified\":\"2024-12-13T10:31:47+00:00\",\"inLanguage\":\"de\",\"potentialAction\":[{\"@type\":\"ReadAction\",\"target\":[\"https:\/\/www.dermacenter.ch\/?page_id=14597\"]}]}]}<\/script>\n<!-- \/ Yoast SEO plugin. -->","_links":{"self":[{"href":"https:\/\/www.dermacenter.ch\/index.php?rest_route=\/wp\/v2\/pages\/14597"}],"collection":[{"href":"https:\/\/www.dermacenter.ch\/index.php?rest_route=\/wp\/v2\/pages"}],"about":[{"href":"https:\/\/www.dermacenter.ch\/index.php?rest_route=\/wp\/v2\/types\/page"}],"author":[{"embeddable":true,"href":"https:\/\/www.dermacenter.ch\/index.php?rest_route=\/wp\/v2\/users\/1"}],"replies":[{"embeddable":true,"href":"https:\/\/www.dermacenter.ch\/index.php?rest_route=%2Fwp%2Fv2%2Fcomments&post=14597"}],"version-history":[{"count":16,"href":"https:\/\/www.dermacenter.ch\/index.php?rest_route=\/wp\/v2\/pages\/14597\/revisions"}],"predecessor-version":[{"id":14622,"href":"https:\/\/www.dermacenter.ch\/index.php?rest_route=\/wp\/v2\/pages\/14597\/revisions\/14622"}],"up":[{"embeddable":true,"href":"https:\/\/www.dermacenter.ch\/index.php?rest_route=\/wp\/v2\/pages\/10467"}],"wp:attachment":[{"href":"https:\/\/www.dermacenter.ch\/index.php?rest_route=%2Fwp%2Fv2%2Fmedia&parent=14597"}],"curies":[{"name":"wp","href":"https:\/\/api.w.org\/{rel}","templated":true}]}}