{"id":12123,"date":"2021-06-18T10:28:31","date_gmt":"2021-06-18T08:28:31","guid":{"rendered":"https:\/\/www.dermacenter.ch\/?page_id=12123"},"modified":"2026-02-02T16:22:35","modified_gmt":"2026-02-02T15:22:35","slug":"behandlung-von-narben","status":"publish","type":"page","link":"https:\/\/www.dermacenter.ch\/?page_id=12123","title":{"rendered":"Narben"},"content":{"rendered":"  <section class=\"section\" id=\"section_1746673430\">\n      <div class=\"bg section-bg fill bg-fill  \" >\n\n        \n        \n        \n        \n        \n        \n\t<div class=\"is-border\"\n\t\tstyle=\"border-color:rgb(235, 235, 235);border-width:1px 0px 0px 0px;\">\n\t<\/div>\n\n      <\/div><!-- .section-bg -->\n\n      <div class=\"section-content relative\">\n        \n      <\/div><!-- .section-content -->\n\n      \n<style scope=\"scope\">\n\n#section_1746673430 {\n  padding-top: 60px;\n  padding-bottom: 60px;\n  min-height: 379px;\n  background-color: rgb(245, 245, 245);\n}\n#section_1746673430 .section-bg.bg-loaded {\n  background-image: url(https:\/\/www.dermacenter.ch\/wp-content\/uploads\/2020\/12\/Narben-Gesicht-Akne-1.jpg);\n}\n#section_1746673430 .section-bg {\n  background-position: 0% 37%;\n}\n<\/style>\n  <\/section>\n  \n<div class=\"row\"  id=\"row-1170926905\">\n<div class=\"col small-12 large-12\"  ><div class=\"col-inner\"  >\n<h1><strong>NARBEN<\/strong><\/h1>\n<p>K\u00f6nnen <strong>Narben<\/strong> einfach weggezaubert werden? Wenn wir die Frage ehrlich beantworten, lautet die Antwort: Nein. Ist erstmal eine Narbe entstanden, kann diese nicht so ohne weiteres ausgel\u00f6scht werden, auch nicht mit dem <strong>Laser<\/strong>. Zun\u00e4chst einmal gilt das Sprichwort: Besser vorbeugen als heilen. Daher versuchen wir bei unseren zahlreichen operativ dermatologischen Eingriffen, z.B. zur Entfernung eines Hautkrebses, mit speziellen Nahttechniken nach plastisch-chirurgischen Prinzipien und individueller Nachbehandlung, eine m\u00f6glichst feine Narbe herzustellen. Auch <strong>Aknenarben<\/strong> kann man vorbeugen, indem man fr\u00fchzeitig eine \u00e4usserliche und wenn n\u00f6tig auch innerliche Behandlung einleitet. Nat\u00fcrlich k\u00f6nnen auch auf andere Weise Narben auftreten, welche sich nicht vermeiden lassen, z.B. durch Unf\u00e4lle.<\/p>\n<p>Wir bieten Ihnen im Dermacenter einige Methoden, um Ihre Narben zu verfeinern. Je nach Auspr\u00e4gung der Narbe kommen daf\u00fcr medizinische Narbentherapien, u.a. mit fl\u00fcssigem Stickstoff sowie mit Injektionen oder auch kosmetische Behandlungen wie Microneedling und unsere <strong>fraktionierten Lasersysteme<\/strong> zur Anwendung. Gl\u00fccklicherweise k\u00f6nnen wir in den allermeisten F\u00e4llen ein kosmetisch deutlich besseres Ergebnis erzielen und unsere Patienten zufriedenstellen.<\/p>\n<\/div><\/div>\n<\/div>\n  <section class=\"section dark has-mask mask-arrow\" id=\"section_1100542231\">\n      <div class=\"bg section-bg fill bg-fill  bg-loaded\" >\n\n        \n        <div class=\"section-bg-overlay absolute fill\"><\/div>\n        \n        \n        \n        \n\t<div class=\"is-border\"\n\t\tstyle=\"border-color:rgb(235, 235, 235);border-width:1px 0px 0px 0px;\">\n\t<\/div>\n\n      <\/div><!-- .section-bg -->\n\n      <div class=\"section-content relative\">\n        \n<div class=\"row\"  id=\"row-1393837264\">\n<div class=\"col small-12 large-12\"  ><div class=\"col-inner\"  >\n<h2><span style=\"color: #333333;\">Innovationen im Dermacenter<\/span><\/h2>\n<p><span style=\"color: #333333;\">Zur Gl\u00e4ttung und Straffung Ihrer Haut k\u00f6nnen wir Ihnen als eine der ersten dermatologischen Praxen in der Schweiz zwei neuartige, hochwirksame und dennoch schonende Behandlungen anbieten.<\/span><\/p>\n<\/div><\/div>\n<div class=\"col medium-4 small-12 large-4\"  ><div class=\"col-inner\"  >\n    <div class=\"img has-hover x md-x lg-x y md-y lg-y\" id=\"image_1395885549\">\n                <div class=\"img-inner dark\" >\n        <img width=\"768\" height=\"1024\" src=\"https:\/\/www.dermacenter.ch\/wp-content\/uploads\/2022\/10\/IMG_2679-768x1024.jpg\" class=\"attachment-large size-large\" alt=\"\" loading=\"lazy\" srcset=\"https:\/\/www.dermacenter.ch\/wp-content\/uploads\/2022\/10\/IMG_2679-768x1024.jpg 768w, https:\/\/www.dermacenter.ch\/wp-content\/uploads\/2022\/10\/IMG_2679-225x300.jpg 225w, https:\/\/www.dermacenter.ch\/wp-content\/uploads\/2022\/10\/IMG_2679-1152x1536.jpg 1152w, https:\/\/www.dermacenter.ch\/wp-content\/uploads\/2022\/10\/IMG_2679-1536x2048.jpg 1536w, https:\/\/www.dermacenter.ch\/wp-content\/uploads\/2022\/10\/IMG_2679-600x800.jpg 600w, https:\/\/www.dermacenter.ch\/wp-content\/uploads\/2022\/10\/IMG_2679-45x60.jpg 45w, https:\/\/www.dermacenter.ch\/wp-content\/uploads\/2022\/10\/IMG_2679-68x90.jpg 68w, https:\/\/www.dermacenter.ch\/wp-content\/uploads\/2022\/10\/IMG_2679-scaled.jpg 1920w\" sizes=\"(max-width: 768px) 100vw, 768px\" \/>                \n            <\/div>\n                   \n<style scope=\"scope\">\n\n<\/style>\n    <\/div>\n    \n<\/div><\/div>\n<div class=\"col medium-8 small-12 large-8\"  ><div class=\"col-inner\"  >\n<h3><span style=\"color: #333333;\">GENIUS\u00ae<\/span><\/h3>\n<p><span style=\"color: #333333;\">Das innovative GENIUS\u00ae-System ist das Ergebnis jahrelanger Forschung und verbindet Microneedling mit intelligenter Radiofrequenz. Ohne nennenswerte Ausfallzeit erreichen wir auf schonende Weise herausragende Behandlungsergebnisse bei Hautverj\u00fcngung und Gl\u00e4ttung z. B. bei Aknenarben.<\/span><\/p>\n<p><span style=\"color: #333333;\">Die GENIUS\u00ae-Behandlung bewirkt einen nat\u00fcrlichen Neuaufbau Ihres k\u00f6rpereigenen Kollagens. Dadurch wird Ihre Haut straffer und erh\u00e4lt so ein leichtes Lifting.<\/span><\/p>\n<\/div><\/div>\n<div class=\"col medium-8 small-12 large-8\"  ><div class=\"col-inner\"  >\n<h3><span style=\"color: #333333;\">eCO2\u2122 Laser<\/span><\/h3>\n<p><span style=\"color: #333333;\">Mit dem neuesten fraktionierten eCO2\u2122 Laser kann eine schonende Hauterneuerung erreicht werden. Aufgrund innovativer Technologie bietet der eCO2\u2122 Laser erh\u00f6hte Sicherheit und einen schnelleren Heilungsprozess. Nun k\u00f6nnen wir Ihre Falten, Narben, Pigmentunregelm\u00e4ssigkeiten und andere, st\u00f6rende Hautver\u00e4nderungen noch rascher und unkomplizierter behandeln. Der moderne eCO2\u2122 Laser wird auch immer mehr im medizinischen Bereich eingesetzt, zum Beispiel als Vorbehandlung vor einer so genannten fotodynamischen Therapie, gegen Sonnensch\u00e4den. In jedem Falle verhilft der f\u00fchrende eCO2\u2122 Laser Ihrer Haut zu einem glatten, gesunden Aussehen.<\/span><\/p>\n<\/div><\/div>\n<div class=\"col medium-4 small-12 large-4\"  ><div class=\"col-inner\"  >\n    <div class=\"img has-hover x md-x lg-x y md-y lg-y\" id=\"image_1486848975\">\n                <div class=\"img-inner dark\" >\n        <img width=\"1020\" height=\"765\" src=\"https:\/\/www.dermacenter.ch\/wp-content\/uploads\/2022\/10\/IMG_2269-1024x768.jpg\" class=\"attachment-large size-large\" alt=\"\" loading=\"lazy\" srcset=\"https:\/\/www.dermacenter.ch\/wp-content\/uploads\/2022\/10\/IMG_2269-1024x768.jpg 1024w, https:\/\/www.dermacenter.ch\/wp-content\/uploads\/2022\/10\/IMG_2269-300x225.jpg 300w, https:\/\/www.dermacenter.ch\/wp-content\/uploads\/2022\/10\/IMG_2269-768x576.jpg 768w, https:\/\/www.dermacenter.ch\/wp-content\/uploads\/2022\/10\/IMG_2269-1536x1152.jpg 1536w, https:\/\/www.dermacenter.ch\/wp-content\/uploads\/2022\/10\/IMG_2269-2048x1536.jpg 2048w, https:\/\/www.dermacenter.ch\/wp-content\/uploads\/2022\/10\/IMG_2269-600x450.jpg 600w, https:\/\/www.dermacenter.ch\/wp-content\/uploads\/2022\/10\/IMG_2269-80x60.jpg 80w, https:\/\/www.dermacenter.ch\/wp-content\/uploads\/2022\/10\/IMG_2269-120x90.jpg 120w\" sizes=\"(max-width: 1020px) 100vw, 1020px\" \/>                \n            <\/div>\n                   \n<style scope=\"scope\">\n\n<\/style>\n    <\/div>\n    \n<\/div><\/div>\n<\/div>\n      <\/div><!-- .section-content -->\n\n      \n<style scope=\"scope\">\n\n#section_1100542231 {\n  padding-top: 59px;\n  padding-bottom: 59px;\n  min-height: 300px;\n  background-color: rgba(255, 255, 255, 0.37);\n}\n#section_1100542231 .section-bg-overlay {\n  background-color: rgba(0, 0, 0, 0.05);\n}\n<\/style>\n  <\/section>\n  \n  <section class=\"section\" id=\"section_1726283976\">\n      <div class=\"bg section-bg fill bg-fill  bg-loaded\" >\n\n        \n        \n        \n        \n        \n        \n\t<div class=\"is-border\"\n\t\tstyle=\"border-color:rgb(235, 235, 235);border-width:1px 0px 0px 0px;\">\n\t<\/div>\n\n      <\/div><!-- .section-bg -->\n\n      <div class=\"section-content relative\">\n        \n<div class=\"row\"  id=\"row-625298801\">\n<div class=\"col medium-6 small-12 large-6\"  ><div class=\"col-inner\"  >\n<h2><span style=\"color: #777777;\">KEY FACTS<\/span><\/h2>\n<table style=\"border-collapse: collapse; width: 100%; height: 72px;\">\n<tbody>\n<tr style=\"border-style: hidden;\">\n<td style=\"width: 29.7583%; height: 21px;\"><span style=\"color: #777777;\">Preis pro Sitzung:<\/span><\/td>\n<td style=\"width: 70.2418%; height: 21px;\"><span style=\"color: #777777;\">ab CHF 400<\/span><\/td>\n<\/tr>\n<tr style=\"border-style: hidden;\">\n<td style=\"width: 29.7583%; height: 10px;\"><span style=\"color: #777777;\">Wiederholung:<\/span><\/td>\n<td style=\"width: 70.2418%; height: 10px;\"><span style=\"color: #777777;\">2 &#8211; 4 Sitzungen<\/span><\/td>\n<\/tr>\n<tr style=\"border-style: hidden;\">\n<td style=\"width: 29.7583%; height: 10px;\"><span style=\"color: #777777;\">Behandlungsdauer:<\/span><\/td>\n<td style=\"width: 70.2418%; height: 10px;\"><span style=\"color: #777777;\">ca. 30 Minuten<\/span><\/td>\n<\/tr>\n<tr style=\"border-style: hidden;\">\n<td style=\"width: 29.7583%; height: 10px;\"><span style=\"color: #777777;\">Verheildauer:<\/span><\/td>\n<td style=\"width: 70.2418%; height: 10px;\"><span style=\"color: #777777;\">Keinerlei Wunden, sofort wieder gesellschaftsf\u00e4hig<\/span><\/td>\n<\/tr>\n<tr style=\"border-style: hidden;\">\n<td style=\"width: 29.7583%; height: 21px;\"><span style=\"color: #777777;\">Dauer ohne Sport:<\/span><\/td>\n<td style=\"width: 70.2418%; height: 21px;\"><span style=\"color: #777777;\">1 Tag<br \/><\/span><\/td>\n<\/tr>\n<\/tbody>\n<\/table>\n<\/div><\/div>\n<div class=\"col medium-6 small-12 large-6\"  ><div class=\"col-inner\"  >\n<h2 class=\"uppercase\"><a id=\"termin\"><\/a><span style=\"color: #777777;\">JETZT TERMIN VEREINBAREN<\/span><\/h2>\n<p>Unsere SpezialistInnen helfen Ihnen im pers\u00f6nlichen Gespr\u00e4ch gerne weiter. Geben Sie uns im Formular gerne Ihre Anliegen oder Bemerkungen an. Ihre Daten werden streng vertraulich behandelt.<\/p>\n<div role=\"form\" class=\"wpcf7\" id=\"wpcf7-f11901-o1\" lang=\"de-DE\" dir=\"ltr\">\n<div class=\"screen-reader-response\"><p role=\"status\" aria-live=\"polite\" aria-atomic=\"true\"><\/p> <ul><\/ul><\/div>\n<form action=\"\/index.php?rest_route=%2Fwp%2Fv2%2Fpages%2F12123#wpcf7-f11901-o1\" method=\"post\" class=\"wpcf7-form init\" novalidate=\"novalidate\" data-status=\"init\">\n<div style=\"display: none;\">\n<input type=\"hidden\" name=\"_wpcf7\" value=\"11901\" \/>\n<input type=\"hidden\" name=\"_wpcf7_version\" value=\"5.4\" \/>\n<input type=\"hidden\" name=\"_wpcf7_locale\" value=\"de_DE\" \/>\n<input type=\"hidden\" name=\"_wpcf7_unit_tag\" value=\"wpcf7-f11901-o1\" \/>\n<input type=\"hidden\" name=\"_wpcf7_container_post\" value=\"0\" \/>\n<input type=\"hidden\" name=\"_wpcf7_posted_data_hash\" value=\"\" \/>\n<input type=\"hidden\" name=\"_wpcf7cf_hidden_group_fields\" value=\"[]\" \/>\n<input type=\"hidden\" name=\"_wpcf7cf_hidden_groups\" value=\"[]\" \/>\n<input type=\"hidden\" name=\"_wpcf7cf_visible_groups\" value=\"[]\" \/>\n<input type=\"hidden\" name=\"_wpcf7cf_repeaters\" value=\"[]\" \/>\n<input type=\"hidden\" name=\"_wpcf7cf_steps\" value=\"{}\" \/>\n<input type=\"hidden\" name=\"_wpcf7cf_options\" value=\"{&quot;form_id&quot;:11901,&quot;conditions&quot;:[{&quot;then_field&quot;:&quot;Geburtsdatum&quot;,&quot;and_rules&quot;:[{&quot;if_field&quot;:&quot;menu-946&quot;,&quot;operator&quot;:&quot;equals&quot;,&quot;if_value&quot;:&quot;Ja&quot;}]}],&quot;settings&quot;:{&quot;animation&quot;:&quot;yes&quot;,&quot;animation_intime&quot;:200,&quot;animation_outtime&quot;:200,&quot;conditions_ui&quot;:&quot;normal&quot;,&quot;notice_dismissed&quot;:false,&quot;notice_dismissed_update-cf7-5.4.1&quot;:true,&quot;notice_dismissed_update-cf7-5.6.3&quot;:true,&quot;notice_dismissed_update-cf7-5.7.5.1&quot;:true}}\" \/>\n<\/div>\n<p><label> Sind Sie bestehender Patient?<br \/>\n<span class=\"wpcf7-form-control-wrap menu-946\"><select name=\"menu-946\" class=\"wpcf7-form-control wpcf7-select wpcf7-validates-as-required\" aria-required=\"true\" aria-invalid=\"false\"><option value=\"Nein\">Nein<\/option><option value=\"Ja\">Ja<\/option><\/select><\/span><br \/>\n<\/label><br \/>\n<label> Ihr Name (*)<br \/>\n    <span class=\"wpcf7-form-control-wrap your-name\"><input type=\"text\" name=\"your-name\" value=\"\" size=\"40\" class=\"wpcf7-form-control wpcf7-text wpcf7-validates-as-required\" aria-required=\"true\" aria-invalid=\"false\" \/><\/span> <\/label><\/p>\n<p><label> Ihre E-Mail-Adresse (*)<br \/>\n    <span class=\"wpcf7-form-control-wrap your-email\"><input type=\"email\" name=\"your-email\" value=\"\" size=\"40\" class=\"wpcf7-form-control wpcf7-text wpcf7-email wpcf7-validates-as-required wpcf7-validates-as-email\" aria-required=\"true\" aria-invalid=\"false\" \/><\/span> <\/label><\/p>\n<div data-id=\"Geburtsdatum\" data-orig_data_id=\"Geburtsdatum\"  class=\"\" data-class=\"wpcf7cf_group\"><label>Ihr Geburtsdatum (bei bestehenden Patienten)<br \/>\n<span class=\"wpcf7-form-control-wrap Geburtsdatum\"><input type=\"date\" name=\"Geburtsdatum\" value=\"\" class=\"wpcf7-form-control wpcf7-date wpcf7-validates-as-required wpcf7-validates-as-date\" aria-required=\"true\" aria-invalid=\"false\" \/><\/span><\/label><\/div>\n<p><label> Betreff<br \/>\n    <span class=\"wpcf7-form-control-wrap your-subject\"><input type=\"text\" name=\"your-subject\" value=\"\" size=\"40\" class=\"wpcf7-form-control wpcf7-text\" aria-invalid=\"false\" \/><\/span> <\/label><\/p>\n<p><label> Ihre Nachricht<br \/>\n    <span class=\"wpcf7-form-control-wrap your-message\"><textarea name=\"your-message\" cols=\"40\" rows=\"10\" class=\"wpcf7-form-control wpcf7-textarea\" aria-invalid=\"false\"><\/textarea><\/span> <\/label><br \/>\n<span id=\"wpcf7-69f4672b7a751-wrapper\" class=\"wpcf7-form-control-wrap honey-wrap\" style=\"display:none !important; visibility:hidden !important;\"><label for=\"wpcf7-69f4672b7a751-field\" class=\"hp-message\">Bitte lasse dieses Feld leer.<\/label><input id=\"wpcf7-69f4672b7a751-field\"  class=\"wpcf7-form-control wpcf7-text\" type=\"text\" name=\"honey\" value=\"\" size=\"40\" tabindex=\"-1\" autocomplete=\"new-password\" \/><\/span><\/p>\n<p><input type=\"submit\" value=\"Senden\" class=\"wpcf7-form-control wpcf7-submit\" \/><\/p>\n<p>* Pflichtfelder<\/p>\n<div class=\"wpcf7-response-output\" aria-hidden=\"true\"><\/div><\/form><\/div>\n<\/div><\/div>\n<\/div>\n      <\/div><!-- .section-content -->\n\n      \n<style scope=\"scope\">\n\n#section_1726283976 {\n  padding-top: 27px;\n  padding-bottom: 27px;\n  min-height: 300px;\n  background-color: #FFD194;\n}\n<\/style>\n  <\/section>\n  \n","protected":false},"excerpt":{"rendered":"","protected":false},"author":1,"featured_media":0,"parent":10467,"menu_order":0,"comment_status":"closed","ping_status":"closed","template":"page-blank.php","meta":[],"yoast_head":"<!-- This site is optimized with the Yoast SEO plugin v15.5 - https:\/\/yoast.com\/wordpress\/plugins\/seo\/ -->\n<title>Narben - Dermacenter AG<\/title>\n<meta name=\"robots\" content=\"index, follow, max-snippet:-1, max-image-preview:large, max-video-preview:-1\" \/>\n<link rel=\"canonical\" href=\"https:\/\/www.dermacenter.ch\/?page_id=12123\" \/>\n<meta property=\"og:locale\" content=\"de_DE\" \/>\n<meta property=\"og:type\" content=\"article\" \/>\n<meta property=\"og:title\" content=\"Narben - Dermacenter AG\" \/>\n<meta property=\"og:url\" content=\"https:\/\/www.dermacenter.ch\/?page_id=12123\" \/>\n<meta property=\"og:site_name\" content=\"Dermacenter AG\" \/>\n<meta property=\"article:modified_time\" content=\"2026-02-02T15:22:35+00:00\" \/>\n<meta name=\"twitter:card\" content=\"summary_large_image\" \/>\n<meta name=\"twitter:label1\" content=\"Gesch\u00e4tzte Lesezeit\">\n\t<meta name=\"twitter:data1\" content=\"2\u00a0Minuten\">\n<script type=\"application\/ld+json\" class=\"yoast-schema-graph\">{\"@context\":\"https:\/\/schema.org\",\"@graph\":[{\"@type\":\"WebSite\",\"@id\":\"https:\/\/www.dermacenter.ch\/#website\",\"url\":\"https:\/\/www.dermacenter.ch\/\",\"name\":\"Dermacenter AG\",\"description\":\"\",\"potentialAction\":[{\"@type\":\"SearchAction\",\"target\":\"https:\/\/www.dermacenter.ch\/?s={search_term_string}\",\"query-input\":\"required name=search_term_string\"}],\"inLanguage\":\"de\"},{\"@type\":\"WebPage\",\"@id\":\"https:\/\/www.dermacenter.ch\/?page_id=12123#webpage\",\"url\":\"https:\/\/www.dermacenter.ch\/?page_id=12123\",\"name\":\"Narben - Dermacenter AG\",\"isPartOf\":{\"@id\":\"https:\/\/www.dermacenter.ch\/#website\"},\"datePublished\":\"2021-06-18T08:28:31+00:00\",\"dateModified\":\"2026-02-02T15:22:35+00:00\",\"inLanguage\":\"de\",\"potentialAction\":[{\"@type\":\"ReadAction\",\"target\":[\"https:\/\/www.dermacenter.ch\/?page_id=12123\"]}]}]}<\/script>\n<!-- \/ Yoast SEO plugin. -->","_links":{"self":[{"href":"https:\/\/www.dermacenter.ch\/index.php?rest_route=\/wp\/v2\/pages\/12123"}],"collection":[{"href":"https:\/\/www.dermacenter.ch\/index.php?rest_route=\/wp\/v2\/pages"}],"about":[{"href":"https:\/\/www.dermacenter.ch\/index.php?rest_route=\/wp\/v2\/types\/page"}],"author":[{"embeddable":true,"href":"https:\/\/www.dermacenter.ch\/index.php?rest_route=\/wp\/v2\/users\/1"}],"replies":[{"embeddable":true,"href":"https:\/\/www.dermacenter.ch\/index.php?rest_route=%2Fwp%2Fv2%2Fcomments&post=12123"}],"version-history":[{"count":6,"href":"https:\/\/www.dermacenter.ch\/index.php?rest_route=\/wp\/v2\/pages\/12123\/revisions"}],"predecessor-version":[{"id":15209,"href":"https:\/\/www.dermacenter.ch\/index.php?rest_route=\/wp\/v2\/pages\/12123\/revisions\/15209"}],"up":[{"embeddable":true,"href":"https:\/\/www.dermacenter.ch\/index.php?rest_route=\/wp\/v2\/pages\/10467"}],"wp:attachment":[{"href":"https:\/\/www.dermacenter.ch\/index.php?rest_route=%2Fwp%2Fv2%2Fmedia&parent=12123"}],"curies":[{"name":"wp","href":"https:\/\/api.w.org\/{rel}","templated":true}]}}