{"id":12100,"date":"2021-06-18T09:51:36","date_gmt":"2021-06-18T07:51:36","guid":{"rendered":"https:\/\/www.dermacenter.ch\/?page_id=12100"},"modified":"2021-06-21T23:49:05","modified_gmt":"2021-06-21T21:49:05","slug":"boesartige-hauttumore","status":"publish","type":"page","link":"https:\/\/www.dermacenter.ch\/?page_id=12100","title":{"rendered":"B\u00f6sartige Hautver\u00e4nderungen"},"content":{"rendered":"  <section class=\"section\" id=\"section_293511280\">\n      <div class=\"bg section-bg fill bg-fill  \" >\n\n        \n        \n        \n        \n        \n        \n\t<div class=\"is-border\"\n\t\tstyle=\"border-color:rgb(235, 235, 235);border-width:1px 0px 0px 0px;\">\n\t<\/div>\n\n      <\/div><!-- .section-bg -->\n\n      <div class=\"section-content relative\">\n        \n      <\/div><!-- .section-content -->\n\n      \n<style scope=\"scope\">\n\n#section_293511280 {\n  padding-top: 60px;\n  padding-bottom: 60px;\n  min-height: 379px;\n  background-color: rgb(245, 245, 245);\n}\n#section_293511280 .section-bg.bg-loaded {\n  background-image: url(https:\/\/www.dermacenter.ch\/wp-content\/uploads\/2020\/12\/shutterstock_1407175277-scaled.jpg);\n}\n#section_293511280 .section-bg {\n  background-position: 97% 35%;\n}\n<\/style>\n  <\/section>\n  \n<div class=\"row\"  id=\"row-2029100888\">\n<div class=\"col small-12 large-12\"  ><div class=\"col-inner\"  >\n<h1><strong>B\u00d6SARTIGE HAUTVER\u00c4NDERUNGEN<\/strong><\/h1>\n<p><strong>Hautkrebs<\/strong> ist der h\u00e4ufigste Krebs \u00fcberhaupt. Am gef\u00e4hrlichsten ist der <strong>schwarze Hautkrebs, das Melanom<\/strong>, weil es Ableger (Metastasen) bilden kann. Mit ca. 2800 Neuerkrankten pro Jahr in der Schweiz z\u00e4hlt das Melanom zur f\u00fcnfth\u00e4ufigsten Krebsart, 330 Menschen sterben daran. Der schwarze Hautkrebs kann \u00fcberall am K\u00f6rper auftreten und betrifft auch nicht selten j\u00fcngere Menschen. \u00dcber \u00bc der Betroffenen sind unter 50 Jahre alt. Ein Melanom entwickelt sich meist langsam \u00fcber Monate oder Jahre und ist in der Regel schmerzlos. Risikofaktoren f\u00fcr Melanom sind: \u00dcberm\u00e4ssige UV-Belastung der Haut durch Sonne oder Solarium, wiederholte Sonnenbr\u00e4nde, insbesondere in Kindheit und Jugend, &gt;100 Muttermale, famili\u00e4re Belastung bez\u00fcglich schwarzem Hautkrebs, fr\u00fchere Hautkrebserkrankungen, heller Hauttyp, geschw\u00e4chtes Immunsystem, z.B. nach Organtransplantation. Bei fr\u00fchzeitiger Erkennung und Behandlung eines Melanoms besteht eine hervorragende Heilungschance. Das Melanom muss einzig operativ entfernt werden, was in der Regel unkompliziert und praktisch schmerzlos in \u00f6rtlicher Bet\u00e4ubung erfolgen kann. Daher sollte der Gang zum Dermatologen rasch erfolgen, falls Sie Pigmentmale entdecken, welche sich nach der <strong>ABCD-Regel<\/strong> ver\u00e4ndert haben:<\/p>\n<p>A:\u00a0\u00a0\u00a0\u00a0\u00a0 <strong>A<\/strong>symmetrie. Das Melanom ist asymmetrisch.<\/p>\n<p>B:\u00a0\u00a0\u00a0\u00a0\u00a0 <strong>B<\/strong>egrenzung. Das Melanom ist unscharf begrenzt.<\/p>\n<p>C:\u00a0\u00a0\u00a0\u00a0\u00a0 <strong>C<\/strong>olor. Das Melanom ist verschiedenfarbig.<\/p>\n<p>D:\u00a0\u00a0\u00a0\u00a0\u00a0 <strong>D<\/strong>ynamik. Das Melanom ver\u00e4ndert sich in Gr\u00f6sse, Farbe, Form.<\/p>\n<p>E:\u00a0\u00a0\u00a0\u00a0\u00a0 H\u00e4ssliches <strong>E<\/strong>ntlein. Das Melanom sieht anders aus als alle anderen.<\/p>\n<p>Wesentlich h\u00e4ufiger wird der weniger bedrohliche <strong>helle Hautkrebs<\/strong> diagnostiziert, n\u00e4mlich bei ca. 25.000 Menschen pro Jahr. Das <strong>Basalzellkarzinom<\/strong> und das <strong>Plattenepithelkarzinom<\/strong> treten typischerweise an sonnenbelichteten Arealen und meist im h\u00f6heren Alter auf, als Folge von <strong>langj\u00e4hriger UV-Exposition<\/strong>. Zunehmend sind auch j\u00fcngere Menschen betroffen. Auch der helle Hautkrebs ist meist schmerzlos, weshalb er oftmals nicht so fr\u00fch vom Patienten versp\u00fcrt wird. Sehr h\u00e4ufig entsteht der helle Hautkrebs im Gesicht, da diese Hautpartie im Laufe des Lebens besonders stark den UV-Strahlen ausgesetzt war. Der helle Hautkrebs tritt meist deutlich verz\u00f6gert, das heisst erst viele Jahre nach intensiver Sonnenbelastung auf, weshalb der Zusammenhang hier nicht immer wahrgenommen wird. Oft kommt es zu einer \u00fcber mehrere Wochen bestehenden, <strong>nicht heilenden Wunde<\/strong>, z.B. an der Nase, die eventuell beim Abtrocknen mit dem Handtuch blutet. Wie beim schwarzen Hautkrebs ist die <strong>Fr\u00fcherkennung<\/strong> entscheidend und f\u00fchrt praktisch immer zur Heilung. Wenn das Plattenepithelkarzinom zu sp\u00e4t erkannt wird, kann es in seltenen F\u00e4llen auch Ableger zun\u00e4chst in den Lymphknoten bilden. Das Basalzellkarzinom w\u00e4chst nur an Ort und Stelle, dort aber ohne Halt vor umliegenden Strukturen. So kann es im Laufe der Zeit unbehandelt Muskeln, Nerven, Knorpel oder Knochen zerst\u00f6ren. Auch der helle Hautkrebs kann, sofern fr\u00fchzeitig erkannt, mit einem kleinen Eingriff in \u00f6rtlicher Bet\u00e4ubung operativ entfernt werden. Zur <strong>Behandlung<\/strong> eines beginnenden hellen Hautkrebses bzw. von Hautkrebsvorstufen stehen uns diverse weitere Therapieoptionen zur Verf\u00fcgung. Wir entscheiden ganz individuell, zusammen mit unseren Patienten, welche Behandlung schlussendlich eingesetzt wird: Vereisung, Behandlung mit spezifischen Cremes oder spezielle Lichttherapie (sogenannte photodynamische Behandlung, PDT).<\/p>\n<p>Seit Januar 2020 gibt es in der Schweiz ein <strong>Gesetz zur Registrierung von Krebserkrankungen<\/strong>. Auch Hautkrebserkrankungen sind meldepflichtig. Diese Informationen dienen der Forschung, damit wir unsere Patienten in Zukunft noch besser betreuen k\u00f6nnen.<\/p>\n<\/div><\/div>\n<\/div>\n  <section class=\"section\" id=\"section_581069204\">\n      <div class=\"bg section-bg fill bg-fill  bg-loaded\" >\n\n        \n        \n        \n        \n        \n        \n\t<div class=\"is-border\"\n\t\tstyle=\"border-color:rgb(235, 235, 235);border-width:1px 0px 0px 0px;\">\n\t<\/div>\n\n      <\/div><!-- .section-bg -->\n\n      <div class=\"section-content relative\">\n        \n<div class=\"row\"  id=\"row-1800432165\">\n<div class=\"col small-12 large-12\"  ><div class=\"col-inner\"  >\n<h2 class=\"uppercase\"><a id=\"termin\"><\/a><span style=\"color: #777777;\">JETZT TERMIN VEREINBAREN<\/span><\/h2>\n<p><span style=\"color: #777777;\">Unsere SpezialistInnen helfen Ihnen im pers\u00f6nlichen Gespr\u00e4ch gerne weiter. Geben Sie uns im Formular gerne Ihre Anliegen oder Bemerkungen an. Ihre Daten werden streng vertraulich behandelt.<\/span><\/p>\n<\/div><\/div>\n<\/div>\n<div class=\"row\"  id=\"row-1870710471\">\n<div class=\"col medium-6 small-12 large-6\"  ><div class=\"col-inner\"  >\n<div role=\"form\" class=\"wpcf7\" id=\"wpcf7-f11901-o1\" lang=\"de-DE\" dir=\"ltr\">\n<div class=\"screen-reader-response\"><p role=\"status\" aria-live=\"polite\" aria-atomic=\"true\"><\/p> <ul><\/ul><\/div>\n<form action=\"\/index.php?rest_route=%2Fwp%2Fv2%2Fpages%2F12100#wpcf7-f11901-o1\" method=\"post\" class=\"wpcf7-form init\" novalidate=\"novalidate\" data-status=\"init\">\n<div style=\"display: none;\">\n<input type=\"hidden\" name=\"_wpcf7\" value=\"11901\" \/>\n<input type=\"hidden\" name=\"_wpcf7_version\" value=\"5.4\" \/>\n<input type=\"hidden\" name=\"_wpcf7_locale\" value=\"de_DE\" \/>\n<input type=\"hidden\" name=\"_wpcf7_unit_tag\" value=\"wpcf7-f11901-o1\" \/>\n<input type=\"hidden\" name=\"_wpcf7_container_post\" value=\"0\" \/>\n<input type=\"hidden\" name=\"_wpcf7_posted_data_hash\" value=\"\" \/>\n<input type=\"hidden\" name=\"_wpcf7cf_hidden_group_fields\" value=\"[]\" \/>\n<input type=\"hidden\" name=\"_wpcf7cf_hidden_groups\" value=\"[]\" \/>\n<input type=\"hidden\" name=\"_wpcf7cf_visible_groups\" value=\"[]\" \/>\n<input type=\"hidden\" name=\"_wpcf7cf_repeaters\" value=\"[]\" \/>\n<input type=\"hidden\" name=\"_wpcf7cf_steps\" value=\"{}\" \/>\n<input type=\"hidden\" name=\"_wpcf7cf_options\" value=\"{&quot;form_id&quot;:11901,&quot;conditions&quot;:[{&quot;then_field&quot;:&quot;Geburtsdatum&quot;,&quot;and_rules&quot;:[{&quot;if_field&quot;:&quot;menu-946&quot;,&quot;operator&quot;:&quot;equals&quot;,&quot;if_value&quot;:&quot;Ja&quot;}]}],&quot;settings&quot;:{&quot;animation&quot;:&quot;yes&quot;,&quot;animation_intime&quot;:200,&quot;animation_outtime&quot;:200,&quot;conditions_ui&quot;:&quot;normal&quot;,&quot;notice_dismissed&quot;:false,&quot;notice_dismissed_update-cf7-5.4.1&quot;:true,&quot;notice_dismissed_update-cf7-5.6.3&quot;:true,&quot;notice_dismissed_update-cf7-5.7.5.1&quot;:true}}\" \/>\n<\/div>\n<p><label> Sind Sie bestehender Patient?<br \/>\n<span class=\"wpcf7-form-control-wrap menu-946\"><select name=\"menu-946\" class=\"wpcf7-form-control wpcf7-select wpcf7-validates-as-required\" aria-required=\"true\" aria-invalid=\"false\"><option value=\"Nein\">Nein<\/option><option value=\"Ja\">Ja<\/option><\/select><\/span><br \/>\n<\/label><br \/>\n<label> Ihr Name (*)<br \/>\n    <span class=\"wpcf7-form-control-wrap your-name\"><input type=\"text\" name=\"your-name\" value=\"\" size=\"40\" class=\"wpcf7-form-control wpcf7-text wpcf7-validates-as-required\" aria-required=\"true\" aria-invalid=\"false\" \/><\/span> <\/label><\/p>\n<p><label> Ihre E-Mail-Adresse (*)<br \/>\n    <span class=\"wpcf7-form-control-wrap your-email\"><input type=\"email\" name=\"your-email\" value=\"\" size=\"40\" class=\"wpcf7-form-control wpcf7-text wpcf7-email wpcf7-validates-as-required wpcf7-validates-as-email\" aria-required=\"true\" aria-invalid=\"false\" \/><\/span> <\/label><\/p>\n<div data-id=\"Geburtsdatum\" data-orig_data_id=\"Geburtsdatum\"  class=\"\" data-class=\"wpcf7cf_group\"><label>Ihr Geburtsdatum (bei bestehenden Patienten)<br \/>\n<span class=\"wpcf7-form-control-wrap Geburtsdatum\"><input type=\"date\" name=\"Geburtsdatum\" value=\"\" class=\"wpcf7-form-control wpcf7-date wpcf7-validates-as-required wpcf7-validates-as-date\" aria-required=\"true\" aria-invalid=\"false\" \/><\/span><\/label><\/div>\n<p><label> Betreff<br \/>\n    <span class=\"wpcf7-form-control-wrap your-subject\"><input type=\"text\" name=\"your-subject\" value=\"\" size=\"40\" class=\"wpcf7-form-control wpcf7-text\" aria-invalid=\"false\" \/><\/span> <\/label><\/p>\n<p><label> Ihre Nachricht<br \/>\n    <span class=\"wpcf7-form-control-wrap your-message\"><textarea name=\"your-message\" cols=\"40\" rows=\"10\" class=\"wpcf7-form-control wpcf7-textarea\" aria-invalid=\"false\"><\/textarea><\/span> <\/label><br \/>\n<span id=\"wpcf7-69f4673b707dc-wrapper\" class=\"wpcf7-form-control-wrap honey-wrap\" style=\"display:none !important; visibility:hidden !important;\"><label for=\"wpcf7-69f4673b707dc-field\" class=\"hp-message\">Bitte lasse dieses Feld leer.<\/label><input id=\"wpcf7-69f4673b707dc-field\"  class=\"wpcf7-form-control wpcf7-text\" type=\"text\" name=\"honey\" value=\"\" size=\"40\" tabindex=\"-1\" autocomplete=\"new-password\" \/><\/span><\/p>\n<p><input type=\"submit\" value=\"Senden\" class=\"wpcf7-form-control wpcf7-submit\" \/><\/p>\n<p>* Pflichtfelder<\/p>\n<div class=\"wpcf7-response-output\" aria-hidden=\"true\"><\/div><\/form><\/div>\n<\/div><\/div>\n<div class=\"col medium-6 small-12 large-6\"  ><div class=\"col-inner\"  >\n<\/div><\/div>\n<\/div>\n      <\/div><!-- .section-content -->\n\n      \n<style scope=\"scope\">\n\n#section_581069204 {\n  padding-top: 60px;\n  padding-bottom: 60px;\n  min-height: 300px;\n  background-color: #FFD194;\n}\n<\/style>\n  <\/section>\n  \n","protected":false},"excerpt":{"rendered":"","protected":false},"author":1,"featured_media":0,"parent":10357,"menu_order":0,"comment_status":"closed","ping_status":"closed","template":"page-blank.php","meta":[],"yoast_head":"<!-- This site is optimized with the Yoast SEO plugin v15.5 - https:\/\/yoast.com\/wordpress\/plugins\/seo\/ -->\n<title>B\u00f6sartige Hautver\u00e4nderungen - Dermacenter AG<\/title>\n<meta name=\"robots\" content=\"index, follow, max-snippet:-1, max-image-preview:large, max-video-preview:-1\" \/>\n<link rel=\"canonical\" href=\"https:\/\/www.dermacenter.ch\/?page_id=12100\" \/>\n<meta property=\"og:locale\" content=\"de_DE\" \/>\n<meta property=\"og:type\" content=\"article\" \/>\n<meta property=\"og:title\" content=\"B\u00f6sartige Hautver\u00e4nderungen - Dermacenter AG\" \/>\n<meta property=\"og:url\" content=\"https:\/\/www.dermacenter.ch\/?page_id=12100\" \/>\n<meta property=\"og:site_name\" content=\"Dermacenter AG\" \/>\n<meta property=\"article:modified_time\" content=\"2021-06-21T21:49:05+00:00\" \/>\n<meta name=\"twitter:card\" content=\"summary_large_image\" \/>\n<meta name=\"twitter:label1\" content=\"Gesch\u00e4tzte Lesezeit\">\n\t<meta name=\"twitter:data1\" content=\"3\u00a0Minuten\">\n<script type=\"application\/ld+json\" class=\"yoast-schema-graph\">{\"@context\":\"https:\/\/schema.org\",\"@graph\":[{\"@type\":\"WebSite\",\"@id\":\"https:\/\/www.dermacenter.ch\/#website\",\"url\":\"https:\/\/www.dermacenter.ch\/\",\"name\":\"Dermacenter AG\",\"description\":\"\",\"potentialAction\":[{\"@type\":\"SearchAction\",\"target\":\"https:\/\/www.dermacenter.ch\/?s={search_term_string}\",\"query-input\":\"required name=search_term_string\"}],\"inLanguage\":\"de\"},{\"@type\":\"WebPage\",\"@id\":\"https:\/\/www.dermacenter.ch\/?page_id=12100#webpage\",\"url\":\"https:\/\/www.dermacenter.ch\/?page_id=12100\",\"name\":\"B\\u00f6sartige Hautver\\u00e4nderungen - Dermacenter AG\",\"isPartOf\":{\"@id\":\"https:\/\/www.dermacenter.ch\/#website\"},\"datePublished\":\"2021-06-18T07:51:36+00:00\",\"dateModified\":\"2021-06-21T21:49:05+00:00\",\"inLanguage\":\"de\",\"potentialAction\":[{\"@type\":\"ReadAction\",\"target\":[\"https:\/\/www.dermacenter.ch\/?page_id=12100\"]}]}]}<\/script>\n<!-- \/ Yoast SEO plugin. -->","_links":{"self":[{"href":"https:\/\/www.dermacenter.ch\/index.php?rest_route=\/wp\/v2\/pages\/12100"}],"collection":[{"href":"https:\/\/www.dermacenter.ch\/index.php?rest_route=\/wp\/v2\/pages"}],"about":[{"href":"https:\/\/www.dermacenter.ch\/index.php?rest_route=\/wp\/v2\/types\/page"}],"author":[{"embeddable":true,"href":"https:\/\/www.dermacenter.ch\/index.php?rest_route=\/wp\/v2\/users\/1"}],"replies":[{"embeddable":true,"href":"https:\/\/www.dermacenter.ch\/index.php?rest_route=%2Fwp%2Fv2%2Fcomments&post=12100"}],"version-history":[{"count":2,"href":"https:\/\/www.dermacenter.ch\/index.php?rest_route=\/wp\/v2\/pages\/12100\/revisions"}],"predecessor-version":[{"id":12206,"href":"https:\/\/www.dermacenter.ch\/index.php?rest_route=\/wp\/v2\/pages\/12100\/revisions\/12206"}],"up":[{"embeddable":true,"href":"https:\/\/www.dermacenter.ch\/index.php?rest_route=\/wp\/v2\/pages\/10357"}],"wp:attachment":[{"href":"https:\/\/www.dermacenter.ch\/index.php?rest_route=%2Fwp%2Fv2%2Fmedia&parent=12100"}],"curies":[{"name":"wp","href":"https:\/\/api.w.org\/{rel}","templated":true}]}}