{"id":12067,"date":"2021-06-18T08:41:54","date_gmt":"2021-06-18T06:41:54","guid":{"rendered":"https:\/\/www.dermacenter.ch\/?page_id=12067"},"modified":"2021-06-21T22:07:24","modified_gmt":"2021-06-21T20:07:24","slug":"neurodermitis","status":"publish","type":"page","link":"https:\/\/www.dermacenter.ch\/?page_id=12067","title":{"rendered":"Neurodermitis, Ekzem"},"content":{"rendered":"  <section class=\"section\" id=\"section_1488307824\">\n      <div class=\"bg section-bg fill bg-fill  \" >\n\n        \n        \n        \n        \n        \n        \n\t<div class=\"is-border\"\n\t\tstyle=\"border-color:rgb(235, 235, 235);border-width:1px 0px 0px 0px;\">\n\t<\/div>\n\n      <\/div><!-- .section-bg -->\n\n      <div class=\"section-content relative\">\n        \n      <\/div><!-- .section-content -->\n\n      \n<style scope=\"scope\">\n\n#section_1488307824 {\n  padding-top: 60px;\n  padding-bottom: 60px;\n  min-height: 379px;\n  background-color: rgb(245, 245, 245);\n}\n#section_1488307824 .section-bg.bg-loaded {\n  background-image: url(https:\/\/www.dermacenter.ch\/wp-content\/uploads\/2020\/12\/Atopische-Dermatitis-Kniebeugen.jpg);\n}\n#section_1488307824 .section-bg {\n  background-position: 5% 23%;\n}\n<\/style>\n  <\/section>\n  \n<div class=\"row\"  id=\"row-678231359\">\n<div class=\"col small-12 large-12\"  ><div class=\"col-inner\"  >\n<h1><strong>NEURODERMITIS, EKZEM<\/strong><\/h1>\n<p>F\u00fcr die <strong>Neurodermitis<\/strong> gibt es \u00fcber 30 verschiedene Begriffe, wovon unter Medizinern \u201eAtopische Dermatitis\u201c am gebr\u00e4uchlichsten ist. In Industriel\u00e4ndern hat sich das Auftreten dieser Erkrankung in den letzten 30 Jahren verdreifacht. Das atopische Ekzem ist die h\u00e4ufigste chronische Erkrankung bei Kindern, n\u00e4mlich bis zu 20%. Sie tritt zu 70% bereits im S\u00e4uglingsalter auf. Bei 75% der jungen Patienten kommt es zu einer Besserung in der Pubert\u00e4t. Es leiden noch ca. 5% aller Erwachsenen unter atopischer Dermatitis. Selten kann eine Neurodermitis im Erwachsenenalter neu auftreten. Hinzu kommt, dass Patienten mit atopischer Dermatitis bis zu 60% unter sogenannten respiratorischen Allergien wie Heuschnupfen oder Asthma leiden, weshalb die Neurodermitis vom Patienten oft als reine <strong>Allergie<\/strong> angesehen wird. Als Ursache sind als erstes genetische Faktoren zu nennen. Das Risiko f\u00fcr ein Kind, eine Neurodermitis zu entwickeln, betr\u00e4gt 50%, wenn ein Elternteil an einer atopischen Erkrankung leidet, z.B. Neurodermitis, Heuschnupfen, Asthma. Die Wahrscheinlichkeit f\u00fcr eine Neurodermitis steigt auf 75%, wenn beide Eltern von diesen Erkrankungen betroffen sind.<\/p>\n<p>Der Neurodermitiker leidet unter einer angeborenen Barrierest\u00f6rung von Haut und Schleimhaut. Hieraus resultiert eine <strong>Haut\u00fcberempfindlichkeit<\/strong>, auch gegen\u00fcber Keimen wie Bakterien oder Viren. Typisch f\u00fcr die Neurodermitis sind <strong>juckende Hautausschl\u00e4ge<\/strong>, die in Abh\u00e4ngigkeit des Alters komplett unterschiedlich in Erscheinung treten k\u00f6nnen. So kann z.B. der S\u00e4ugling einen Milchschorf, das Kleinkind ein Beugeekzem und der Erwachsene ein Handekzem als Ausdruck einer Neurodermitis entwickeln. Der h\u00e4ufig geh\u00f6rte Spruch \u201cDie Neurodermitis w\u00e4chst sich heraus \u201c, ist nicht ganz korrekt, vielmehr gilt: Bei 30% der von Neurodermitis Betroffenen verlieren sich die Beschwerden, bei 30% bleibt es gleich, bei 30% verschlechtert sich der Zustand im Laufe des Lebens.<\/p>\n<div class=\"gap-element\" style=\"display:block; height:auto; padding-top:30px\" class=\"clearfix\"><\/div>\n<a href=\"#termin\" target=\"_self\" class=\"button primary lowercase\"  >\n    <span>Jetzt Termin vereinbaren<\/span>\n  <\/a>\n\n<div class=\"gap-element\" style=\"display:block; height:auto; padding-top:30px\" class=\"clearfix\"><\/div>\n<h2>NEURODERMITIS THERAPIE<\/h2>\n<p>Gl\u00fccklicherweise k\u00f6nnen wir heutzutage in jedem Lebensalter und bei jeder Form der atopischen Dermatitis helfen und ein <strong>individuelles Therapiekonzept<\/strong>, gemeinsam mit dem Patienten entwickeln. Zu Beginn wird eine klare Diagnosestellung versucht, gegebenenfalls sind allergologische Tests notwendig. Dann k\u00f6nnen wir mit einer differenzierten \u00e4usserlichen Behandlung in Cremeform, unterst\u00fctzt durch eine r\u00fcckfettende und antiseptische Reinigung, bereits viel erreichen. Anfangs erfolgt die Therapie meist unter Zuhilfenahme von kortisonhaltigen Cremes, sp\u00e4ter mit modernen Kortisonersatzpr\u00e4paraten. Auch die bei uns im Dermacenter zur Verf\u00fcgung stehende <strong>Lichttherapie<\/strong> ist f\u00fcr Neurodermitis-Patienten eine hilfreiche zus\u00e4tzliche Massnahme. In schwereren F\u00e4llen kommen innerliche Medikamente, auch die neuen sogenannten Biologika, infrage.<\/p>\n<p>Neben der Neurodermitis kenne wir noch zahlreiche weitere Ekzemformen. Eine h\u00e4ufige Ursache von juckenden Hautausschl\u00e4gen sind <strong>Kontaktekzeme <\/strong>bei Sensibilisierungen auf Konservierungsstoffe, Duftstoffe etc., welches wir mittels <strong>Allergietest<\/strong> (Epikutantest) analysieren.<\/p>\n<p>Wichtig ist stets eine gr\u00fcndliche Abkl\u00e4rung, damit Sie sich bald wieder wohlf\u00fchlen in Ihrer Haut.<\/p>\n<\/div><\/div>\n<\/div>\n  <section class=\"section\" id=\"section_335587294\">\n      <div class=\"bg section-bg fill bg-fill  bg-loaded\" >\n\n        \n        \n        \n        \n        \n        \n\t<div class=\"is-border\"\n\t\tstyle=\"border-color:rgb(235, 235, 235);border-width:1px 0px 0px 0px;\">\n\t<\/div>\n\n      <\/div><!-- .section-bg -->\n\n      <div class=\"section-content relative\">\n        \n<div class=\"row\"  id=\"row-863920051\">\n<div class=\"col small-12 large-12\"  ><div class=\"col-inner\"  >\n<h2 class=\"uppercase\"><a id=\"termin\"><\/a><span style=\"color: #777777;\">JETZT TERMIN VEREINBAREN<\/span><\/h2>\n<p><span style=\"color: #777777;\">Unsere SpezialistInnen helfen Ihnen im pers\u00f6nlichen Gespr\u00e4ch gerne weiter. Geben Sie uns im Formular gerne Ihre Anliegen oder Bemerkungen an. Ihre Daten werden streng vertraulich behandelt.<\/span><\/p>\n<\/div><\/div>\n<\/div>\n<div class=\"row\"  id=\"row-1102026526\">\n<div class=\"col medium-6 small-12 large-6\"  ><div class=\"col-inner\"  >\n<div role=\"form\" class=\"wpcf7\" id=\"wpcf7-f11901-o1\" lang=\"de-DE\" dir=\"ltr\">\n<div class=\"screen-reader-response\"><p role=\"status\" aria-live=\"polite\" aria-atomic=\"true\"><\/p> <ul><\/ul><\/div>\n<form action=\"\/index.php?rest_route=%2Fwp%2Fv2%2Fpages%2F12067#wpcf7-f11901-o1\" method=\"post\" class=\"wpcf7-form init\" novalidate=\"novalidate\" data-status=\"init\">\n<div style=\"display: none;\">\n<input type=\"hidden\" name=\"_wpcf7\" value=\"11901\" \/>\n<input type=\"hidden\" name=\"_wpcf7_version\" value=\"5.4\" \/>\n<input type=\"hidden\" name=\"_wpcf7_locale\" value=\"de_DE\" \/>\n<input type=\"hidden\" name=\"_wpcf7_unit_tag\" value=\"wpcf7-f11901-o1\" \/>\n<input type=\"hidden\" name=\"_wpcf7_container_post\" value=\"0\" \/>\n<input type=\"hidden\" name=\"_wpcf7_posted_data_hash\" value=\"\" \/>\n<input type=\"hidden\" name=\"_wpcf7cf_hidden_group_fields\" value=\"[]\" \/>\n<input type=\"hidden\" name=\"_wpcf7cf_hidden_groups\" value=\"[]\" \/>\n<input type=\"hidden\" name=\"_wpcf7cf_visible_groups\" value=\"[]\" \/>\n<input type=\"hidden\" name=\"_wpcf7cf_repeaters\" value=\"[]\" \/>\n<input type=\"hidden\" name=\"_wpcf7cf_steps\" value=\"{}\" \/>\n<input type=\"hidden\" name=\"_wpcf7cf_options\" value=\"{&quot;form_id&quot;:11901,&quot;conditions&quot;:[{&quot;then_field&quot;:&quot;Geburtsdatum&quot;,&quot;and_rules&quot;:[{&quot;if_field&quot;:&quot;menu-946&quot;,&quot;operator&quot;:&quot;equals&quot;,&quot;if_value&quot;:&quot;Ja&quot;}]}],&quot;settings&quot;:{&quot;animation&quot;:&quot;yes&quot;,&quot;animation_intime&quot;:200,&quot;animation_outtime&quot;:200,&quot;conditions_ui&quot;:&quot;normal&quot;,&quot;notice_dismissed&quot;:false,&quot;notice_dismissed_update-cf7-5.4.1&quot;:true,&quot;notice_dismissed_update-cf7-5.6.3&quot;:true,&quot;notice_dismissed_update-cf7-5.7.5.1&quot;:true}}\" \/>\n<\/div>\n<p><label> Sind Sie bestehender Patient?<br \/>\n<span class=\"wpcf7-form-control-wrap menu-946\"><select name=\"menu-946\" class=\"wpcf7-form-control wpcf7-select wpcf7-validates-as-required\" aria-required=\"true\" aria-invalid=\"false\"><option value=\"Nein\">Nein<\/option><option value=\"Ja\">Ja<\/option><\/select><\/span><br \/>\n<\/label><br \/>\n<label> Ihr Name (*)<br \/>\n    <span class=\"wpcf7-form-control-wrap your-name\"><input type=\"text\" name=\"your-name\" value=\"\" size=\"40\" class=\"wpcf7-form-control wpcf7-text wpcf7-validates-as-required\" aria-required=\"true\" aria-invalid=\"false\" \/><\/span> <\/label><\/p>\n<p><label> Ihre E-Mail-Adresse (*)<br \/>\n    <span class=\"wpcf7-form-control-wrap your-email\"><input type=\"email\" name=\"your-email\" value=\"\" size=\"40\" class=\"wpcf7-form-control wpcf7-text wpcf7-email wpcf7-validates-as-required wpcf7-validates-as-email\" aria-required=\"true\" aria-invalid=\"false\" \/><\/span> <\/label><\/p>\n<div data-id=\"Geburtsdatum\" data-orig_data_id=\"Geburtsdatum\"  class=\"\" data-class=\"wpcf7cf_group\"><label>Ihr Geburtsdatum (bei bestehenden Patienten)<br \/>\n<span class=\"wpcf7-form-control-wrap Geburtsdatum\"><input type=\"date\" name=\"Geburtsdatum\" value=\"\" class=\"wpcf7-form-control wpcf7-date wpcf7-validates-as-required wpcf7-validates-as-date\" aria-required=\"true\" aria-invalid=\"false\" \/><\/span><\/label><\/div>\n<p><label> Betreff<br \/>\n    <span class=\"wpcf7-form-control-wrap your-subject\"><input type=\"text\" name=\"your-subject\" value=\"\" size=\"40\" class=\"wpcf7-form-control wpcf7-text\" aria-invalid=\"false\" \/><\/span> <\/label><\/p>\n<p><label> Ihre Nachricht<br \/>\n    <span class=\"wpcf7-form-control-wrap your-message\"><textarea name=\"your-message\" cols=\"40\" rows=\"10\" class=\"wpcf7-form-control wpcf7-textarea\" aria-invalid=\"false\"><\/textarea><\/span> <\/label><br \/>\n<span id=\"wpcf7-69f467a7909ab-wrapper\" class=\"wpcf7-form-control-wrap honey-wrap\" style=\"display:none !important; visibility:hidden !important;\"><label for=\"wpcf7-69f467a7909ab-field\" class=\"hp-message\">Bitte lasse dieses Feld leer.<\/label><input id=\"wpcf7-69f467a7909ab-field\"  class=\"wpcf7-form-control wpcf7-text\" type=\"text\" name=\"honey\" value=\"\" size=\"40\" tabindex=\"-1\" autocomplete=\"new-password\" \/><\/span><\/p>\n<p><input type=\"submit\" value=\"Senden\" class=\"wpcf7-form-control wpcf7-submit\" \/><\/p>\n<p>* Pflichtfelder<\/p>\n<div class=\"wpcf7-response-output\" aria-hidden=\"true\"><\/div><\/form><\/div>\n<\/div><\/div>\n<div class=\"col medium-6 small-12 large-6\"  ><div class=\"col-inner\"  >\n<\/div><\/div>\n<\/div>\n      <\/div><!-- .section-content -->\n\n      \n<style scope=\"scope\">\n\n#section_335587294 {\n  padding-top: 60px;\n  padding-bottom: 60px;\n  min-height: 300px;\n  background-color: #FFD194;\n}\n<\/style>\n  <\/section>\n  \n","protected":false},"excerpt":{"rendered":"","protected":false},"author":1,"featured_media":0,"parent":8169,"menu_order":0,"comment_status":"closed","ping_status":"closed","template":"page-blank.php","meta":[],"yoast_head":"<!-- This site is optimized with the Yoast SEO plugin v15.5 - https:\/\/yoast.com\/wordpress\/plugins\/seo\/ -->\n<title>Neurodermitis, Ekzem - Dermacenter AG<\/title>\n<meta name=\"robots\" content=\"index, follow, max-snippet:-1, max-image-preview:large, max-video-preview:-1\" \/>\n<link rel=\"canonical\" href=\"https:\/\/www.dermacenter.ch\/?page_id=12067\" \/>\n<meta property=\"og:locale\" content=\"de_DE\" \/>\n<meta property=\"og:type\" content=\"article\" \/>\n<meta property=\"og:title\" content=\"Neurodermitis, Ekzem - Dermacenter AG\" \/>\n<meta property=\"og:url\" content=\"https:\/\/www.dermacenter.ch\/?page_id=12067\" \/>\n<meta property=\"og:site_name\" content=\"Dermacenter AG\" \/>\n<meta property=\"article:modified_time\" content=\"2021-06-21T20:07:24+00:00\" \/>\n<meta name=\"twitter:card\" content=\"summary_large_image\" \/>\n<meta name=\"twitter:label1\" content=\"Gesch\u00e4tzte Lesezeit\">\n\t<meta name=\"twitter:data1\" content=\"2\u00a0Minuten\">\n<script type=\"application\/ld+json\" class=\"yoast-schema-graph\">{\"@context\":\"https:\/\/schema.org\",\"@graph\":[{\"@type\":\"WebSite\",\"@id\":\"https:\/\/www.dermacenter.ch\/#website\",\"url\":\"https:\/\/www.dermacenter.ch\/\",\"name\":\"Dermacenter AG\",\"description\":\"\",\"potentialAction\":[{\"@type\":\"SearchAction\",\"target\":\"https:\/\/www.dermacenter.ch\/?s={search_term_string}\",\"query-input\":\"required name=search_term_string\"}],\"inLanguage\":\"de\"},{\"@type\":\"WebPage\",\"@id\":\"https:\/\/www.dermacenter.ch\/?page_id=12067#webpage\",\"url\":\"https:\/\/www.dermacenter.ch\/?page_id=12067\",\"name\":\"Neurodermitis, Ekzem - Dermacenter AG\",\"isPartOf\":{\"@id\":\"https:\/\/www.dermacenter.ch\/#website\"},\"datePublished\":\"2021-06-18T06:41:54+00:00\",\"dateModified\":\"2021-06-21T20:07:24+00:00\",\"inLanguage\":\"de\",\"potentialAction\":[{\"@type\":\"ReadAction\",\"target\":[\"https:\/\/www.dermacenter.ch\/?page_id=12067\"]}]}]}<\/script>\n<!-- \/ Yoast SEO plugin. -->","_links":{"self":[{"href":"https:\/\/www.dermacenter.ch\/index.php?rest_route=\/wp\/v2\/pages\/12067"}],"collection":[{"href":"https:\/\/www.dermacenter.ch\/index.php?rest_route=\/wp\/v2\/pages"}],"about":[{"href":"https:\/\/www.dermacenter.ch\/index.php?rest_route=\/wp\/v2\/types\/page"}],"author":[{"embeddable":true,"href":"https:\/\/www.dermacenter.ch\/index.php?rest_route=\/wp\/v2\/users\/1"}],"replies":[{"embeddable":true,"href":"https:\/\/www.dermacenter.ch\/index.php?rest_route=%2Fwp%2Fv2%2Fcomments&post=12067"}],"version-history":[{"count":4,"href":"https:\/\/www.dermacenter.ch\/index.php?rest_route=\/wp\/v2\/pages\/12067\/revisions"}],"predecessor-version":[{"id":12176,"href":"https:\/\/www.dermacenter.ch\/index.php?rest_route=\/wp\/v2\/pages\/12067\/revisions\/12176"}],"up":[{"embeddable":true,"href":"https:\/\/www.dermacenter.ch\/index.php?rest_route=\/wp\/v2\/pages\/8169"}],"wp:attachment":[{"href":"https:\/\/www.dermacenter.ch\/index.php?rest_route=%2Fwp%2Fv2%2Fmedia&parent=12067"}],"curies":[{"name":"wp","href":"https:\/\/api.w.org\/{rel}","templated":true}]}}