{"id":11700,"date":"2021-05-21T15:01:16","date_gmt":"2021-05-21T13:01:16","guid":{"rendered":"https:\/\/www.dermacenter.ch\/?page_id=11700"},"modified":"2023-11-20T09:54:47","modified_gmt":"2023-11-20T08:54:47","slug":"dermacenter-brunnen","status":"publish","type":"page","link":"https:\/\/www.dermacenter.ch\/?page_id=11700","title":{"rendered":"Dermacenter Brunnen"},"content":{"rendered":"<p>In unserer Hautarztpraxis in Brunnen, unter der \u00e4rztlichen Leitung von Dr. med. Oliver D\u00f6rzapf, bieten wir Ihnen ein breites Spektrum der Dermatologie, Allergologie und \u00c4sthetischen Medizin, einschliesslich Lasermedizin. Chirurgische Eingriffe werden in unserem Operationssaal durchgef\u00fchrt.<\/p>\n<p>Wir freuen uns darauf, Sie in unserem Dermacenter Brunnen begr\u00fcssen zu d\u00fcrfen!<\/p>\n<div class=\"slider-wrapper relative \" id=\"slider-736717086\" >\n    <div class=\"slider slider-nav-circle slider-nav-large slider-nav-dark slider-style-normal slider-show-nav\"\n        data-flickity-options='{\n            \"cellAlign\": \"center\",\n            \"imagesLoaded\": true,\n            \"lazyLoad\": 1,\n            \"freeScroll\": false,\n            \"wrapAround\": true,\n            \"autoPlay\": 6000,\n            \"pauseAutoPlayOnHover\" : true,\n            \"prevNextButtons\": true,\n            \"contain\" : true,\n            \"adaptiveHeight\" : true,\n            \"dragThreshold\" : 5,\n            \"percentPosition\": true,\n            \"pageDots\": true,\n            \"rightToLeft\": false,\n            \"draggable\": true,\n            \"selectedAttraction\": 0.1,\n            \"parallax\" : 0,\n            \"friction\": 0.6        }'\n        >\n        \n    <div class=\"img has-hover x md-x lg-x y md-y lg-y\" id=\"image_238239951\">\n                <div class=\"img-inner dark\" >\n        <img width=\"1020\" height=\"638\" src=\"https:\/\/www.dermacenter.ch\/wp-content\/uploads\/2021\/05\/PB_04-1024x641.jpg\" class=\"attachment-large size-large\" alt=\"\" loading=\"lazy\" srcset=\"https:\/\/www.dermacenter.ch\/wp-content\/uploads\/2021\/05\/PB_04-1024x641.jpg 1024w, https:\/\/www.dermacenter.ch\/wp-content\/uploads\/2021\/05\/PB_04-300x188.jpg 300w, https:\/\/www.dermacenter.ch\/wp-content\/uploads\/2021\/05\/PB_04-768x481.jpg 768w, https:\/\/www.dermacenter.ch\/wp-content\/uploads\/2021\/05\/PB_04-1536x961.jpg 1536w, https:\/\/www.dermacenter.ch\/wp-content\/uploads\/2021\/05\/PB_04-2048x1282.jpg 2048w, https:\/\/www.dermacenter.ch\/wp-content\/uploads\/2021\/05\/PB_04-600x376.jpg 600w\" sizes=\"(max-width: 1020px) 100vw, 1020px\" \/>                \n            <\/div>\n                   \n<style scope=\"scope\">\n\n<\/style>\n    <\/div>\n    \n    <div class=\"img has-hover x md-x lg-x y md-y lg-y\" id=\"image_1532755611\">\n                <div class=\"img-inner dark\" >\n        <img width=\"1020\" height=\"679\" src=\"https:\/\/www.dermacenter.ch\/wp-content\/uploads\/2021\/05\/PB_01-1024x682.jpg\" class=\"attachment-large size-large\" alt=\"\" loading=\"lazy\" srcset=\"https:\/\/www.dermacenter.ch\/wp-content\/uploads\/2021\/05\/PB_01-1024x682.jpg 1024w, https:\/\/www.dermacenter.ch\/wp-content\/uploads\/2021\/05\/PB_01-300x200.jpg 300w, https:\/\/www.dermacenter.ch\/wp-content\/uploads\/2021\/05\/PB_01-768x512.jpg 768w, https:\/\/www.dermacenter.ch\/wp-content\/uploads\/2021\/05\/PB_01-1536x1023.jpg 1536w, https:\/\/www.dermacenter.ch\/wp-content\/uploads\/2021\/05\/PB_01-2048x1365.jpg 2048w, https:\/\/www.dermacenter.ch\/wp-content\/uploads\/2021\/05\/PB_01-600x400.jpg 600w\" sizes=\"(max-width: 1020px) 100vw, 1020px\" \/>                \n            <\/div>\n                   \n<style scope=\"scope\">\n\n<\/style>\n    <\/div>\n    \n    <div class=\"img has-hover x md-x lg-x y md-y lg-y\" id=\"image_230413441\">\n                <div class=\"img-inner dark\" >\n        <img width=\"1020\" height=\"673\" src=\"https:\/\/www.dermacenter.ch\/wp-content\/uploads\/2021\/06\/PB_14-1024x676.jpg\" class=\"attachment-large size-large\" alt=\"\" loading=\"lazy\" srcset=\"https:\/\/www.dermacenter.ch\/wp-content\/uploads\/2021\/06\/PB_14-1024x676.jpg 1024w, https:\/\/www.dermacenter.ch\/wp-content\/uploads\/2021\/06\/PB_14-300x198.jpg 300w, https:\/\/www.dermacenter.ch\/wp-content\/uploads\/2021\/06\/PB_14-768x507.jpg 768w, https:\/\/www.dermacenter.ch\/wp-content\/uploads\/2021\/06\/PB_14-1536x1014.jpg 1536w, https:\/\/www.dermacenter.ch\/wp-content\/uploads\/2021\/06\/PB_14-2048x1352.jpg 2048w, https:\/\/www.dermacenter.ch\/wp-content\/uploads\/2021\/06\/PB_14-600x396.jpg 600w\" sizes=\"(max-width: 1020px) 100vw, 1020px\" \/>                \n            <\/div>\n                   \n<style scope=\"scope\">\n\n<\/style>\n    <\/div>\n    \n    <div class=\"img has-hover x md-x lg-x y md-y lg-y\" id=\"image_874054053\">\n                <div class=\"img-inner dark\" >\n        <img width=\"1020\" height=\"628\" src=\"https:\/\/www.dermacenter.ch\/wp-content\/uploads\/2021\/06\/PB_11-1024x630.jpg\" class=\"attachment-large size-large\" alt=\"\" loading=\"lazy\" srcset=\"https:\/\/www.dermacenter.ch\/wp-content\/uploads\/2021\/06\/PB_11-1024x630.jpg 1024w, https:\/\/www.dermacenter.ch\/wp-content\/uploads\/2021\/06\/PB_11-300x185.jpg 300w, https:\/\/www.dermacenter.ch\/wp-content\/uploads\/2021\/06\/PB_11-768x472.jpg 768w, https:\/\/www.dermacenter.ch\/wp-content\/uploads\/2021\/06\/PB_11-1536x945.jpg 1536w, https:\/\/www.dermacenter.ch\/wp-content\/uploads\/2021\/06\/PB_11-2048x1260.jpg 2048w, https:\/\/www.dermacenter.ch\/wp-content\/uploads\/2021\/06\/PB_11-600x369.jpg 600w\" sizes=\"(max-width: 1020px) 100vw, 1020px\" \/>                \n            <\/div>\n                   \n<style scope=\"scope\">\n\n<\/style>\n    <\/div>\n    \n     <\/div>\n\n     <div class=\"loading-spin dark large centered\"><\/div>\n\n     <style scope=\"scope\">\n             <\/style>\n<\/div><!-- .ux-slider-wrapper -->\n\n\n  <section class=\"section\" id=\"section_1682235468\">\n      <div class=\"bg section-bg fill bg-fill  bg-loaded\" >\n\n        \n        <div class=\"section-bg-overlay absolute fill\"><\/div>\n        \n        \n        \n        \n\t<div class=\"is-border\"\n\t\tstyle=\"border-color:rgb(235, 235, 235);border-width:1px 0px 0px 0px;\">\n\t<\/div>\n\n      <\/div><!-- .section-bg -->\n\n      <div class=\"section-content relative\">\n        \n<div class=\"row\"  id=\"row-127898710\">\n<div class=\"col medium-7 small-12 large-7\"  ><div class=\"col-inner\"  >\n<h2>Kontakt<\/h2>\n\n  <a class=\"plain\" href=\"tel:0041 41 850 8787\">  <div class=\"icon-box featured-box icon-box-left text-left\"  style=\"margin:0pxx 0px 0px 0px;\">\n\n                <div class=\"icon-box-img\" style=\"width: 32px\">\n          <div class=\"icon\">\n            <div class=\"icon-inner\" >\n              <img width=\"64\" height=\"64\" src=\"https:\/\/www.dermacenter.ch\/wp-content\/uploads\/2021\/05\/phone-symbol-2-64x64-1.png\" class=\"attachment-medium size-medium\" alt=\"\" loading=\"lazy\" \/>             <\/div>\n          <\/div>\n        <\/div>\n                <div class=\"icon-box-text last-reset\">\n\n            <h5 class=\"uppercase\">Telefon Zentrale<\/h5>            <h6>0041 41 850 87 87<\/h6>\n            \n        <\/div>\n  <\/div><!-- .icon-box -->\n  <\/a>\n  \n<div class=\"gap-element\" style=\"display:block; height:auto; padding-top:20px\" class=\"clearfix\"><\/div>\n\n  <a class=\"plain\" href=\"mailto:brunnen@dermacenter.ch\">  <div class=\"icon-box featured-box icon-box-left text-left\"  style=\"margin:0pxx 0px 0px 0px;\">\n\n                <div class=\"icon-box-img\" style=\"width: 32px\">\n          <div class=\"icon\">\n            <div class=\"icon-inner\" >\n              <img width=\"300\" height=\"300\" src=\"https:\/\/www.dermacenter.ch\/wp-content\/uploads\/2020\/09\/3209359-email-envelope-letter-mail-newsletter-300x300.png\" class=\"attachment-medium size-medium\" alt=\"\" loading=\"lazy\" srcset=\"https:\/\/www.dermacenter.ch\/wp-content\/uploads\/2020\/09\/3209359-email-envelope-letter-mail-newsletter-300x300.png 300w, https:\/\/www.dermacenter.ch\/wp-content\/uploads\/2020\/09\/3209359-email-envelope-letter-mail-newsletter-150x150.png 150w, https:\/\/www.dermacenter.ch\/wp-content\/uploads\/2020\/09\/3209359-email-envelope-letter-mail-newsletter-100x100.png 100w, https:\/\/www.dermacenter.ch\/wp-content\/uploads\/2020\/09\/3209359-email-envelope-letter-mail-newsletter.png 512w\" sizes=\"(max-width: 300px) 100vw, 300px\" \/>             <\/div>\n          <\/div>\n        <\/div>\n                <div class=\"icon-box-text last-reset\">\n\n            <h5 class=\"uppercase\">E-Mail Kontakt<\/h5>            <h6>brunnen@dermacenter.ch<\/h6>\n            \n        <\/div>\n  <\/div><!-- .icon-box -->\n  <\/a>\n  \n<\/div><\/div>\n<div class=\"col medium-4 small-12 large-4\"  ><div class=\"col-inner\"  >\n<h2>\u00d6ffnungszeiten<\/h2>\n<div class=\"row\"  id=\"row-2027515756\">\n<div class=\"col small-12 large-12\"  ><div class=\"col-inner\"  >\n<div id=\"row-662810712\" class=\"row\">\n<div class=\"col small-12 large-12\">\n<div class=\"col-inner\">\n<p>Montag bis Donnerstag<br \/>08:00 \u2013 17:00 Uhr<br \/>Freitag<br \/>08:00 \u2013 15:00 Uhr<\/p>\n<p><strong>\u00a0<\/strong><\/p>\n<\/div>\n<\/div>\n<\/div>\n<\/div><\/div>\n<\/div>\n<\/div><\/div>\n<\/div>\n      <\/div><!-- .section-content -->\n\n      \n<style scope=\"scope\">\n\n#section_1682235468 {\n  padding-top: 60px;\n  padding-bottom: 60px;\n  min-height: 300px;\n}\n#section_1682235468 .section-bg-overlay {\n  background-color: rgba(255, 255, 255, 0.81);\n}\n<\/style>\n  <\/section>\n  \n  <section class=\"section\" id=\"section_725837031\">\n      <div class=\"bg section-bg fill bg-fill  bg-loaded\" >\n\n        \n        <div class=\"section-bg-overlay absolute fill\"><\/div>\n        \n        \n        \n        \n\t<div class=\"is-border\"\n\t\tstyle=\"border-color:rgb(235, 235, 235);border-width:1px 0px 0px 0px;\">\n\t<\/div>\n\n      <\/div><!-- .section-bg -->\n\n      <div class=\"section-content relative\">\n        \n<h2><span style=\"color: #ffffff;\">Ihr \u00c4rzteteam in Brunnen<\/span><\/h2>\n<div class=\"gap-element\" style=\"display:block; height:auto; padding-top:30px\" class=\"clearfix\"><\/div>\n<div class=\"row\"  id=\"row-1730561002\">\n<div class=\"col medium-3 small-12 large-3\"  ><div class=\"col-inner\"  >\n    <div class=\"box has-hover has-hover box-default box-text-bottom\" >\n\n                  <div class=\"box-image \" >\n           <div class=\"box-image-inner image-cover\" style=\"padding-top:100%;\">\n              <img width=\"282\" height=\"282\" src=\"https:\/\/www.dermacenter.ch\/wp-content\/uploads\/2022\/12\/Oliver-Doerzapf-ohne-Schrift.jpg\" class=\"attachment- size-\" alt=\"\" loading=\"lazy\" srcset=\"https:\/\/www.dermacenter.ch\/wp-content\/uploads\/2022\/12\/Oliver-Doerzapf-ohne-Schrift.jpg 282w, https:\/\/www.dermacenter.ch\/wp-content\/uploads\/2022\/12\/Oliver-Doerzapf-ohne-Schrift-150x150.jpg 150w, https:\/\/www.dermacenter.ch\/wp-content\/uploads\/2022\/12\/Oliver-Doerzapf-ohne-Schrift-100x100.jpg 100w, https:\/\/www.dermacenter.ch\/wp-content\/uploads\/2022\/12\/Oliver-Doerzapf-ohne-Schrift-60x60.jpg 60w, https:\/\/www.dermacenter.ch\/wp-content\/uploads\/2022\/12\/Oliver-Doerzapf-ohne-Schrift-90x90.jpg 90w\" sizes=\"(max-width: 282px) 100vw, 282px\" \/>                         <\/div>\n          <\/div><!-- box-image -->\n         \n          <div class=\"box-text text-center\" style=\"background-color:rgb(255, 216, 158);padding:10px 5px 35px 5px;\">\n                <div class=\"box-text-inner\">\n                  <h4 class=\"uppercase\">\n                    <span class=\"person-name\">Dr. med. Oliver D\u00f6rzapf<\/span><br\/>\n                    <span class=\"person-title is-small thin-font op-7\">\n                      Facharzt f\u00fcr Dermatologie                    <\/span>\n                  <\/h4>\n                 <div class=\"social-icons follow-icons \" ><\/div>                 \n<p style=\"margin-top: -1.6em;\"><a href=\"https:\/\/www.dermacenter.ch\/standort-kuessnacht\/aertzteteam\/dr-med-oliver-doerzapf\/\">Lebenslauf<\/a><\/p>\n<div class=\"gap-element\" style=\"display:block; height:auto; padding-top:30px\" class=\"clearfix\"><\/div>\n<p><em>\u201cAls Hautarzt im Dermacenter Brunnen kann ich meinen ganzen Erfahrungsschatz einbringen: Von der Dermatologie samt Allergologie bis hin zu Chirurgie samt Laser. \u201c<\/em><\/p>\n                <\/div><!-- box-text-inner -->\n          <\/div><!-- box-text -->\n    <\/div><!-- .box  -->\n\n    \n    \n<\/div><\/div>\n<div class=\"col medium-3 small-12 large-3\"  ><div class=\"col-inner\"  >\n    <div class=\"box has-hover has-hover box-text-bottom\" >\n\n                  <div class=\"box-image \" >\n           <div class=\"box-image-inner image-cover\" style=\"padding-top:100%;\">\n              <img width=\"282\" height=\"282\" src=\"https:\/\/www.dermacenter.ch\/wp-content\/uploads\/2022\/12\/Wilfried-Schippert-ohne-Schrift.jpg\" class=\"attachment- size-\" alt=\"\" loading=\"lazy\" srcset=\"https:\/\/www.dermacenter.ch\/wp-content\/uploads\/2022\/12\/Wilfried-Schippert-ohne-Schrift.jpg 282w, https:\/\/www.dermacenter.ch\/wp-content\/uploads\/2022\/12\/Wilfried-Schippert-ohne-Schrift-150x150.jpg 150w, https:\/\/www.dermacenter.ch\/wp-content\/uploads\/2022\/12\/Wilfried-Schippert-ohne-Schrift-100x100.jpg 100w, https:\/\/www.dermacenter.ch\/wp-content\/uploads\/2022\/12\/Wilfried-Schippert-ohne-Schrift-60x60.jpg 60w, https:\/\/www.dermacenter.ch\/wp-content\/uploads\/2022\/12\/Wilfried-Schippert-ohne-Schrift-90x90.jpg 90w\" sizes=\"(max-width: 282px) 100vw, 282px\" \/>                         <\/div>\n          <\/div><!-- box-image -->\n         \n          <div class=\"box-text text-center\" style=\"background-color:rgb(255, 216, 158);padding:10px 5px 15px 5px;\">\n                <div class=\"box-text-inner\">\n                  <h4 class=\"uppercase\">\n                    <span class=\"person-name\">Dr. med. Wilfried Rainer Schippert<\/span><br\/>\n                    <span class=\"person-title is-small thin-font op-7\">\n                      Facharzt f\u00fcr Dermatologie                    <\/span>\n                  <\/h4>\n                 <div class=\"social-icons follow-icons \" ><\/div>                 \n<p style=\"margin-top: -1.6em;\"><a href=\"https:\/\/www.dermacenter.ch\/standort-kuessnacht\/aertzteteam\/dr-med-wilfried-rainer-schippert\/\">Lebenslauf<\/a><\/p>\n<div class=\"gap-element\" style=\"display:block; height:auto; padding-top:30px\" class=\"clearfix\"><\/div>\n<p><em>\u201cSchon fr\u00fch habe ich die Dermatochirurgie f\u00fcr mich entdeckt. Ich bin gl\u00fccklich, wenn ich meine Patienten durch einen schmerzarmen operativen Eingriff rasch und unkompliziert von ihren Sorgen befreien kann.\u201d<\/em><\/p>\n                <\/div><!-- box-text-inner -->\n          <\/div><!-- box-text -->\n    <\/div><!-- .box  -->\n\n    \n    \n<\/div><\/div>\n<div class=\"col medium-3 small-12 large-3\"  ><div class=\"col-inner\"  >\n    <div class=\"box has-hover has-hover box-text-bottom\" >\n\n                  <div class=\"box-image \" >\n           <div class=\"box-image-inner image-cover\" style=\"padding-top:100%;\">\n              <img width=\"1212\" height=\"1212\" src=\"https:\/\/www.dermacenter.ch\/wp-content\/uploads\/2023\/11\/DermaCenter_Portraits_2221019_RGB_Schagenhauff_Bettina_4378a_oT.jpg\" class=\"attachment- size-\" alt=\"\" loading=\"lazy\" srcset=\"https:\/\/www.dermacenter.ch\/wp-content\/uploads\/2023\/11\/DermaCenter_Portraits_2221019_RGB_Schagenhauff_Bettina_4378a_oT.jpg 1212w, https:\/\/www.dermacenter.ch\/wp-content\/uploads\/2023\/11\/DermaCenter_Portraits_2221019_RGB_Schagenhauff_Bettina_4378a_oT-300x300.jpg 300w, https:\/\/www.dermacenter.ch\/wp-content\/uploads\/2023\/11\/DermaCenter_Portraits_2221019_RGB_Schagenhauff_Bettina_4378a_oT-1024x1024.jpg 1024w, https:\/\/www.dermacenter.ch\/wp-content\/uploads\/2023\/11\/DermaCenter_Portraits_2221019_RGB_Schagenhauff_Bettina_4378a_oT-150x150.jpg 150w, https:\/\/www.dermacenter.ch\/wp-content\/uploads\/2023\/11\/DermaCenter_Portraits_2221019_RGB_Schagenhauff_Bettina_4378a_oT-768x768.jpg 768w, https:\/\/www.dermacenter.ch\/wp-content\/uploads\/2023\/11\/DermaCenter_Portraits_2221019_RGB_Schagenhauff_Bettina_4378a_oT-600x600.jpg 600w, https:\/\/www.dermacenter.ch\/wp-content\/uploads\/2023\/11\/DermaCenter_Portraits_2221019_RGB_Schagenhauff_Bettina_4378a_oT-100x100.jpg 100w, https:\/\/www.dermacenter.ch\/wp-content\/uploads\/2023\/11\/DermaCenter_Portraits_2221019_RGB_Schagenhauff_Bettina_4378a_oT-60x60.jpg 60w, https:\/\/www.dermacenter.ch\/wp-content\/uploads\/2023\/11\/DermaCenter_Portraits_2221019_RGB_Schagenhauff_Bettina_4378a_oT-90x90.jpg 90w\" sizes=\"(max-width: 1212px) 100vw, 1212px\" \/>                         <\/div>\n          <\/div><!-- box-image -->\n         \n          <div class=\"box-text text-center\" style=\"background-color:rgb(255, 216, 158);padding:10px 5px 16px 5px;\">\n                <div class=\"box-text-inner\">\n                  <h4 class=\"uppercase\">\n                    <span class=\"person-name\">Dr. med. Bettina Schlagenhauff<\/span><br\/>\n                    <span class=\"person-title is-small thin-font op-7\">\n                      Fach\u00e4rztin f\u00fcr Dermatologie Gr\u00fcnderin, Inhaberin und Leitung Dermacenter AG                    <\/span>\n                  <\/h4>\n                 <div class=\"social-icons follow-icons \" ><\/div>                 \n<p style=\"margin-top: -1.6em;\"><a href=\"https:\/\/www.dermacenter.ch\/standort-kuessnacht\/aertzteteam\/dr-med-bettina-schlagenhauff\/\">Lebenslauf<\/a><\/p>\n<div class=\"gap-element\" style=\"display:block; height:auto; padding-top:30px\" class=\"clearfix\"><\/div>\n<p><em>\u201cIch liebe meinen Beruf \u00fcber alles, da er so Vieles vereint. So kann ich z.B. meine Patienten direkt am Fortschritt der Medizin teilhaben lassen, wenn ich mich regelm\u00e4ssig mit dem wissenschaftlichen Hintergrund besch\u00e4ftige.\u201d<\/em><\/p>\n                <\/div><!-- box-text-inner -->\n          <\/div><!-- box-text -->\n    <\/div><!-- .box  -->\n\n    \n    \n<\/div><\/div>\n<div class=\"col medium-3 small-12 large-3\"  ><div class=\"col-inner\"  >\n    <div class=\"box has-hover has-hover box-text-bottom\" >\n\n                  <div class=\"box-image \" >\n           <div class=\"box-image-inner image-cover\" style=\"padding-top:100%;\">\n              <img width=\"2560\" height=\"1707\" src=\"https:\/\/www.dermacenter.ch\/wp-content\/uploads\/2021\/06\/DermaCenter_210507_2230-scaled.jpg\" class=\"attachment- size-\" alt=\"\" loading=\"lazy\" srcset=\"https:\/\/www.dermacenter.ch\/wp-content\/uploads\/2021\/06\/DermaCenter_210507_2230-scaled.jpg 2560w, https:\/\/www.dermacenter.ch\/wp-content\/uploads\/2021\/06\/DermaCenter_210507_2230-300x200.jpg 300w, https:\/\/www.dermacenter.ch\/wp-content\/uploads\/2021\/06\/DermaCenter_210507_2230-1024x683.jpg 1024w, https:\/\/www.dermacenter.ch\/wp-content\/uploads\/2021\/06\/DermaCenter_210507_2230-768x512.jpg 768w, https:\/\/www.dermacenter.ch\/wp-content\/uploads\/2021\/06\/DermaCenter_210507_2230-1536x1024.jpg 1536w, https:\/\/www.dermacenter.ch\/wp-content\/uploads\/2021\/06\/DermaCenter_210507_2230-2048x1365.jpg 2048w, https:\/\/www.dermacenter.ch\/wp-content\/uploads\/2021\/06\/DermaCenter_210507_2230-600x400.jpg 600w\" sizes=\"(max-width: 2560px) 100vw, 2560px\" \/>                         <\/div>\n          <\/div><!-- box-image -->\n         \n          <div class=\"box-text text-center\" style=\"background-color:rgb(255, 216, 158);padding:10px 5px 16px 5px;\">\n                <div class=\"box-text-inner\">\n                  <h4 class=\"uppercase\">\n                    <span class=\"person-name\">Dr. med. Daniela Haiges<\/span><br\/>\n                    <span class=\"person-title is-small thin-font op-7\">\n                      Fach\u00e4rztin f\u00fcr Dermatologie                    <\/span>\n                  <\/h4>\n                 <div class=\"social-icons follow-icons \" ><\/div>                 \n<p><a href=\"https:\/\/www.dermacenter.ch\/standort-kuessnacht\/aertzteteam\/dr-cinthya-jeanette-salgado-alpizar\/\">Lebenslauf<\/a><\/p>\n<div class=\"gap-element\" style=\"display:block; height:auto; padding-top:30px\" class=\"clearfix\"><\/div>\n<p><em>\u201cIch liebe die Arbeit im Dermacenter, da sie sehr abwechslungsreich ist: Dermatologie, Chirurgie, Allergologie, \u00c4sthetik, Laser, verschiedene Menschen, verschiedene Standorte, gute Stimmung. Das ist toll!\u201d<\/em><\/p>\n<p><em>\u00a0<\/em><\/p>\n                <\/div><!-- box-text-inner -->\n          <\/div><!-- box-text -->\n    <\/div><!-- .box  -->\n\n    \n    \n<\/div><\/div>\n<\/div>\n      <\/div><!-- .section-content -->\n\n      \n<style scope=\"scope\">\n\n#section_725837031 {\n  padding-top: 59px;\n  padding-bottom: 59px;\n  min-height: 300px;\n  background-color: rgb(255, 255, 255);\n}\n#section_725837031 .section-bg-overlay {\n  background-color: rgba(0, 0, 0, 0.19);\n}\n<\/style>\n  <\/section>\n  \n  <section class=\"section\" id=\"section_1652829949\">\n      <div class=\"bg section-bg fill bg-fill  bg-loaded\" >\n\n        \n        \n        \n        \n        \n        \n\t<div class=\"is-border\"\n\t\tstyle=\"border-color:rgb(235, 235, 235);border-width:0px 0px 0px 0px;\">\n\t<\/div>\n\n      <\/div><!-- .section-bg -->\n\n      <div class=\"section-content relative\">\n        \n<h2>Anfahrt mit dem PKW<\/h2>\n<div class=\"row row-large\"  id=\"row-133707926\">\n<div class=\"col medium-6 small-12 large-6\"  ><div class=\"col-inner\" style=\"background-color:rgb(255, 255, 255);padding:15px 15px 15px 0px;\" >\n<h3>Unsere Adresse<\/h3>\n<p><strong>Dermacenter Brunnen<\/strong><br \/>Parkstrasse 1<br \/>CH-6440 Brunnen<\/p>\n<\/div><\/div>\n<div class=\"col medium-6 small-12 large-6\"  ><div class=\"col-inner text-left\"  >\n<div class=\"icon-box-text last-reset\">\n<h3>Parkpl\u00e4tze<\/h3>\n<p><strong>Ein Parkplatz direkt vor dem Hauseingang<\/strong><\/p>\n<p>Gemeinde Parkplatz <br \/>1 Min zu Fuss (20m)<\/p>\n<\/div>\n<\/div><\/div>\n\n<style scope=\"scope\">\n\n<\/style>\n<\/div>\n      <\/div><!-- .section-content -->\n\n      \n<style scope=\"scope\">\n\n#section_1652829949 {\n  padding-top: 59px;\n  padding-bottom: 59px;\n  min-height: 300px;\n}\n<\/style>\n  <\/section>\n  \n<p><iframe style=\"border: 0;\" src=\"https:\/\/www.google.com\/maps\/embed?pb=!1m18!1m12!1m3!1d2721.2092639859684!2d8.605095383907319!3d46.99686388329463!2m3!1f0!2f0!3f0!3m2!1i1024!2i768!4f13.1!3m3!1m2!1s0x4785503a40de1a41%3A0x78baf65fd930dd24!2sHautarztpraxis+Brunnen!5e0!3m2!1sen!2sde!4v1463561738979\" width=\"100%\" height=\"500\" frameborder=\"0\" allowfullscreen=\"allowfullscreen\"><\/iframe><\/p>\n","protected":false},"excerpt":{"rendered":"<p>In unserer Hautarztpraxis in Brunnen, unter der \u00e4rztlichen Leitung von Dr. med. Oliver D\u00f6rzapf, bieten wir Ihnen ein breites Spektrum der Dermatologie, Allergologie und \u00c4sthetischen Medizin, einschliesslich Lasermedizin. Chirurgische Eingriffe werden in unserem Operationssaal durchgef\u00fchrt. Wir freuen uns darauf, Sie in unserem Dermacenter Brunnen begr\u00fcssen zu d\u00fcrfen!<\/p>\n","protected":false},"author":1,"featured_media":0,"parent":0,"menu_order":0,"comment_status":"closed","ping_status":"closed","template":"","meta":[],"yoast_head":"<!-- This site is optimized with the Yoast SEO plugin v15.5 - https:\/\/yoast.com\/wordpress\/plugins\/seo\/ -->\n<title>Dermacenter Brunnen - Dermacenter AG<\/title>\n<meta name=\"robots\" content=\"index, follow, max-snippet:-1, max-image-preview:large, max-video-preview:-1\" \/>\n<link rel=\"canonical\" href=\"https:\/\/www.dermacenter.ch\/?page_id=11700\" \/>\n<meta property=\"og:locale\" content=\"de_DE\" \/>\n<meta property=\"og:type\" content=\"article\" \/>\n<meta property=\"og:title\" content=\"Dermacenter Brunnen - Dermacenter AG\" \/>\n<meta property=\"og:description\" content=\"In unserer Hautarztpraxis in Brunnen, unter der \u00e4rztlichen Leitung von Dr. med. Oliver D\u00f6rzapf, bieten wir Ihnen ein breites Spektrum der Dermatologie, Allergologie und \u00c4sthetischen Medizin, einschliesslich Lasermedizin. Chirurgische Eingriffe werden in unserem Operationssaal durchgef\u00fchrt. Wir freuen uns darauf, Sie in unserem Dermacenter Brunnen begr\u00fcssen zu d\u00fcrfen!\" \/>\n<meta property=\"og:url\" content=\"https:\/\/www.dermacenter.ch\/?page_id=11700\" \/>\n<meta property=\"og:site_name\" content=\"Dermacenter AG\" \/>\n<meta property=\"article:modified_time\" content=\"2023-11-20T08:54:47+00:00\" \/>\n<meta name=\"twitter:card\" content=\"summary_large_image\" \/>\n<meta name=\"twitter:label1\" content=\"Gesch\u00e4tzte Lesezeit\">\n\t<meta name=\"twitter:data1\" content=\"2\u00a0Minuten\">\n<script type=\"application\/ld+json\" class=\"yoast-schema-graph\">{\"@context\":\"https:\/\/schema.org\",\"@graph\":[{\"@type\":\"WebSite\",\"@id\":\"https:\/\/www.dermacenter.ch\/#website\",\"url\":\"https:\/\/www.dermacenter.ch\/\",\"name\":\"Dermacenter AG\",\"description\":\"\",\"potentialAction\":[{\"@type\":\"SearchAction\",\"target\":\"https:\/\/www.dermacenter.ch\/?s={search_term_string}\",\"query-input\":\"required name=search_term_string\"}],\"inLanguage\":\"de\"},{\"@type\":\"WebPage\",\"@id\":\"https:\/\/www.dermacenter.ch\/?page_id=11700#webpage\",\"url\":\"https:\/\/www.dermacenter.ch\/?page_id=11700\",\"name\":\"Dermacenter Brunnen - Dermacenter AG\",\"isPartOf\":{\"@id\":\"https:\/\/www.dermacenter.ch\/#website\"},\"datePublished\":\"2021-05-21T13:01:16+00:00\",\"dateModified\":\"2023-11-20T08:54:47+00:00\",\"inLanguage\":\"de\",\"potentialAction\":[{\"@type\":\"ReadAction\",\"target\":[\"https:\/\/www.dermacenter.ch\/?page_id=11700\"]}]}]}<\/script>\n<!-- \/ Yoast SEO plugin. -->","_links":{"self":[{"href":"https:\/\/www.dermacenter.ch\/index.php?rest_route=\/wp\/v2\/pages\/11700"}],"collection":[{"href":"https:\/\/www.dermacenter.ch\/index.php?rest_route=\/wp\/v2\/pages"}],"about":[{"href":"https:\/\/www.dermacenter.ch\/index.php?rest_route=\/wp\/v2\/types\/page"}],"author":[{"embeddable":true,"href":"https:\/\/www.dermacenter.ch\/index.php?rest_route=\/wp\/v2\/users\/1"}],"replies":[{"embeddable":true,"href":"https:\/\/www.dermacenter.ch\/index.php?rest_route=%2Fwp%2Fv2%2Fcomments&post=11700"}],"version-history":[{"count":36,"href":"https:\/\/www.dermacenter.ch\/index.php?rest_route=\/wp\/v2\/pages\/11700\/revisions"}],"predecessor-version":[{"id":13814,"href":"https:\/\/www.dermacenter.ch\/index.php?rest_route=\/wp\/v2\/pages\/11700\/revisions\/13814"}],"wp:attachment":[{"href":"https:\/\/www.dermacenter.ch\/index.php?rest_route=%2Fwp%2Fv2%2Fmedia&parent=11700"}],"curies":[{"name":"wp","href":"https:\/\/api.w.org\/{rel}","templated":true}]}}