{"id":11565,"date":"2021-05-18T14:32:01","date_gmt":"2021-05-18T12:32:01","guid":{"rendered":"https:\/\/www.dermacenter.ch\/?page_id=11565"},"modified":"2026-04-30T12:42:49","modified_gmt":"2026-04-30T10:42:49","slug":"team","status":"publish","type":"page","link":"https:\/\/www.dermacenter.ch\/?page_id=11565","title":{"rendered":"Team Dermacenter"},"content":{"rendered":"<p>Die \u00c4rztinnen, \u00c4rzte und Mitarbeitenden der Dermacenter Praxen verbinden eine exzellente Ausbildung, langj\u00e4hrige Erfahrung und grosse Leidenschaft f\u00fcr die Dermatologie, \u00c4sthetische Medizin und Kosmetik.<\/p>\n<p>Wir sprechen Ihre Sprache<br \/><img loading=\"lazy\" class=\"alignnone size-medium\" src=\"https:\/\/www.dermacenter.ch\/wp-content\/uploads\/2023\/11\/\/ch.png\" width=\"18\" height=\"12\" \/> <img loading=\"lazy\" class=\"alignnone size-medium\" src=\"https:\/\/www.dermacenter.ch\/wp-content\/uploads\/2023\/11\/de.png\" width=\"18\" height=\"12\" \/> <img loading=\"lazy\" class=\"alignnone size-medium\" src=\"https:\/\/www.dermacenter.ch\/wp-content\/uploads\/2023\/11\/us.png\" width=\"18\" height=\"12\" \/> <img loading=\"lazy\" class=\"alignnone size-medium\" src=\"https:\/\/www.dermacenter.ch\/wp-content\/uploads\/2023\/11\/it.png\" width=\"18\" height=\"12\" \/> <img loading=\"lazy\" class=\"alignnone size-medium\" src=\"https:\/\/www.dermacenter.ch\/wp-content\/uploads\/2023\/11\/fr.png\" width=\"18\" height=\"12\" \/> <img loading=\"lazy\" class=\"alignnone size-medium\" src=\"https:\/\/www.dermacenter.ch\/wp-content\/uploads\/2023\/11\/pt.png\" width=\"18\" height=\"12\" \/><\/p>\n<h2>Team Dermacenter K\u00fcssnacht<\/h2>\n<h3>\u00c4RZTETEAM K\u00dcSSNACHT<\/h3>\n  <section class=\"section\" id=\"section_303796314\">\n      <div class=\"bg section-bg fill bg-fill  \" >\n\n        \n        \n        \n        \n        \n        \n\n      <\/div><!-- .section-bg -->\n\n      <div class=\"section-content relative\">\n        \n<div class=\"row row-large align-center\"  id=\"row-856491527\">\n\n<style scope=\"scope\">\n\n<\/style>\n<\/div>\n      <\/div><!-- .section-content -->\n\n      \n<style scope=\"scope\">\n\n#section_303796314 {\n  padding-top: 30px;\n  padding-bottom: 30px;\n  min-height: 321px;\n}\n#section_303796314 .section-bg.bg-loaded {\n  background-image: url(https:\/\/www.dermacenter.ch\/wp-content\/uploads\/2025\/03\/DermaCenter_210507_2167_v231006b-1-scaled-1.jpg);\n}\n#section_303796314 .section-bg {\n  background-position: 55% 0%;\n}\n<\/style>\n  <\/section>\n  \n<div class=\"row\"  id=\"row-1830204202\">\n<div class=\"col medium-3 small-12 large-3\"  ><div class=\"col-inner\"  >\n    <div class=\"box has-hover has-hover box-text-bottom\" >\n\n                  <div class=\"box-image \" >\n           <div class=\"box-image-inner image-cover\" style=\"padding-top:100%;\">\n              <img width=\"1561\" height=\"1561\" src=\"https:\/\/www.dermacenter.ch\/wp-content\/uploads\/2021\/05\/maassen.jpg\" class=\"attachment- size-\" alt=\"\" loading=\"lazy\" srcset=\"https:\/\/www.dermacenter.ch\/wp-content\/uploads\/2021\/05\/maassen.jpg 1561w, https:\/\/www.dermacenter.ch\/wp-content\/uploads\/2021\/05\/maassen-300x300.jpg 300w, https:\/\/www.dermacenter.ch\/wp-content\/uploads\/2021\/05\/maassen-1024x1024.jpg 1024w, https:\/\/www.dermacenter.ch\/wp-content\/uploads\/2021\/05\/maassen-150x150.jpg 150w, https:\/\/www.dermacenter.ch\/wp-content\/uploads\/2021\/05\/maassen-768x768.jpg 768w, https:\/\/www.dermacenter.ch\/wp-content\/uploads\/2021\/05\/maassen-1536x1536.jpg 1536w, https:\/\/www.dermacenter.ch\/wp-content\/uploads\/2021\/05\/maassen-600x600.jpg 600w, https:\/\/www.dermacenter.ch\/wp-content\/uploads\/2021\/05\/maassen-100x100.jpg 100w\" sizes=\"(max-width: 1561px) 100vw, 1561px\" \/>                         <\/div>\n          <\/div><!-- box-image -->\n         \n          <div class=\"box-text text-center\" style=\"background-color:rgb(255, 209, 148);padding:0px 5px 18px 5;\">\n                <div class=\"box-text-inner\">\n                  <h4 class=\"uppercase\">\n                    <span class=\"person-name\">Dr. med. Caroline Maassen<\/span><br\/>\n                    <span class=\"person-title is-small thin-font op-7\">\n                      Fach\u00e4rztin f\u00fcr Dermatologie  - Gr\u00fcnderin und Leitung Dermacenter AG                    <\/span>\n                  <\/h4>\n                 <div class=\"social-icons follow-icons \" ><\/div>                 \n<p style=\"margin-top: -1.6em;\"><a href=\"https:\/\/www.dermacenter.ch\/standort-kuessnacht\/aertzteteam\/dr-med-anna-caroline-maassen\/\">Lebenslauf<\/a><\/p>\n<div class=\"gap-element\" style=\"display:block; height:auto; padding-top:30px\" class=\"clearfix\"><\/div>\n<p><em>&#8220;\u00c4rztin war seit jeher mein Berufswunsch, da ich mich schon immer f\u00fcr Menschen und Biologie interessiert habe. Als Haut\u00e4rztin kann ich zus\u00e4tzlich meinen Sinn f\u00fcr das Visuelle verwirklichen und zuweilen mit Blickdiagnosen rasch helfen.&#8221;<\/em><\/p>\n                <\/div><!-- box-text-inner -->\n          <\/div><!-- box-text -->\n    <\/div><!-- .box  -->\n\n    \n    \n<\/div><\/div>\n<div class=\"col medium-3 small-12 large-3\"  ><div class=\"col-inner\"  >\n    <div class=\"box has-hover has-hover box-text-bottom\" >\n\n                  <div class=\"box-image \" >\n           <div class=\"box-image-inner image-cover\" style=\"padding-top:100%;\">\n              <img width=\"1212\" height=\"1212\" src=\"https:\/\/www.dermacenter.ch\/wp-content\/uploads\/2023\/11\/DermaCenter_Portraits_2221019_RGB_Schagenhauff_Bettina_4378a_oT.jpg\" class=\"attachment- size-\" alt=\"\" loading=\"lazy\" srcset=\"https:\/\/www.dermacenter.ch\/wp-content\/uploads\/2023\/11\/DermaCenter_Portraits_2221019_RGB_Schagenhauff_Bettina_4378a_oT.jpg 1212w, https:\/\/www.dermacenter.ch\/wp-content\/uploads\/2023\/11\/DermaCenter_Portraits_2221019_RGB_Schagenhauff_Bettina_4378a_oT-300x300.jpg 300w, https:\/\/www.dermacenter.ch\/wp-content\/uploads\/2023\/11\/DermaCenter_Portraits_2221019_RGB_Schagenhauff_Bettina_4378a_oT-1024x1024.jpg 1024w, https:\/\/www.dermacenter.ch\/wp-content\/uploads\/2023\/11\/DermaCenter_Portraits_2221019_RGB_Schagenhauff_Bettina_4378a_oT-150x150.jpg 150w, https:\/\/www.dermacenter.ch\/wp-content\/uploads\/2023\/11\/DermaCenter_Portraits_2221019_RGB_Schagenhauff_Bettina_4378a_oT-768x768.jpg 768w, https:\/\/www.dermacenter.ch\/wp-content\/uploads\/2023\/11\/DermaCenter_Portraits_2221019_RGB_Schagenhauff_Bettina_4378a_oT-600x600.jpg 600w, https:\/\/www.dermacenter.ch\/wp-content\/uploads\/2023\/11\/DermaCenter_Portraits_2221019_RGB_Schagenhauff_Bettina_4378a_oT-100x100.jpg 100w, https:\/\/www.dermacenter.ch\/wp-content\/uploads\/2023\/11\/DermaCenter_Portraits_2221019_RGB_Schagenhauff_Bettina_4378a_oT-60x60.jpg 60w, https:\/\/www.dermacenter.ch\/wp-content\/uploads\/2023\/11\/DermaCenter_Portraits_2221019_RGB_Schagenhauff_Bettina_4378a_oT-90x90.jpg 90w\" sizes=\"(max-width: 1212px) 100vw, 1212px\" \/>                         <\/div>\n          <\/div><!-- box-image -->\n         \n          <div class=\"box-text text-center\" style=\"background-color:rgb(255, 209, 148);padding:8px 11px 16px 16px;\">\n                <div class=\"box-text-inner\">\n                  <h4 class=\"uppercase\">\n                    <span class=\"person-name\">Dr. med. Bettina Schlagenhauff<\/span><br\/>\n                    <span class=\"person-title is-small thin-font op-7\">\n                      Fach\u00e4rztin f\u00fcr Dermatologie  Gr\u00fcnderin und Leitung Dermacenter AG                    <\/span>\n                  <\/h4>\n                 <div class=\"social-icons follow-icons \" ><\/div>                 \n<p style=\"margin-top: -1.6em;\"><a href=\"https:\/\/www.dermacenter.ch\/standort-kuessnacht\/aertzteteam\/dr-med-bettina-schlagenhauff\/\">Lebenslauf<\/a><\/p>\n<div class=\"gap-element\" style=\"display:block; height:auto; padding-top:30px\" class=\"clearfix\"><\/div>\n<p><em>&#8220;Ich liebe meinen Beruf \u00fcber alles, da er so Vieles vereint. So kann ich z.B. meine Patienten direkt am Fortschritt der Medizin teilhaben lassen, wenn ich mich regelm\u00e4ssig mit dem wissenschaftlichen Hintergrund besch\u00e4ftige.&#8221;<\/em><\/p>\n                <\/div><!-- box-text-inner -->\n          <\/div><!-- box-text -->\n    <\/div><!-- .box  -->\n\n    \n    \n<\/div><\/div>\n<div class=\"col medium-3 small-12 large-3\"  ><div class=\"col-inner\"  >\n    <div class=\"box has-hover has-hover box-text-bottom\" >\n\n                  <div class=\"box-image \" >\n           <div class=\"box-image-inner image-cover\" style=\"padding-top:100%;\">\n              <img width=\"730\" height=\"729\" src=\"https:\/\/www.dermacenter.ch\/wp-content\/uploads\/2023\/12\/DermaCenter_210507_2114.jpg\" class=\"attachment- size-\" alt=\"\" loading=\"lazy\" srcset=\"https:\/\/www.dermacenter.ch\/wp-content\/uploads\/2023\/12\/DermaCenter_210507_2114.jpg 730w, https:\/\/www.dermacenter.ch\/wp-content\/uploads\/2023\/12\/DermaCenter_210507_2114-300x300.jpg 300w, https:\/\/www.dermacenter.ch\/wp-content\/uploads\/2023\/12\/DermaCenter_210507_2114-150x150.jpg 150w, https:\/\/www.dermacenter.ch\/wp-content\/uploads\/2023\/12\/DermaCenter_210507_2114-600x599.jpg 600w, https:\/\/www.dermacenter.ch\/wp-content\/uploads\/2023\/12\/DermaCenter_210507_2114-100x100.jpg 100w, https:\/\/www.dermacenter.ch\/wp-content\/uploads\/2023\/12\/DermaCenter_210507_2114-60x60.jpg 60w, https:\/\/www.dermacenter.ch\/wp-content\/uploads\/2023\/12\/DermaCenter_210507_2114-90x90.jpg 90w\" sizes=\"(max-width: 730px) 100vw, 730px\" \/>                         <\/div>\n          <\/div><!-- box-image -->\n         \n          <div class=\"box-text text-center\" style=\"background-color:rgb(255, 209, 148);padding:11px 5px 0px 5px;\">\n                <div class=\"box-text-inner\">\n                  <h4 class=\"uppercase\">\n                    <span class=\"person-name\">Dr. med. Birthe Stevens<\/span><br\/>\n                    <span class=\"person-title is-small thin-font op-7\">\n                      Fach\u00e4rztin f\u00fcr Dermatologie                    <\/span>\n                  <\/h4>\n                 <div class=\"social-icons follow-icons \" ><\/div>                 \n<p style=\"margin-top: -1.6em;\"><a href=\"https:\/\/www.dermacenter.ch\/standort-kuessnacht\/aertzteteam\/dr-med-birthe-stevens\/\">Lebenslauf<\/a><\/p>\n<div class=\"gap-element\" style=\"display:block; height:auto; padding-top:30px\" class=\"clearfix\"><\/div>\n<p><em>&#8220;Ich liebe die Vielseitigkeit der Dermatologie. Mein Herz schl\u00e4gt f\u00fcr die Dermatochirurgie. Den unterschiedlichsten Menschen die Angst vor einem Eingriff nehmen zu k\u00f6nnen und sie hierbei bestm\u00f6glich zu begleiten, ist meine Passion.&#8221;<\/em><\/p>\n                <\/div><!-- box-text-inner -->\n          <\/div><!-- box-text -->\n    <\/div><!-- .box  -->\n\n    \n    \n<\/div><\/div>\n<div class=\"col medium-3 small-12 large-3\"  ><div class=\"col-inner\"  >\n    <div class=\"box has-hover has-hover box-text-bottom\" >\n\n                  <div class=\"box-image \" >\n           <div class=\"box-image-inner image-cover\" style=\"padding-top:100%;\">\n              <img width=\"1500\" height=\"1500\" src=\"https:\/\/www.dermacenter.ch\/wp-content\/uploads\/2021\/10\/sparla-1.jpg\" class=\"attachment- size-\" alt=\"\" loading=\"lazy\" srcset=\"https:\/\/www.dermacenter.ch\/wp-content\/uploads\/2021\/10\/sparla-1.jpg 1500w, https:\/\/www.dermacenter.ch\/wp-content\/uploads\/2021\/10\/sparla-1-300x300.jpg 300w, https:\/\/www.dermacenter.ch\/wp-content\/uploads\/2021\/10\/sparla-1-1024x1024.jpg 1024w, https:\/\/www.dermacenter.ch\/wp-content\/uploads\/2021\/10\/sparla-1-150x150.jpg 150w, https:\/\/www.dermacenter.ch\/wp-content\/uploads\/2021\/10\/sparla-1-768x768.jpg 768w, https:\/\/www.dermacenter.ch\/wp-content\/uploads\/2021\/10\/sparla-1-600x600.jpg 600w, https:\/\/www.dermacenter.ch\/wp-content\/uploads\/2021\/10\/sparla-1-100x100.jpg 100w\" sizes=\"(max-width: 1500px) 100vw, 1500px\" \/>                         <\/div>\n          <\/div><!-- box-image -->\n         \n          <div class=\"box-text text-center\" style=\"background-color:rgb(255, 209, 148);padding:10px 5px 41px 5px;\">\n                <div class=\"box-text-inner\">\n                  <h4 class=\"uppercase\">\n                    <span class=\"person-name\">Dr. med Christina Sparla<\/span><br\/>\n                    <span class=\"person-title is-small thin-font op-7\">\n                      Fach\u00e4rztin f\u00fcr Dermatologie                    <\/span>\n                  <\/h4>\n                 <div class=\"social-icons follow-icons \" ><\/div>                 \n<p style=\"margin-top: -1.6em;\"><a href=\"https:\/\/www.dermacenter.ch\/standort-kuessnacht\/aertzteteam\/dr-med-christina-sparla\/\">Lebenslauf<\/a><\/p>\n<div class=\"gap-element\" style=\"display:block; height:auto; padding-top:30px\" class=\"clearfix\"><\/div>\n<p><em>&#8220;Jeder Patient, ob mit dermatologischem, chirurgischem, allergologischem oder kosmetischem Anliegen, ist eine Herausforderung, die mich immer wieder aufs Neue begeistert.&#8221;<\/em><\/p>\n                <\/div><!-- box-text-inner -->\n          <\/div><!-- box-text -->\n    <\/div><!-- .box  -->\n\n    \n    \n<\/div><\/div>\n<\/div>\n<div class=\"row align-center\"  id=\"row-1537365102\">\n<div class=\"col hidden medium-3 small-12 large-3\"  ><div class=\"col-inner\"  >\n    <div class=\"box has-hover has-hover box-text-bottom\" >\n\n                  <div class=\"box-image \" >\n           <div class=\"box-image-inner image-cover\" style=\"padding-top:100%;\">\n                                       <\/div>\n          <\/div><!-- box-image -->\n         \n          <div class=\"box-text text-center\" style=\"background-color:rgb(255, 209, 148);padding:10px 5px 60px 5px;\">\n                <div class=\"box-text-inner\">\n                  <h4 class=\"uppercase\">\n                    <span class=\"person-name\">Dr. med. (R) Robert Nienstedt<\/span><br\/>\n                    <span class=\"person-title is-small thin-font op-7\">\n                      ASSISTENZARZT F\u00dcR DERMATOLOGIE                    <\/span>\n                  <\/h4>\n                 <div class=\"social-icons follow-icons \" ><\/div>                 \n<p style=\"margin-top: -1.6em;\"><a href=\"https:\/\/www.dermacenter.ch\/standort-kuessnacht\/aertzteteam\/4336-2\/\">Lebenslauf<\/a><\/p>\n<div class=\"gap-element\" style=\"display:block; height:auto; padding-top:30px\" class=\"clearfix\"><\/div>\n<p><em>&#8220;Wir behandeln Menschen und keine Diagnosen. Es ist mir besonders wichtig, das Gesamtbild der Patientinnen und Patienten zu betrachten und langfristige Therapie- und Pr\u00e4ventionskonzepte zu finden.&#8221;<\/em><\/p>\n                <\/div><!-- box-text-inner -->\n          <\/div><!-- box-text -->\n    <\/div><!-- .box  -->\n\n    \n    \n<\/div><\/div>\n<div class=\"col medium-3 small-12 large-3\"  ><div class=\"col-inner\" style=\"margin:0px 0px 0px 3px;\" >\n    <div class=\"box has-hover has-hover box-text-bottom\" >\n\n                  <div class=\"box-image \" >\n           <div class=\"box-image-inner image-cover\" style=\"padding-top:100%;\">\n              <img width=\"1000\" height=\"1000\" src=\"https:\/\/www.dermacenter.ch\/wp-content\/uploads\/2023\/11\/DermaCenter_Portraits_2221019_RGB_Tenyi_Viktor_3926_oT-1.jpg\" class=\"attachment- size-\" alt=\"\" loading=\"lazy\" srcset=\"https:\/\/www.dermacenter.ch\/wp-content\/uploads\/2023\/11\/DermaCenter_Portraits_2221019_RGB_Tenyi_Viktor_3926_oT-1.jpg 1000w, https:\/\/www.dermacenter.ch\/wp-content\/uploads\/2023\/11\/DermaCenter_Portraits_2221019_RGB_Tenyi_Viktor_3926_oT-1-300x300.jpg 300w, https:\/\/www.dermacenter.ch\/wp-content\/uploads\/2023\/11\/DermaCenter_Portraits_2221019_RGB_Tenyi_Viktor_3926_oT-1-150x150.jpg 150w, https:\/\/www.dermacenter.ch\/wp-content\/uploads\/2023\/11\/DermaCenter_Portraits_2221019_RGB_Tenyi_Viktor_3926_oT-1-768x768.jpg 768w, https:\/\/www.dermacenter.ch\/wp-content\/uploads\/2023\/11\/DermaCenter_Portraits_2221019_RGB_Tenyi_Viktor_3926_oT-1-600x600.jpg 600w, https:\/\/www.dermacenter.ch\/wp-content\/uploads\/2023\/11\/DermaCenter_Portraits_2221019_RGB_Tenyi_Viktor_3926_oT-1-100x100.jpg 100w, https:\/\/www.dermacenter.ch\/wp-content\/uploads\/2023\/11\/DermaCenter_Portraits_2221019_RGB_Tenyi_Viktor_3926_oT-1-60x60.jpg 60w, https:\/\/www.dermacenter.ch\/wp-content\/uploads\/2023\/11\/DermaCenter_Portraits_2221019_RGB_Tenyi_Viktor_3926_oT-1-90x90.jpg 90w\" sizes=\"(max-width: 1000px) 100vw, 1000px\" \/>                         <\/div>\n          <\/div><!-- box-image -->\n         \n          <div class=\"box-text text-center\" style=\"background-color:rgb(255, 209, 148);padding:10px 26px 60px 25px;\">\n                <div class=\"box-text-inner\">\n                  <h4 class=\"uppercase\">\n                    <span class=\"person-name\">Dr. med. (SI) Viktor Tenyi<\/span><br\/>\n                    <span class=\"person-title is-small thin-font op-7\">\n                      FACHARZT F\u00dcR DERMATOLOGIE                    <\/span>\n                  <\/h4>\n                 <div class=\"social-icons follow-icons \" ><\/div>                 \n<p style=\"margin-top: -1.6em;\"><a href=\"https:\/\/www.dermacenter.ch\/standort-kuessnacht\/aertzteteam\/dr-viktor-tenyi\/\">Lebenslauf<\/a><\/p>\n<div class=\"gap-element\" style=\"display:block; height:auto; padding-top:30px\" class=\"clearfix\"><\/div>\n<p><em>&#8220;Ich bin mit Leib und Seele Dermatologe und behandele meine Patienten nach dem Motto: \u00abSei gut zu deiner Haut. Du wirst sie f\u00fcr den Rest deines Lebens tragen.\u00bb&#8221;<\/em><\/p>\n                <\/div><!-- box-text-inner -->\n          <\/div><!-- box-text -->\n    <\/div><!-- .box  -->\n\n    \n    \n<\/div><\/div>\n<div class=\"col medium-3 small-12 large-3\"  ><div class=\"col-inner\"  >\n    <div class=\"box has-hover has-hover box-text-bottom\" >\n\n                  <div class=\"box-image \" >\n           <div class=\"box-image-inner image-cover\" style=\"padding-top:100%;\">\n              <img width=\"2364\" height=\"2365\" src=\"https:\/\/www.dermacenter.ch\/wp-content\/uploads\/2021\/05\/hauges.jpg\" class=\"attachment- size-\" alt=\"\" loading=\"lazy\" srcset=\"https:\/\/www.dermacenter.ch\/wp-content\/uploads\/2021\/05\/hauges.jpg 2364w, https:\/\/www.dermacenter.ch\/wp-content\/uploads\/2021\/05\/hauges-300x300.jpg 300w, https:\/\/www.dermacenter.ch\/wp-content\/uploads\/2021\/05\/hauges-1024x1024.jpg 1024w, https:\/\/www.dermacenter.ch\/wp-content\/uploads\/2021\/05\/hauges-150x150.jpg 150w, https:\/\/www.dermacenter.ch\/wp-content\/uploads\/2021\/05\/hauges-768x768.jpg 768w, https:\/\/www.dermacenter.ch\/wp-content\/uploads\/2021\/05\/hauges-1536x1536.jpg 1536w, https:\/\/www.dermacenter.ch\/wp-content\/uploads\/2021\/05\/hauges-2048x2048.jpg 2048w, https:\/\/www.dermacenter.ch\/wp-content\/uploads\/2021\/05\/hauges-600x600.jpg 600w, https:\/\/www.dermacenter.ch\/wp-content\/uploads\/2021\/05\/hauges-100x100.jpg 100w\" sizes=\"(max-width: 2364px) 100vw, 2364px\" \/>                         <\/div>\n          <\/div><!-- box-image -->\n         \n          <div class=\"box-text text-center\" style=\"background-color:rgb(255, 209, 148);padding:10px 5px 0px 5px;\">\n                <div class=\"box-text-inner\">\n                  <h4 class=\"uppercase\">\n                    <span class=\"person-name\">Dr. med. Daniela Haiges<\/span><br\/>\n                    <span class=\"person-title is-small thin-font op-7\">\n                      Fach\u00e4rztin f\u00fcr Dermatologie                    <\/span>\n                  <\/h4>\n                 <div class=\"social-icons follow-icons \" ><\/div>                 \n<p style=\"margin-top: -1.6em;\"><a href=\"https:\/\/www.dermacenter.ch\/standort-kuessnacht\/aertzteteam\/dr-cinthya-jeanette-salgado-alpizar\/\">Lebenslauf<\/a><\/p>\n<div class=\"gap-element\" style=\"display:block; height:auto; padding-top:30px\" class=\"clearfix\"><\/div>\n<p><em>&#8220;Ich liebe die Arbeit im Dermacenter, da sie sehr abwechslungsreich ist: Dermatologie, Chirurgie, Allergologie, \u00c4sthetik, Laser, verschiedene Menschen, verschiedene Standorte, gute Stimmung. Das ist toll!&#8221;<\/em><\/p>\n                <\/div><!-- box-text-inner -->\n          <\/div><!-- box-text -->\n    <\/div><!-- .box  -->\n\n    \n    \n<\/div><\/div>\n<div class=\"col medium-3 small-12 large-3\"  ><div class=\"col-inner\"  >\n    <div class=\"box has-hover has-hover box-text-bottom\" >\n\n                  <div class=\"box-image \" >\n           <div class=\"box-image-inner image-cover\" style=\"padding-top:100%;\">\n              <img width=\"500\" height=\"500\" src=\"https:\/\/www.dermacenter.ch\/wp-content\/uploads\/2025\/07\/Dr.-Michael-Blank.png\" class=\"attachment- size-\" alt=\"\" loading=\"lazy\" srcset=\"https:\/\/www.dermacenter.ch\/wp-content\/uploads\/2025\/07\/Dr.-Michael-Blank.png 500w, https:\/\/www.dermacenter.ch\/wp-content\/uploads\/2025\/07\/Dr.-Michael-Blank-300x300.png 300w, https:\/\/www.dermacenter.ch\/wp-content\/uploads\/2025\/07\/Dr.-Michael-Blank-150x150.png 150w, https:\/\/www.dermacenter.ch\/wp-content\/uploads\/2025\/07\/Dr.-Michael-Blank-100x100.png 100w, https:\/\/www.dermacenter.ch\/wp-content\/uploads\/2025\/07\/Dr.-Michael-Blank-60x60.png 60w, https:\/\/www.dermacenter.ch\/wp-content\/uploads\/2025\/07\/Dr.-Michael-Blank-90x90.png 90w\" sizes=\"(max-width: 500px) 100vw, 500px\" \/>                         <\/div>\n          <\/div><!-- box-image -->\n         \n          <div class=\"box-text text-center\" style=\"background-color:rgb(255, 209, 148);padding:10px 26px 60px 25px;\">\n                <div class=\"box-text-inner\">\n                  <h4 class=\"uppercase\">\n                    <span class=\"person-name\">Dr. med. Michael Blank<\/span><br\/>\n                    <span class=\"person-title is-small thin-font op-7\">\n                      Assistenzarzt F\u00dcR DERMATOLOGIE                    <\/span>\n                  <\/h4>\n                 <div class=\"social-icons follow-icons \" ><\/div>                 \n<p style=\"margin-top: -1.6em;\"><a href=\"https:\/\/www.dermacenter.ch\/standort-kuessnacht\/aertzteteam\/dr-michael-blank\/\">Lebenslauf<\/a><\/p>\n<div class=\"gap-element\" style=\"display:block; height:auto; padding-top:30px\" class=\"clearfix\"><\/div>\n<p><em>&#8220;Moderne Dermatologie verbindet wissenschaftichen Fortschritt mit klinischer Pr\u00e4zision. F\u00fcr mich steht dabei immer der Mensch im Mittelpunkt &#8211; evidenzbasiert, individuell, empathisch.&#8221;<\/em><\/p>\n                <\/div><!-- box-text-inner -->\n          <\/div><!-- box-text -->\n    <\/div><!-- .box  -->\n\n    \n    \n<\/div><\/div>\n<div class=\"col medium-3 small-12 large-3\"  ><div class=\"col-inner\"  >\n    <div class=\"box has-hover has-hover box-text-bottom\" >\n\n                  <div class=\"box-image \" >\n           <div class=\"box-image-inner image-cover\" style=\"padding-top:100%;\">\n              <img width=\"2459\" height=\"2459\" src=\"https:\/\/www.dermacenter.ch\/wp-content\/uploads\/2024\/12\/image_1236502916.jpg\" class=\"attachment- size-\" alt=\"\" loading=\"lazy\" srcset=\"https:\/\/www.dermacenter.ch\/wp-content\/uploads\/2024\/12\/image_1236502916.jpg 2459w, https:\/\/www.dermacenter.ch\/wp-content\/uploads\/2024\/12\/image_1236502916-300x300.jpg 300w, https:\/\/www.dermacenter.ch\/wp-content\/uploads\/2024\/12\/image_1236502916-1024x1024.jpg 1024w, https:\/\/www.dermacenter.ch\/wp-content\/uploads\/2024\/12\/image_1236502916-150x150.jpg 150w, https:\/\/www.dermacenter.ch\/wp-content\/uploads\/2024\/12\/image_1236502916-768x768.jpg 768w, https:\/\/www.dermacenter.ch\/wp-content\/uploads\/2024\/12\/image_1236502916-1536x1536.jpg 1536w, https:\/\/www.dermacenter.ch\/wp-content\/uploads\/2024\/12\/image_1236502916-2048x2048.jpg 2048w, https:\/\/www.dermacenter.ch\/wp-content\/uploads\/2024\/12\/image_1236502916-600x600.jpg 600w, https:\/\/www.dermacenter.ch\/wp-content\/uploads\/2024\/12\/image_1236502916-100x100.jpg 100w, https:\/\/www.dermacenter.ch\/wp-content\/uploads\/2024\/12\/image_1236502916-60x60.jpg 60w, https:\/\/www.dermacenter.ch\/wp-content\/uploads\/2024\/12\/image_1236502916-90x90.jpg 90w\" sizes=\"(max-width: 2459px) 100vw, 2459px\" \/>                         <\/div>\n          <\/div><!-- box-image -->\n         \n          <div class=\"box-text text-center\" style=\"background-color:rgb(255, 209, 148);padding:10px 26px 60px 25px;\">\n                <div class=\"box-text-inner\">\n                  <h4 class=\"uppercase\">\n                    <span class=\"person-name\">Dr. medic. (RO) Antonela Stiube<\/span><br\/>\n                    <span class=\"person-title is-small thin-font op-7\">\n                      Assistenz\u00e4rztin f\u00fcr Dermatologie                    <\/span>\n                  <\/h4>\n                 <div class=\"social-icons follow-icons \" ><\/div>                 \n<p style=\"margin-top: -1.6em;\"><a href=\"https:\/\/www.dermacenter.ch\/standort-kuessnacht\/aertzteteam\/antonela-stiube\/\">Lebenslauf<\/a><\/p>\n<div class=\"gap-element\" style=\"display:block; height:auto; padding-top:30px\" class=\"clearfix\"><\/div>\n<p><em>&#8220;An der Dermatologie begeistern mich die visuelle Diagnostik, die pr\u00e4zise Arbeit in der Dermatochirurgie und die M\u00f6glichkeit, im \u00e4sthetischen Bereich das Selbstbewusstsein der Patienten zu st\u00e4rken. Dieses vielseitige Fachgebiet vereint Medizin, Kunst und stetige Weiterentwicklung \u2013 eine Kombination, die mich t\u00e4glich aufs Neue inspiriert.&#8221;<\/em><\/p>\n                <\/div><!-- box-text-inner -->\n          <\/div><!-- box-text -->\n    <\/div><!-- .box  -->\n\n    \n    \n<\/div><\/div>\n\n<style scope=\"scope\">\n\n<\/style>\n<\/div>\n<div class=\"row align-center\"  id=\"row-2080481732\">\n<div class=\"col hidden medium-3 small-12 large-3\"  ><div class=\"col-inner\"  >\n    <div class=\"box has-hover has-hover box-text-bottom\" >\n\n                  <div class=\"box-image \" >\n           <div class=\"box-image-inner image-cover\" style=\"padding-top:100%;\">\n                                       <\/div>\n          <\/div><!-- box-image -->\n         \n          <div class=\"box-text text-center\" style=\"background-color:rgb(255, 209, 148);padding:10px 5px 60px 5px;\">\n                <div class=\"box-text-inner\">\n                  <h4 class=\"uppercase\">\n                    <span class=\"person-name\">Dr. med. (R) Robert Nienstedt<\/span><br\/>\n                    <span class=\"person-title is-small thin-font op-7\">\n                      ASSISTENZARZT F\u00dcR DERMATOLOGIE                    <\/span>\n                  <\/h4>\n                 <div class=\"social-icons follow-icons \" ><\/div>                 \n<p style=\"margin-top: -1.6em;\"><a href=\"https:\/\/www.dermacenter.ch\/standort-kuessnacht\/aertzteteam\/4336-2\/\">Lebenslauf<\/a><\/p>\n<div class=\"gap-element\" style=\"display:block; height:auto; padding-top:30px\" class=\"clearfix\"><\/div>\n<p><em>&#8220;Wir behandeln Menschen und keine Diagnosen. Es ist mir besonders wichtig, das Gesamtbild der Patientinnen und Patienten zu betrachten und langfristige Therapie- und Pr\u00e4ventionskonzepte zu finden.&#8221;<\/em><\/p>\n                <\/div><!-- box-text-inner -->\n          <\/div><!-- box-text -->\n    <\/div><!-- .box  -->\n\n    \n    \n<\/div><\/div>\n<div class=\"col medium-3 small-12 large-3\"  ><div class=\"col-inner\" style=\"margin:0px 0px 0px 3px;\" >\n    <div class=\"box has-hover has-hover box-text-bottom\" >\n\n                  <div class=\"box-image \" >\n           <div class=\"box-image-inner image-cover\" style=\"padding-top:100%;\">\n              <img width=\"1920\" height=\"2560\" src=\"https:\/\/www.dermacenter.ch\/wp-content\/uploads\/2025\/07\/Foto-christian-thumbnail_Facetune_06-07-2025-21-03-11.jpg\" class=\"attachment- size-\" alt=\"\" loading=\"lazy\" srcset=\"https:\/\/www.dermacenter.ch\/wp-content\/uploads\/2025\/07\/Foto-christian-thumbnail_Facetune_06-07-2025-21-03-11.jpg 1920w, https:\/\/www.dermacenter.ch\/wp-content\/uploads\/2025\/07\/Foto-christian-thumbnail_Facetune_06-07-2025-21-03-11-225x300.jpg 225w, https:\/\/www.dermacenter.ch\/wp-content\/uploads\/2025\/07\/Foto-christian-thumbnail_Facetune_06-07-2025-21-03-11-768x1024.jpg 768w, https:\/\/www.dermacenter.ch\/wp-content\/uploads\/2025\/07\/Foto-christian-thumbnail_Facetune_06-07-2025-21-03-11-1152x1536.jpg 1152w, https:\/\/www.dermacenter.ch\/wp-content\/uploads\/2025\/07\/Foto-christian-thumbnail_Facetune_06-07-2025-21-03-11-1536x2048.jpg 1536w, https:\/\/www.dermacenter.ch\/wp-content\/uploads\/2025\/07\/Foto-christian-thumbnail_Facetune_06-07-2025-21-03-11-600x800.jpg 600w, https:\/\/www.dermacenter.ch\/wp-content\/uploads\/2025\/07\/Foto-christian-thumbnail_Facetune_06-07-2025-21-03-11-45x60.jpg 45w, https:\/\/www.dermacenter.ch\/wp-content\/uploads\/2025\/07\/Foto-christian-thumbnail_Facetune_06-07-2025-21-03-11-68x90.jpg 68w\" sizes=\"(max-width: 1920px) 100vw, 1920px\" \/>                         <\/div>\n          <\/div><!-- box-image -->\n         \n          <div class=\"box-text text-center\" style=\"background-color:rgb(255, 209, 148);padding:10px 5px 0px 5px;\">\n                <div class=\"box-text-inner\">\n                  <h4 class=\"uppercase\">\n                    <span class=\"person-name\">Dr. med. Christian Sch\u00fctz<\/span><br\/>\n                    <span class=\"person-title is-small thin-font op-7\">\n                      Assistenzarzt f\u00fcr Dermatologie                    <\/span>\n                  <\/h4>\n                 <div class=\"social-icons follow-icons \" ><\/div>                 \n<p style=\"margin-top: -1.6em;\"><a href=\"https:\/\/www.dermacenter.ch\/standort-kuessnacht\/aertzteteam\/dr-christian-schuetz\/\">Lebenslauf<\/a><\/p>\n<div class=\"gap-element\" style=\"display:block; height:auto; padding-top:30px\" class=\"clearfix\"><\/div>\n<p><em>&#8220;An der Dermatologie begeistert mich das breite Spektrum an Krankheitsbildern und die stetig neu erforschten Therapiem\u00f6glichkeiten durch welche man den Patienten zu mehr Lebensqualit\u00e4t verhelfen kann.&#8221;<\/em><\/p>\n                <\/div><!-- box-text-inner -->\n          <\/div><!-- box-text -->\n    <\/div><!-- .box  -->\n\n    \n    \n<\/div><\/div>\n<div class=\"col medium-3 small-12 large-3\"  ><div class=\"col-inner\"  >\n    <div class=\"box has-hover has-hover box-text-bottom\" >\n\n                  <div class=\"box-image \" >\n           <div class=\"box-image-inner image-cover\" style=\"padding-top:100%;\">\n              <img width=\"1919\" height=\"2560\" src=\"https:\/\/www.dermacenter.ch\/wp-content\/uploads\/2025\/07\/Julia-scaled.jpg\" class=\"attachment- size-\" alt=\"\" loading=\"lazy\" srcset=\"https:\/\/www.dermacenter.ch\/wp-content\/uploads\/2025\/07\/Julia-scaled.jpg 1919w, https:\/\/www.dermacenter.ch\/wp-content\/uploads\/2025\/07\/Julia-225x300.jpg 225w, https:\/\/www.dermacenter.ch\/wp-content\/uploads\/2025\/07\/Julia-767x1024.jpg 767w, https:\/\/www.dermacenter.ch\/wp-content\/uploads\/2025\/07\/Julia-768x1025.jpg 768w, https:\/\/www.dermacenter.ch\/wp-content\/uploads\/2025\/07\/Julia-1151x1536.jpg 1151w, https:\/\/www.dermacenter.ch\/wp-content\/uploads\/2025\/07\/Julia-1535x2048.jpg 1535w, https:\/\/www.dermacenter.ch\/wp-content\/uploads\/2025\/07\/Julia-600x801.jpg 600w, https:\/\/www.dermacenter.ch\/wp-content\/uploads\/2025\/07\/Julia-45x60.jpg 45w, https:\/\/www.dermacenter.ch\/wp-content\/uploads\/2025\/07\/Julia-67x90.jpg 67w\" sizes=\"(max-width: 1919px) 100vw, 1919px\" \/>                         <\/div>\n          <\/div><!-- box-image -->\n         \n          <div class=\"box-text text-center\" style=\"background-color:rgb(255, 209, 148);padding:10px 5px 0px 5px;\">\n                <div class=\"box-text-inner\">\n                  <h4 class=\"uppercase\">\n                    <span class=\"person-name\">Dr. Med. Julia Schiltknecht<\/span><br\/>\n                    <span class=\"person-title is-small thin-font op-7\">\n                      Assistenz\u00e4rztin f\u00fcr Dermatologie                    <\/span>\n                  <\/h4>\n                 <div class=\"social-icons follow-icons \" ><\/div>                 \n<p style=\"margin-top: -1.6em;\"><a href=\"https:\/\/www.dermacenter.ch\/standort-kuessnacht\/aertzteteam\/dr-julia-schiltknecht\/\">Lebenslauf<\/a><\/p>\n<div class=\"gap-element\" style=\"display:block; height:auto; padding-top:30px\" class=\"clearfix\"><\/div>\n<p><em>&#8220;Ich liebe die Dermatologie, weil sie so vielf\u00e4ltig ist \u2013 von der schnellen Hilfe bei akuten Problemen bis hin zur langfristigen Begleitung in der Tumornachsorge. Es ist erf\u00fcllend, Patienten jeden Alters zu betreuen und durch vielf\u00e4ltige Diagnosen und Behandlungen einen echten Unterschied zu machen.&#8221;<\/em><\/p>\n                <\/div><!-- box-text-inner -->\n          <\/div><!-- box-text -->\n    <\/div><!-- .box  -->\n\n    \n    \n<\/div><\/div>\n<div class=\"col medium-3 small-12 large-3\"  ><div class=\"col-inner\"  >\n<\/div><\/div>\n<div class=\"col medium-3 small-12 large-3\"  ><div class=\"col-inner\"  >\n<\/div><\/div>\n\n<style scope=\"scope\">\n\n<\/style>\n<\/div>\n<h3>TEAM DERMAPRAXIS K\u00dcSSNACHT<\/h3>\n\n<div class=\"row\"  id=\"row-1327477018\">\n<div class=\"col medium-3 small-12 large-3\"  ><div class=\"col-inner\"  >\n    <div class=\"box has-hover has-hover box-text-bottom\" >\n\n                  <div class=\"box-image \" >\n           <div class=\"box-image-inner image-cover\" style=\"padding-top:100%;\">\n              <img width=\"2178\" height=\"2178\" src=\"https:\/\/www.dermacenter.ch\/wp-content\/uploads\/2021\/05\/Gwerder.jpg\" class=\"attachment- size-\" alt=\"\" loading=\"lazy\" srcset=\"https:\/\/www.dermacenter.ch\/wp-content\/uploads\/2021\/05\/Gwerder.jpg 2178w, https:\/\/www.dermacenter.ch\/wp-content\/uploads\/2021\/05\/Gwerder-300x300.jpg 300w, https:\/\/www.dermacenter.ch\/wp-content\/uploads\/2021\/05\/Gwerder-1024x1024.jpg 1024w, https:\/\/www.dermacenter.ch\/wp-content\/uploads\/2021\/05\/Gwerder-150x150.jpg 150w, https:\/\/www.dermacenter.ch\/wp-content\/uploads\/2021\/05\/Gwerder-768x768.jpg 768w, https:\/\/www.dermacenter.ch\/wp-content\/uploads\/2021\/05\/Gwerder-1536x1536.jpg 1536w, https:\/\/www.dermacenter.ch\/wp-content\/uploads\/2021\/05\/Gwerder-2048x2048.jpg 2048w, https:\/\/www.dermacenter.ch\/wp-content\/uploads\/2021\/05\/Gwerder-600x600.jpg 600w, https:\/\/www.dermacenter.ch\/wp-content\/uploads\/2021\/05\/Gwerder-100x100.jpg 100w\" sizes=\"(max-width: 2178px) 100vw, 2178px\" \/>                         <\/div>\n          <\/div><!-- box-image -->\n         \n          <div class=\"box-text text-center\" style=\"background-color:rgb(255, 209, 148);padding:10px 5px 0px 5px;\">\n                <div class=\"box-text-inner\">\n                  <h4 class=\"uppercase\">\n                    <span class=\"person-name\">Cornelia Gwerder<\/span><br\/>\n                    <span class=\"person-title is-small thin-font op-7\">\n                      Leitende Praxisassistentin                    <\/span>\n                  <\/h4>\n                 <div class=\"social-icons follow-icons \" ><\/div>                 \n<div class=\"gap-element\" style=\"display:block; height:auto; padding-top:30px\" class=\"clearfix\"><\/div>\n<p><em>&#8220;Ich sch\u00e4tze an meinem Beruf die Vielseitigkeit, einerseits die Betreuung der Patienten, andererseits die administrativen T\u00e4tigkeiten.&#8221;<\/em><\/p>\n                <\/div><!-- box-text-inner -->\n          <\/div><!-- box-text -->\n    <\/div><!-- .box  -->\n\n    \n    \n<\/div><\/div>\n<div class=\"col medium-3 small-12 large-3\"  ><div class=\"col-inner\"  >\n    <div class=\"box has-hover has-hover box-text-bottom\" >\n\n                  <div class=\"box-image \" >\n           <div class=\"box-image-inner image-cover\" style=\"padding-top:100%;\">\n              <img width=\"1601\" height=\"1600\" src=\"https:\/\/www.dermacenter.ch\/wp-content\/uploads\/2021\/05\/Costantini.jpg\" class=\"attachment- size-\" alt=\"\" loading=\"lazy\" srcset=\"https:\/\/www.dermacenter.ch\/wp-content\/uploads\/2021\/05\/Costantini.jpg 1601w, https:\/\/www.dermacenter.ch\/wp-content\/uploads\/2021\/05\/Costantini-300x300.jpg 300w, https:\/\/www.dermacenter.ch\/wp-content\/uploads\/2021\/05\/Costantini-1024x1024.jpg 1024w, https:\/\/www.dermacenter.ch\/wp-content\/uploads\/2021\/05\/Costantini-150x150.jpg 150w, https:\/\/www.dermacenter.ch\/wp-content\/uploads\/2021\/05\/Costantini-768x768.jpg 768w, https:\/\/www.dermacenter.ch\/wp-content\/uploads\/2021\/05\/Costantini-1536x1536.jpg 1536w, https:\/\/www.dermacenter.ch\/wp-content\/uploads\/2021\/05\/Costantini-600x600.jpg 600w, https:\/\/www.dermacenter.ch\/wp-content\/uploads\/2021\/05\/Costantini-100x100.jpg 100w\" sizes=\"(max-width: 1601px) 100vw, 1601px\" \/>                         <\/div>\n          <\/div><!-- box-image -->\n         \n          <div class=\"box-text text-center\" style=\"background-color:rgb(255, 209, 148);padding:10px 5px 0px 5px;\">\n                <div class=\"box-text-inner\">\n                  <h4 class=\"uppercase\">\n                    <span class=\"person-name\">Milena Costantini<\/span><br\/>\n                    <span class=\"person-title is-small thin-font op-7\">\n                      Medizinische Praxisassistentin                    <\/span>\n                  <\/h4>\n                 <div class=\"social-icons follow-icons \" ><\/div>                 \n<div class=\"gap-element\" style=\"display:block; height:auto; padding-top:30px\" class=\"clearfix\"><\/div>\n<p><em>&#8220;Im Dermacenter gef\u00e4llt mir die Vielfalt im medizinischen und kosmetischen Bereich. Besonders die tolle Zusammenarbeit zwischen Arzt, Patienten und MPA begeistert mich.&#8221;<\/em><\/p>\n                <\/div><!-- box-text-inner -->\n          <\/div><!-- box-text -->\n    <\/div><!-- .box  -->\n\n    \n    \n<\/div><\/div>\n<div class=\"col medium-3 small-12 large-3\"  ><div class=\"col-inner\"  >\n    <div class=\"box has-hover has-hover box-text-bottom\" >\n\n                  <div class=\"box-image \" >\n           <div class=\"box-image-inner image-cover\" style=\"padding-top:100%;\">\n              <img width=\"1974\" height=\"1974\" src=\"https:\/\/www.dermacenter.ch\/wp-content\/uploads\/2021\/05\/Schuler.jpg\" class=\"attachment- size-\" alt=\"\" loading=\"lazy\" srcset=\"https:\/\/www.dermacenter.ch\/wp-content\/uploads\/2021\/05\/Schuler.jpg 1974w, https:\/\/www.dermacenter.ch\/wp-content\/uploads\/2021\/05\/Schuler-300x300.jpg 300w, https:\/\/www.dermacenter.ch\/wp-content\/uploads\/2021\/05\/Schuler-1024x1024.jpg 1024w, https:\/\/www.dermacenter.ch\/wp-content\/uploads\/2021\/05\/Schuler-150x150.jpg 150w, https:\/\/www.dermacenter.ch\/wp-content\/uploads\/2021\/05\/Schuler-768x768.jpg 768w, https:\/\/www.dermacenter.ch\/wp-content\/uploads\/2021\/05\/Schuler-1536x1536.jpg 1536w, https:\/\/www.dermacenter.ch\/wp-content\/uploads\/2021\/05\/Schuler-600x600.jpg 600w, https:\/\/www.dermacenter.ch\/wp-content\/uploads\/2021\/05\/Schuler-100x100.jpg 100w\" sizes=\"(max-width: 1974px) 100vw, 1974px\" \/>                         <\/div>\n          <\/div><!-- box-image -->\n         \n          <div class=\"box-text text-center\" style=\"background-color:rgb(255, 209, 148);padding:10px 5px 0px 5px;\">\n                <div class=\"box-text-inner\">\n                  <h4 class=\"uppercase\">\n                    <span class=\"person-name\">Martina Schuler<\/span><br\/>\n                    <span class=\"person-title is-small thin-font op-7\">\n                      Medizinische Praxisassistentin                    <\/span>\n                  <\/h4>\n                 <div class=\"social-icons follow-icons \" ><\/div>                 \n<div class=\"gap-element\" style=\"display:block; height:auto; padding-top:30px\" class=\"clearfix\"><\/div>\n<p><em>&#8220;Als MPA sch\u00e4tze ich den abwechslungsreichen Praxisalltag hier im Dermacenter. Mich trifft man oft im OP an, da mich die chirurgischen Eingriffe einfach faszinieren.&#8221;<\/em><\/p>\n                <\/div><!-- box-text-inner -->\n          <\/div><!-- box-text -->\n    <\/div><!-- .box  -->\n\n    \n    \n<\/div><\/div>\n<div class=\"col medium-3 small-12 large-3\"  ><div class=\"col-inner\"  >\n    <div class=\"box has-hover has-hover box-text-bottom\" >\n\n                  <div class=\"box-image \" >\n           <div class=\"box-image-inner image-cover\" style=\"padding-top:100%;\">\n              <img width=\"845\" height=\"845\" src=\"https:\/\/www.dermacenter.ch\/wp-content\/uploads\/2022\/12\/Fabienne-Inderbitzin-ohne-Schrift-orange-Nah1.jpg\" class=\"attachment- size-\" alt=\"\" loading=\"lazy\" srcset=\"https:\/\/www.dermacenter.ch\/wp-content\/uploads\/2022\/12\/Fabienne-Inderbitzin-ohne-Schrift-orange-Nah1.jpg 845w, https:\/\/www.dermacenter.ch\/wp-content\/uploads\/2022\/12\/Fabienne-Inderbitzin-ohne-Schrift-orange-Nah1-300x300.jpg 300w, https:\/\/www.dermacenter.ch\/wp-content\/uploads\/2022\/12\/Fabienne-Inderbitzin-ohne-Schrift-orange-Nah1-150x150.jpg 150w, https:\/\/www.dermacenter.ch\/wp-content\/uploads\/2022\/12\/Fabienne-Inderbitzin-ohne-Schrift-orange-Nah1-768x768.jpg 768w, https:\/\/www.dermacenter.ch\/wp-content\/uploads\/2022\/12\/Fabienne-Inderbitzin-ohne-Schrift-orange-Nah1-600x600.jpg 600w, https:\/\/www.dermacenter.ch\/wp-content\/uploads\/2022\/12\/Fabienne-Inderbitzin-ohne-Schrift-orange-Nah1-100x100.jpg 100w, https:\/\/www.dermacenter.ch\/wp-content\/uploads\/2022\/12\/Fabienne-Inderbitzin-ohne-Schrift-orange-Nah1-60x60.jpg 60w, https:\/\/www.dermacenter.ch\/wp-content\/uploads\/2022\/12\/Fabienne-Inderbitzin-ohne-Schrift-orange-Nah1-90x90.jpg 90w\" sizes=\"(max-width: 845px) 100vw, 845px\" \/>                         <\/div>\n          <\/div><!-- box-image -->\n         \n          <div class=\"box-text text-center\" style=\"background-color:rgb(255, 209, 148);padding:10px 5px 20px 5px;\">\n                <div class=\"box-text-inner\">\n                  <h4 class=\"uppercase\">\n                    <span class=\"person-name\">Fabienne Inderbitzin<\/span><br\/>\n                    <span class=\"person-title is-small thin-font op-7\">\n                      Medizinische Praxisassistentin                    <\/span>\n                  <\/h4>\n                 <div class=\"social-icons follow-icons \" ><\/div>                 \n<div class=\"gap-element\" style=\"display:block; height:auto; padding-top:30px\" class=\"clearfix\"><\/div>\n<p><em>&#8220;\u00abLachen ist die sch\u00f6nste Sprache der Welt\u00bb Dank meinem Job kann ich jeden Tag mit der sch\u00f6nsten Sprache der Welt Menschen helfen und sie begleiten. Inzwischen ist es nicht mehr einfach ein Beruf, es ist meine Passion.&#8221;<\/em><\/p>\n                <\/div><!-- box-text-inner -->\n          <\/div><!-- box-text -->\n    <\/div><!-- .box  -->\n\n    \n    \n<\/div><\/div>\n<\/div>\n<div class=\"row align-center\"  id=\"row-96867021\">\n<div class=\"col medium-3 small-12 large-3\"  ><div class=\"col-inner\"  >\n    <div class=\"box has-hover has-hover box-text-bottom\" >\n\n                  <div class=\"box-image \" >\n           <div class=\"box-image-inner image-cover\" style=\"padding-top:100%;\">\n              <img width=\"1248\" height=\"1248\" src=\"https:\/\/www.dermacenter.ch\/wp-content\/uploads\/2023\/11\/DermaCenter_Portraits_2221019_RGB_Graf_Anuschka_oT.jpg\" class=\"attachment- size-\" alt=\"\" loading=\"lazy\" srcset=\"https:\/\/www.dermacenter.ch\/wp-content\/uploads\/2023\/11\/DermaCenter_Portraits_2221019_RGB_Graf_Anuschka_oT.jpg 1248w, https:\/\/www.dermacenter.ch\/wp-content\/uploads\/2023\/11\/DermaCenter_Portraits_2221019_RGB_Graf_Anuschka_oT-300x300.jpg 300w, https:\/\/www.dermacenter.ch\/wp-content\/uploads\/2023\/11\/DermaCenter_Portraits_2221019_RGB_Graf_Anuschka_oT-1024x1024.jpg 1024w, https:\/\/www.dermacenter.ch\/wp-content\/uploads\/2023\/11\/DermaCenter_Portraits_2221019_RGB_Graf_Anuschka_oT-150x150.jpg 150w, https:\/\/www.dermacenter.ch\/wp-content\/uploads\/2023\/11\/DermaCenter_Portraits_2221019_RGB_Graf_Anuschka_oT-768x768.jpg 768w, https:\/\/www.dermacenter.ch\/wp-content\/uploads\/2023\/11\/DermaCenter_Portraits_2221019_RGB_Graf_Anuschka_oT-600x600.jpg 600w, https:\/\/www.dermacenter.ch\/wp-content\/uploads\/2023\/11\/DermaCenter_Portraits_2221019_RGB_Graf_Anuschka_oT-100x100.jpg 100w, https:\/\/www.dermacenter.ch\/wp-content\/uploads\/2023\/11\/DermaCenter_Portraits_2221019_RGB_Graf_Anuschka_oT-60x60.jpg 60w, https:\/\/www.dermacenter.ch\/wp-content\/uploads\/2023\/11\/DermaCenter_Portraits_2221019_RGB_Graf_Anuschka_oT-90x90.jpg 90w\" sizes=\"(max-width: 1248px) 100vw, 1248px\" \/>                         <\/div>\n          <\/div><!-- box-image -->\n         \n          <div class=\"box-text text-center\" style=\"background-color:rgb(255, 209, 148);padding:10px 5px 20px 6px;\">\n                <div class=\"box-text-inner\">\n                  <h4 class=\"uppercase\">\n                    <span class=\"person-name\">Anuschka Graf<\/span><br\/>\n                    <span class=\"person-title is-small thin-font op-7\">\n                      Medizinische Praxisassistentin                    <\/span>\n                  <\/h4>\n                 <div class=\"social-icons follow-icons \" ><\/div>                 \n<div class=\"gap-element\" style=\"display:block; height:auto; padding-top:30px\" class=\"clearfix\"><\/div>\n<p><em>&#8220;Mit meiner aufgestellten und fr\u00f6hlichen Art versuche ich jedem Patienten ein L\u00e4cheln ins Gesicht zu zaubern und sorge f\u00fcr Sie und Ihr wohl bei uns in der Praxis. Sei es am Empfang, in der Sprechstunde oder im Operationssaal.<br \/>Mich fasziniert die Vielseitigkeit in der Dermatologie jeden Tag aufs Neue.&#8221;<\/em><\/p>\n<p>\u00a0<\/p>\n                <\/div><!-- box-text-inner -->\n          <\/div><!-- box-text -->\n    <\/div><!-- .box  -->\n\n    \n    \n<\/div><\/div>\n<div class=\"col medium-3 small-12 large-3\"  ><div class=\"col-inner\"  >\n    <div class=\"box has-hover has-hover box-text-bottom\" >\n\n                  <div class=\"box-image \" >\n           <div class=\"box-image-inner image-cover\" style=\"padding-top:100%;\">\n              <img width=\"500\" height=\"600\" src=\"https:\/\/www.dermacenter.ch\/wp-content\/uploads\/2016\/08\/dummy-prod-1.jpg\" class=\"attachment- size-\" alt=\"\" loading=\"lazy\" srcset=\"https:\/\/www.dermacenter.ch\/wp-content\/uploads\/2016\/08\/dummy-prod-1.jpg 500w, https:\/\/www.dermacenter.ch\/wp-content\/uploads\/2016\/08\/dummy-prod-1-250x300.jpg 250w\" sizes=\"(max-width: 500px) 100vw, 500px\" \/>                         <\/div>\n          <\/div><!-- box-image -->\n         \n          <div class=\"box-text text-center\" style=\"background-color:rgb(255, 209, 148);padding:10px 5px 20px 5px;\">\n                <div class=\"box-text-inner\">\n                  <h4 class=\"uppercase\">\n                    <span class=\"person-name\">Andrea Schenker<\/span><br\/>\n                    <span class=\"person-title is-small thin-font op-7\">\n                      Medizinische Praxisassistentin                    <\/span>\n                  <\/h4>\n                 <div class=\"social-icons follow-icons \" ><\/div>                 \n<div class=\"gap-element\" style=\"display:block; height:auto; padding-top:30px\" class=\"clearfix\"><\/div>\n<p><em>&#8220;Die Haut ist der Spiegel der Seele&#8221; &#8211; mit grosser Freude unterst\u00fctze ich das Dermacenter-Team in der Sprechstunde, im OP und am Telefon, wor\u00fcber ich sehr dankbar bin. Den Patienten mit einem L\u00e4cheln zu begegnen ist eine sehr wertvolle Aufgabe, die das Herz erf\u00fcllt. Tagt\u00e4glich darf ich Neues lernen und mein Wissen erweitern in einem wundervollen Team &#8211; daf\u00fcr bin ich sehr dankbar. &#8221; <\/em><\/p>\n                <\/div><!-- box-text-inner -->\n          <\/div><!-- box-text -->\n    <\/div><!-- .box  -->\n\n    \n    \n<\/div><\/div>\n<div class=\"col medium-3 small-12 large-3\"  ><div class=\"col-inner\"  >\n    <div class=\"box has-hover has-hover box-text-bottom\" >\n\n                  <div class=\"box-image \" >\n           <div class=\"box-image-inner image-cover\" style=\"padding-top:100%;\">\n              <img width=\"1440\" height=\"2560\" src=\"https:\/\/www.dermacenter.ch\/wp-content\/uploads\/2024\/08\/IMG_7746-scaled.jpg\" class=\"attachment- size-\" alt=\"\" loading=\"lazy\" srcset=\"https:\/\/www.dermacenter.ch\/wp-content\/uploads\/2024\/08\/IMG_7746-scaled.jpg 1440w, https:\/\/www.dermacenter.ch\/wp-content\/uploads\/2024\/08\/IMG_7746-169x300.jpg 169w, https:\/\/www.dermacenter.ch\/wp-content\/uploads\/2024\/08\/IMG_7746-576x1024.jpg 576w, https:\/\/www.dermacenter.ch\/wp-content\/uploads\/2024\/08\/IMG_7746-768x1365.jpg 768w, https:\/\/www.dermacenter.ch\/wp-content\/uploads\/2024\/08\/IMG_7746-864x1536.jpg 864w, https:\/\/www.dermacenter.ch\/wp-content\/uploads\/2024\/08\/IMG_7746-1152x2048.jpg 1152w, https:\/\/www.dermacenter.ch\/wp-content\/uploads\/2024\/08\/IMG_7746-600x1067.jpg 600w, https:\/\/www.dermacenter.ch\/wp-content\/uploads\/2024\/08\/IMG_7746-34x60.jpg 34w, https:\/\/www.dermacenter.ch\/wp-content\/uploads\/2024\/08\/IMG_7746-51x90.jpg 51w\" sizes=\"(max-width: 1440px) 100vw, 1440px\" \/>                         <\/div>\n          <\/div><!-- box-image -->\n         \n          <div class=\"box-text text-center\" style=\"background-color:rgb(255, 209, 148);padding:10px 5px 20px 5px;\">\n                <div class=\"box-text-inner\">\n                  <h4 class=\"uppercase\">\n                    <span class=\"person-name\">Florentina Ivan<\/span><br\/>\n                    <span class=\"person-title is-small thin-font op-7\">\n                      Medizinische Praxisassistentin                    <\/span>\n                  <\/h4>\n                 <div class=\"social-icons follow-icons \" ><\/div>                 \n<div class=\"gap-element\" style=\"display:block; height:auto; padding-top:30px\" class=\"clearfix\"><\/div>\n<p><em>&#8220;Als medizinische Assistentin vom Dermacenter, stehe ich Ihnen gerne zur Seite. Gemeinsam mit unserem kompetenten Team m\u00f6chten wir Ihre Hautgesundheit verbessern und Ihnen ein strahlendes und gesundes Hautbild verleihen.&#8221;<\/em><\/p>\n<p><em>\u00a0<\/em><\/p>\n                <\/div><!-- box-text-inner -->\n          <\/div><!-- box-text -->\n    <\/div><!-- .box  -->\n\n    \n    \n<\/div><\/div>\n<div class=\"col medium-3 small-12 large-3\"  ><div class=\"col-inner\"  >\n    <div class=\"box has-hover has-hover box-text-bottom\" >\n\n                  <div class=\"box-image \" >\n           <div class=\"box-image-inner image-cover\" style=\"padding-top:100%;\">\n              <img width=\"1414\" height=\"1414\" src=\"https:\/\/www.dermacenter.ch\/wp-content\/uploads\/2024\/12\/Bild_3.jpg\" class=\"attachment- size-\" alt=\"\" loading=\"lazy\" srcset=\"https:\/\/www.dermacenter.ch\/wp-content\/uploads\/2024\/12\/Bild_3.jpg 1414w, https:\/\/www.dermacenter.ch\/wp-content\/uploads\/2024\/12\/Bild_3-300x300.jpg 300w, https:\/\/www.dermacenter.ch\/wp-content\/uploads\/2024\/12\/Bild_3-1024x1024.jpg 1024w, https:\/\/www.dermacenter.ch\/wp-content\/uploads\/2024\/12\/Bild_3-150x150.jpg 150w, https:\/\/www.dermacenter.ch\/wp-content\/uploads\/2024\/12\/Bild_3-768x768.jpg 768w, https:\/\/www.dermacenter.ch\/wp-content\/uploads\/2024\/12\/Bild_3-600x600.jpg 600w, https:\/\/www.dermacenter.ch\/wp-content\/uploads\/2024\/12\/Bild_3-100x100.jpg 100w\" sizes=\"(max-width: 1414px) 100vw, 1414px\" \/>                         <\/div>\n          <\/div><!-- box-image -->\n         \n          <div class=\"box-text text-center\" style=\"background-color:rgb(255, 209, 148);padding:10px 5px 20px 5px;\">\n                <div class=\"box-text-inner\">\n                  <h4 class=\"uppercase\">\n                    <span class=\"person-name\">Andrea Derendinger<\/span><br\/>\n                    <span class=\"person-title is-small thin-font op-7\">\n                      Medizinische Praxisassistentin                    <\/span>\n                  <\/h4>\n                 <div class=\"social-icons follow-icons \" ><\/div>                 \n<div class=\"gap-element\" style=\"display:block; height:auto; padding-top:30px\" class=\"clearfix\"><\/div>\n<p><em> &#8220;Es bereitet mir gro\u00dfe Freude, f\u00fcr Sie da zu sein und dazu beizutragen,<br \/>\ndass Sie sich nicht nur in Ihrer Haut, sondern auch bei uns im Dermacenter<br \/>rundum wohl und gut aufgehoben f\u00fchlen.&#8221;<\/em><\/p>\n<p><em>\u00a0<\/em><\/p>\n                <\/div><!-- box-text-inner -->\n          <\/div><!-- box-text -->\n    <\/div><!-- .box  -->\n\n    \n    \n<\/div><\/div>\n\n<style scope=\"scope\">\n\n<\/style>\n<\/div>\n<div class=\"row align-center\"  id=\"row-357484688\">\n<div class=\"col medium-3 small-12 large-3\"  ><div class=\"col-inner\"  >\n<\/div><\/div>\n<div class=\"col medium-3 small-12 large-3\"  ><div class=\"col-inner\"  >\n    <div class=\"box has-hover has-hover box-text-bottom\" >\n\n                  <div class=\"box-image \" >\n           <div class=\"box-image-inner image-cover\" style=\"padding-top:100%;\">\n              <img width=\"500\" height=\"600\" src=\"https:\/\/www.dermacenter.ch\/wp-content\/uploads\/2016\/08\/dummy-prod-1.jpg\" class=\"attachment- size-\" alt=\"\" loading=\"lazy\" srcset=\"https:\/\/www.dermacenter.ch\/wp-content\/uploads\/2016\/08\/dummy-prod-1.jpg 500w, https:\/\/www.dermacenter.ch\/wp-content\/uploads\/2016\/08\/dummy-prod-1-250x300.jpg 250w\" sizes=\"(max-width: 500px) 100vw, 500px\" \/>                         <\/div>\n          <\/div><!-- box-image -->\n         \n          <div class=\"box-text text-center\" style=\"background-color:rgb(255, 209, 148);padding:10px 5px 20px 5px;\">\n                <div class=\"box-text-inner\">\n                  <h4 class=\"uppercase\">\n                    <span class=\"person-name\">Qendresa Tafa<\/span><br\/>\n                    <span class=\"person-title is-small thin-font op-7\">\n                      Medizinische Praxisassistentin                    <\/span>\n                  <\/h4>\n                 <div class=\"social-icons follow-icons \" ><\/div>                 \n<div class=\"gap-element\" style=\"display:block; height:auto; padding-top:30px\" class=\"clearfix\"><\/div>\n<p><em>&#8220;In der Ferne, doch nah am Ohr, bin ich als medizinische Praxisassistentin f\u00fcr Sie da. Mit meiner Stimme und meinem Wissen begleite ich Sie durch das Telefon.&#8221;<\/em><\/p>\n<p><em>\u00a0<\/em><\/p>\n                <\/div><!-- box-text-inner -->\n          <\/div><!-- box-text -->\n    <\/div><!-- .box  -->\n\n    \n    \n<\/div><\/div>\n<div class=\"col medium-3 small-12 large-3\"  ><div class=\"col-inner\"  >\n<\/div><\/div>\n\n<style scope=\"scope\">\n\n<\/style>\n<\/div>\n<h3>TEAM DERMACOSMETICS K\u00dcSSNACHT<\/h3>\n\n<div class=\"row\"  id=\"row-1075946944\">\n<div class=\"col medium-4 small-12 large-4\"  ><div class=\"col-inner\"  >\n    <div class=\"box has-hover has-hover box-text-bottom\" >\n\n                  <div class=\"box-image \" >\n           <div class=\"box-image-inner image-cover\" style=\"padding-top:100%;\">\n              <img width=\"2123\" height=\"2123\" src=\"https:\/\/www.dermacenter.ch\/wp-content\/uploads\/2021\/05\/Roduner.jpg\" class=\"attachment- size-\" alt=\"\" loading=\"lazy\" srcset=\"https:\/\/www.dermacenter.ch\/wp-content\/uploads\/2021\/05\/Roduner.jpg 2123w, https:\/\/www.dermacenter.ch\/wp-content\/uploads\/2021\/05\/Roduner-300x300.jpg 300w, https:\/\/www.dermacenter.ch\/wp-content\/uploads\/2021\/05\/Roduner-1024x1024.jpg 1024w, https:\/\/www.dermacenter.ch\/wp-content\/uploads\/2021\/05\/Roduner-150x150.jpg 150w, https:\/\/www.dermacenter.ch\/wp-content\/uploads\/2021\/05\/Roduner-768x768.jpg 768w, https:\/\/www.dermacenter.ch\/wp-content\/uploads\/2021\/05\/Roduner-1536x1536.jpg 1536w, https:\/\/www.dermacenter.ch\/wp-content\/uploads\/2021\/05\/Roduner-2048x2048.jpg 2048w, https:\/\/www.dermacenter.ch\/wp-content\/uploads\/2021\/05\/Roduner-600x600.jpg 600w, https:\/\/www.dermacenter.ch\/wp-content\/uploads\/2021\/05\/Roduner-100x100.jpg 100w\" sizes=\"(max-width: 2123px) 100vw, 2123px\" \/>                         <\/div>\n          <\/div><!-- box-image -->\n         \n          <div class=\"box-text text-center\" style=\"background-color:rgb(255, 209, 148);padding:10px 5px 0px 5px;\">\n                <div class=\"box-text-inner\">\n                  <h4 class=\"uppercase\">\n                    <span class=\"person-name\">Claudia Roduner<\/span><br\/>\n                    <span class=\"person-title is-small thin-font op-7\">\n                      Kosmetikerin                    <\/span>\n                  <\/h4>\n                 <div class=\"social-icons follow-icons \" ><\/div>                 \n<div class=\"gap-element\" style=\"display:block; height:auto; padding-top:30px\" class=\"clearfix\"><\/div>\n<p><em>&#8220;Mit meinem Beruf habe ich meinen Jugendtraum verwirklicht und bin heute mit Herz und Seele Kosmetikerin.&#8221;<\/em><\/p>\n                <\/div><!-- box-text-inner -->\n          <\/div><!-- box-text -->\n    <\/div><!-- .box  -->\n\n    \n    \n<\/div><\/div>\n<div class=\"col medium-4 small-12 large-4\"  ><div class=\"col-inner\"  >\n    <div class=\"box has-hover has-hover box-text-bottom\" >\n\n                  <div class=\"box-image \" >\n           <div class=\"box-image-inner image-cover\" style=\"padding-top:100%;\">\n              <img width=\"2560\" height=\"2560\" src=\"https:\/\/www.dermacenter.ch\/wp-content\/uploads\/2023\/11\/TSF4287_sRGB-scaled.jpg\" class=\"attachment- size-\" alt=\"\" loading=\"lazy\" srcset=\"https:\/\/www.dermacenter.ch\/wp-content\/uploads\/2023\/11\/TSF4287_sRGB-scaled.jpg 2560w, https:\/\/www.dermacenter.ch\/wp-content\/uploads\/2023\/11\/TSF4287_sRGB-300x300.jpg 300w, https:\/\/www.dermacenter.ch\/wp-content\/uploads\/2023\/11\/TSF4287_sRGB-1024x1024.jpg 1024w, https:\/\/www.dermacenter.ch\/wp-content\/uploads\/2023\/11\/TSF4287_sRGB-150x150.jpg 150w, https:\/\/www.dermacenter.ch\/wp-content\/uploads\/2023\/11\/TSF4287_sRGB-768x768.jpg 768w, https:\/\/www.dermacenter.ch\/wp-content\/uploads\/2023\/11\/TSF4287_sRGB-1536x1536.jpg 1536w, https:\/\/www.dermacenter.ch\/wp-content\/uploads\/2023\/11\/TSF4287_sRGB-2048x2048.jpg 2048w, https:\/\/www.dermacenter.ch\/wp-content\/uploads\/2023\/11\/TSF4287_sRGB-600x600.jpg 600w, https:\/\/www.dermacenter.ch\/wp-content\/uploads\/2023\/11\/TSF4287_sRGB-100x100.jpg 100w, https:\/\/www.dermacenter.ch\/wp-content\/uploads\/2023\/11\/TSF4287_sRGB-60x60.jpg 60w, https:\/\/www.dermacenter.ch\/wp-content\/uploads\/2023\/11\/TSF4287_sRGB-90x90.jpg 90w\" sizes=\"(max-width: 2560px) 100vw, 2560px\" \/>                         <\/div>\n          <\/div><!-- box-image -->\n         \n          <div class=\"box-text text-center\" style=\"background-color:rgb(255, 209, 148);\">\n                <div class=\"box-text-inner\">\n                  <h4 class=\"uppercase\">\n                    <span class=\"person-name\">Claudia Trachsler<\/span><br\/>\n                    <span class=\"person-title is-small thin-font op-7\">\n                      Kosmetikerin                    <\/span>\n                  <\/h4>\n                 <div class=\"social-icons follow-icons \" ><\/div>                 \n<div class=\"gap-element\" style=\"display:block; height:auto; padding-top:30px\" class=\"clearfix\"><\/div>\n<p><em>&#8220;Die Balance zwischen verw\u00f6hnender und medizinischer Kosmetik bringt Abwechslung. Ein zufriedenes L\u00e4cheln meiner Kunden erf\u00fcllt &#8220;<\/em><\/p>\n                <\/div><!-- box-text-inner -->\n          <\/div><!-- box-text -->\n    <\/div><!-- .box  -->\n\n    \n    \n<\/div><\/div>\n<div class=\"col medium-4 small-12 large-4\"  ><div class=\"col-inner\"  >\n    <div class=\"box has-hover has-hover box-text-bottom\" >\n\n                  <div class=\"box-image \" >\n           <div class=\"box-image-inner image-cover\" style=\"padding-top:100%;\">\n              <img width=\"500\" height=\"600\" src=\"https:\/\/www.dermacenter.ch\/wp-content\/uploads\/2016\/08\/dummy-prod-1.jpg\" class=\"attachment- size-\" alt=\"\" loading=\"lazy\" srcset=\"https:\/\/www.dermacenter.ch\/wp-content\/uploads\/2016\/08\/dummy-prod-1.jpg 500w, https:\/\/www.dermacenter.ch\/wp-content\/uploads\/2016\/08\/dummy-prod-1-250x300.jpg 250w\" sizes=\"(max-width: 500px) 100vw, 500px\" \/>                         <\/div>\n          <\/div><!-- box-image -->\n         \n          <div class=\"box-text text-center\" style=\"background-color:rgb(255, 209, 148);\">\n                <div class=\"box-text-inner\">\n                  <h4 class=\"uppercase\">\n                    <span class=\"person-name\">Ola Monica Passafaro<\/span><br\/>\n                    <span class=\"person-title is-small thin-font op-7\">\n                      Kosmetikerin                    <\/span>\n                  <\/h4>\n                 <div class=\"social-icons follow-icons \" ><\/div>                 \n<div class=\"gap-element\" style=\"display:block; height:auto; padding-top:30px\" class=\"clearfix\"><\/div>\n<p><em>&#8220;Dank meiner jahrelangen Erfahrung in den Bereichen der klassischen und medizinischen Kosmetik bin ich stets um die Gesunderhaltung und \u00c4sthetik Ihrer Haut bem\u00fcht.&#8221;<\/em><\/p>\n                <\/div><!-- box-text-inner -->\n          <\/div><!-- box-text -->\n    <\/div><!-- .box  -->\n\n    \n    \n<\/div><\/div>\n<\/div>\n<h3>TEAM DERMASHOP K\u00dcSSNACHT<\/h3>\n\n<div class=\"row align-center\"  id=\"row-1225014367\">\n<div class=\"col medium-3 small-12 large-3\"  ><div class=\"col-inner\"  >\n    <div class=\"box has-hover has-hover box-text-bottom\" >\n\n                  <div class=\"box-image \" >\n           <div class=\"box-image-inner image-cover\" style=\"padding-top:100%;\">\n              <img width=\"2321\" height=\"2321\" src=\"https:\/\/www.dermacenter.ch\/wp-content\/uploads\/2021\/05\/Moser.jpg\" class=\"attachment- size-\" alt=\"\" loading=\"lazy\" srcset=\"https:\/\/www.dermacenter.ch\/wp-content\/uploads\/2021\/05\/Moser.jpg 2321w, https:\/\/www.dermacenter.ch\/wp-content\/uploads\/2021\/05\/Moser-300x300.jpg 300w, https:\/\/www.dermacenter.ch\/wp-content\/uploads\/2021\/05\/Moser-1024x1024.jpg 1024w, https:\/\/www.dermacenter.ch\/wp-content\/uploads\/2021\/05\/Moser-150x150.jpg 150w, https:\/\/www.dermacenter.ch\/wp-content\/uploads\/2021\/05\/Moser-768x768.jpg 768w, https:\/\/www.dermacenter.ch\/wp-content\/uploads\/2021\/05\/Moser-1536x1536.jpg 1536w, https:\/\/www.dermacenter.ch\/wp-content\/uploads\/2021\/05\/Moser-2048x2048.jpg 2048w, https:\/\/www.dermacenter.ch\/wp-content\/uploads\/2021\/05\/Moser-600x600.jpg 600w, https:\/\/www.dermacenter.ch\/wp-content\/uploads\/2021\/05\/Moser-100x100.jpg 100w\" sizes=\"(max-width: 2321px) 100vw, 2321px\" \/>                         <\/div>\n          <\/div><!-- box-image -->\n         \n          <div class=\"box-text text-center\" style=\"background-color:rgb(255, 209, 148);padding:10px 6px 40px 5px;\">\n                <div class=\"box-text-inner\">\n                  <h4 class=\"uppercase\">\n                    <span class=\"person-name\">Gaby Moser<\/span><br\/>\n                    <span class=\"person-title is-small thin-font op-7\">\n                      Medical Concierge                    <\/span>\n                  <\/h4>\n                 <div class=\"social-icons follow-icons \" ><\/div>                 \n<div class=\"gap-element\" style=\"display:block; height:auto; padding-top:30px\" class=\"clearfix\"><\/div>\n<p><em>&#8220;Freundlichkeit verbindet alle Sprachen. Als Medical Concierge darf ich Sie als Erste begr\u00fcssen sowie individuell bei unseren vielf\u00e4ltigen Pflegelinien im Shop beraten.&#8221;<\/em><\/p>\n                <\/div><!-- box-text-inner -->\n          <\/div><!-- box-text -->\n    <\/div><!-- .box  -->\n\n    \n    \n<\/div><\/div>\n<div class=\"col medium-3 small-12 large-3\"  ><div class=\"col-inner\"  >\n    <div class=\"box has-hover has-hover box-text-bottom\" >\n\n                  <div class=\"box-image \" >\n           <div class=\"box-image-inner image-cover\" style=\"padding-top:100%;\">\n              <img width=\"2560\" height=\"2560\" src=\"https:\/\/www.dermacenter.ch\/wp-content\/uploads\/2024\/12\/image_1236502913-scaled.jpg\" class=\"attachment- size-\" alt=\"\" loading=\"lazy\" srcset=\"https:\/\/www.dermacenter.ch\/wp-content\/uploads\/2024\/12\/image_1236502913-scaled.jpg 2560w, https:\/\/www.dermacenter.ch\/wp-content\/uploads\/2024\/12\/image_1236502913-300x300.jpg 300w, https:\/\/www.dermacenter.ch\/wp-content\/uploads\/2024\/12\/image_1236502913-1024x1024.jpg 1024w, https:\/\/www.dermacenter.ch\/wp-content\/uploads\/2024\/12\/image_1236502913-150x150.jpg 150w, https:\/\/www.dermacenter.ch\/wp-content\/uploads\/2024\/12\/image_1236502913-768x768.jpg 768w, https:\/\/www.dermacenter.ch\/wp-content\/uploads\/2024\/12\/image_1236502913-1536x1536.jpg 1536w, https:\/\/www.dermacenter.ch\/wp-content\/uploads\/2024\/12\/image_1236502913-2048x2048.jpg 2048w, https:\/\/www.dermacenter.ch\/wp-content\/uploads\/2024\/12\/image_1236502913-600x600.jpg 600w, https:\/\/www.dermacenter.ch\/wp-content\/uploads\/2024\/12\/image_1236502913-100x100.jpg 100w, https:\/\/www.dermacenter.ch\/wp-content\/uploads\/2024\/12\/image_1236502913-60x60.jpg 60w, https:\/\/www.dermacenter.ch\/wp-content\/uploads\/2024\/12\/image_1236502913-90x90.jpg 90w\" sizes=\"(max-width: 2560px) 100vw, 2560px\" \/>                         <\/div>\n          <\/div><!-- box-image -->\n         \n          <div class=\"box-text text-center\" style=\"background-color:rgb(255, 209, 148);padding:10px 5px 0px 5px;\">\n                <div class=\"box-text-inner\">\n                  <h4 class=\"uppercase\">\n                    <span class=\"person-name\">Caterina Costantini<\/span><br\/>\n                    <span class=\"person-title is-small thin-font op-7\">\n                      Medical Concierge                    <\/span>\n                  <\/h4>\n                 <div class=\"social-icons follow-icons \" ><\/div>                 \n<div class=\"gap-element\" style=\"display:block; height:auto; padding-top:30px\" class=\"clearfix\"><\/div>\n<p><em>&#8220;Ein herzlicher Empfang ist der erste Schritt zu Ihrem Wohlbefinden. In meiner Rolle als Medical Concierge im Dermacenter begr\u00fcsse ich Sie mit Freude und berate Sie pers\u00f6nlich bei der Auswahl unserer exklusiven Pflegelinien im Shop.\u201d<\/em><\/p>\n                <\/div><!-- box-text-inner -->\n          <\/div><!-- box-text -->\n    <\/div><!-- .box  -->\n\n    \n    \n<\/div><\/div>\n\n<style scope=\"scope\">\n\n<\/style>\n<\/div>\n<h3>TEAM REINIGUNG K\u00dcSSNACHT<\/h3>\n<div class=\"row align-center\"  id=\"row-1536572632\">\n<div class=\"col medium-3 small-12 large-3\"  ><div class=\"col-inner\"  >\n    <div class=\"box has-hover has-hover box-text-bottom\" >\n\n                  <div class=\"box-image \" >\n           <div class=\"box-image-inner image-cover\" style=\"padding-top:100%;\">\n              <img width=\"2051\" height=\"2052\" src=\"https:\/\/www.dermacenter.ch\/wp-content\/uploads\/2021\/05\/Elkaz.jpg\" class=\"attachment- size-\" alt=\"\" loading=\"lazy\" srcset=\"https:\/\/www.dermacenter.ch\/wp-content\/uploads\/2021\/05\/Elkaz.jpg 2051w, https:\/\/www.dermacenter.ch\/wp-content\/uploads\/2021\/05\/Elkaz-300x300.jpg 300w, https:\/\/www.dermacenter.ch\/wp-content\/uploads\/2021\/05\/Elkaz-1024x1024.jpg 1024w, https:\/\/www.dermacenter.ch\/wp-content\/uploads\/2021\/05\/Elkaz-150x150.jpg 150w, https:\/\/www.dermacenter.ch\/wp-content\/uploads\/2021\/05\/Elkaz-768x768.jpg 768w, https:\/\/www.dermacenter.ch\/wp-content\/uploads\/2021\/05\/Elkaz-1536x1536.jpg 1536w, https:\/\/www.dermacenter.ch\/wp-content\/uploads\/2021\/05\/Elkaz-2048x2048.jpg 2048w, https:\/\/www.dermacenter.ch\/wp-content\/uploads\/2021\/05\/Elkaz-600x600.jpg 600w, https:\/\/www.dermacenter.ch\/wp-content\/uploads\/2021\/05\/Elkaz-100x100.jpg 100w\" sizes=\"(max-width: 2051px) 100vw, 2051px\" \/>                         <\/div>\n          <\/div><!-- box-image -->\n         \n          <div class=\"box-text text-center\" style=\"background-color:rgb(255, 209, 148);\">\n                <div class=\"box-text-inner\">\n                  <h4 class=\"uppercase\">\n                    <span class=\"person-name\">Fadila Elkaz<\/span><br\/>\n                    <span class=\"person-title is-small thin-font op-7\">\n                      Reinigungsfachkraft                    <\/span>\n                  <\/h4>\n                 <div class=\"social-icons follow-icons \" ><\/div>                 \n<div class=\"gap-element\" style=\"display:block; height:auto; padding-top:30px\" class=\"clearfix\"><\/div>\n<p><em>&#8220;Wenn alle zu Haus sind, kommen wir: \u00abDas doppelte Lottchen\u00bb vom Dermacenter schaut nachts und am Wochenende, das alles sauber und rein ist. Und das schon seit vielen Jahren.&#8221;<\/em><\/p>\n                <\/div><!-- box-text-inner -->\n          <\/div><!-- box-text -->\n    <\/div><!-- .box  -->\n\n    \n    \n<\/div><\/div>\n<div class=\"col medium-3 small-12 large-3\"  ><div class=\"col-inner\"  >\n    <div class=\"box has-hover has-hover box-text-bottom\" >\n\n                  <div class=\"box-image \" >\n           <div class=\"box-image-inner image-cover\" style=\"padding-top:100%;\">\n              <img width=\"1914\" height=\"1914\" src=\"https:\/\/www.dermacenter.ch\/wp-content\/uploads\/2021\/05\/Halilovic.jpg\" class=\"attachment- size-\" alt=\"\" loading=\"lazy\" srcset=\"https:\/\/www.dermacenter.ch\/wp-content\/uploads\/2021\/05\/Halilovic.jpg 1914w, https:\/\/www.dermacenter.ch\/wp-content\/uploads\/2021\/05\/Halilovic-300x300.jpg 300w, https:\/\/www.dermacenter.ch\/wp-content\/uploads\/2021\/05\/Halilovic-1024x1024.jpg 1024w, https:\/\/www.dermacenter.ch\/wp-content\/uploads\/2021\/05\/Halilovic-150x150.jpg 150w, https:\/\/www.dermacenter.ch\/wp-content\/uploads\/2021\/05\/Halilovic-768x768.jpg 768w, https:\/\/www.dermacenter.ch\/wp-content\/uploads\/2021\/05\/Halilovic-1536x1536.jpg 1536w, https:\/\/www.dermacenter.ch\/wp-content\/uploads\/2021\/05\/Halilovic-600x600.jpg 600w, https:\/\/www.dermacenter.ch\/wp-content\/uploads\/2021\/05\/Halilovic-100x100.jpg 100w\" sizes=\"(max-width: 1914px) 100vw, 1914px\" \/>                         <\/div>\n          <\/div><!-- box-image -->\n         \n          <div class=\"box-text text-center\" style=\"background-color:rgb(255, 209, 148);padding:10px 0px 20px 0px;\">\n                <div class=\"box-text-inner\">\n                  <h4 class=\"uppercase\">\n                    <span class=\"person-name\">Sanela Halilovic<\/span><br\/>\n                    <span class=\"person-title is-small thin-font op-7\">\n                      Reinigungsfachkraft                    <\/span>\n                  <\/h4>\n                 <div class=\"social-icons follow-icons \" ><\/div>                 \n<div class=\"gap-element\" style=\"display:block; height:auto; padding-top:30px\" class=\"clearfix\"><\/div>\n<p><em>&#8220;Wenn alle zu Haus sind, kommen wir: \u00abDas doppelte Lottchen\u00bb vom Dermacenter schaut nachts und am Wochenende, das alles sauber und rein ist. Und das schon seit vielen Jahren.&#8221;<\/em><\/p>\n                <\/div><!-- box-text-inner -->\n          <\/div><!-- box-text -->\n    <\/div><!-- .box  -->\n\n    \n    \n<\/div><\/div>\n<div class=\"col medium-3 small-12 large-3\"  ><div class=\"col-inner\"  >\n    <div class=\"box has-hover has-hover box-text-bottom\" >\n\n                  <div class=\"box-image \" >\n           <div class=\"box-image-inner image-cover\" style=\"padding-top:100%;\">\n              <img width=\"2560\" height=\"2560\" src=\"https:\/\/www.dermacenter.ch\/wp-content\/uploads\/2024\/12\/image_1236502915-scaled.jpg\" class=\"attachment- size-\" alt=\"\" loading=\"lazy\" srcset=\"https:\/\/www.dermacenter.ch\/wp-content\/uploads\/2024\/12\/image_1236502915-scaled.jpg 2560w, https:\/\/www.dermacenter.ch\/wp-content\/uploads\/2024\/12\/image_1236502915-300x300.jpg 300w, https:\/\/www.dermacenter.ch\/wp-content\/uploads\/2024\/12\/image_1236502915-1024x1024.jpg 1024w, https:\/\/www.dermacenter.ch\/wp-content\/uploads\/2024\/12\/image_1236502915-150x150.jpg 150w, https:\/\/www.dermacenter.ch\/wp-content\/uploads\/2024\/12\/image_1236502915-768x768.jpg 768w, https:\/\/www.dermacenter.ch\/wp-content\/uploads\/2024\/12\/image_1236502915-1536x1536.jpg 1536w, https:\/\/www.dermacenter.ch\/wp-content\/uploads\/2024\/12\/image_1236502915-2048x2048.jpg 2048w, https:\/\/www.dermacenter.ch\/wp-content\/uploads\/2024\/12\/image_1236502915-600x600.jpg 600w, https:\/\/www.dermacenter.ch\/wp-content\/uploads\/2024\/12\/image_1236502915-100x100.jpg 100w, https:\/\/www.dermacenter.ch\/wp-content\/uploads\/2024\/12\/image_1236502915-60x60.jpg 60w, https:\/\/www.dermacenter.ch\/wp-content\/uploads\/2024\/12\/image_1236502915-90x90.jpg 90w\" sizes=\"(max-width: 2560px) 100vw, 2560px\" \/>                         <\/div>\n          <\/div><!-- box-image -->\n         \n          <div class=\"box-text text-center\" style=\"background-color:rgb(255, 209, 148);padding:10px 0px 20px 0px;\">\n                <div class=\"box-text-inner\">\n                  <h4 class=\"uppercase\">\n                    <span class=\"person-name\">Mina Jasarovska<\/span><br\/>\n                    <span class=\"person-title is-small thin-font op-7\">\n                      Reinigungsfachkraft                    <\/span>\n                  <\/h4>\n                 <div class=\"social-icons follow-icons \" ><\/div>                 \n<div class=\"gap-element\" style=\"display:block; height:auto; padding-top:30px\" class=\"clearfix\"><\/div>\n<p><em>&#8220;Hier ist es sauber genug, um gesund zu bleiben und ordentlich genug, um sich wohl zu f\u00fchlen!&#8221;<\/em><\/p>\n                <\/div><!-- box-text-inner -->\n          <\/div><!-- box-text -->\n    <\/div><!-- .box  -->\n\n    \n    \n<\/div><\/div>\n\n<style scope=\"scope\">\n\n<\/style>\n<\/div>\n<h2>Team Dermacenter Brunnen<\/h2>\n<h3>\u00c4RZTETEAM BRUNNEN<\/h3>\n<div class=\"row align-center\"  id=\"row-1364023986\">\n<div class=\"col medium-3 small-12 large-3\"  ><div class=\"col-inner\"  >\n    <div class=\"box has-hover has-hover box-text-bottom\" >\n\n                  <div class=\"box-image \" >\n           <div class=\"box-image-inner image-cover\" style=\"padding-top:100%;\">\n              <img width=\"282\" height=\"282\" src=\"https:\/\/www.dermacenter.ch\/wp-content\/uploads\/2022\/12\/Oliver-Doerzapf-ohne-Schrift.jpg\" class=\"attachment- size-\" alt=\"\" loading=\"lazy\" srcset=\"https:\/\/www.dermacenter.ch\/wp-content\/uploads\/2022\/12\/Oliver-Doerzapf-ohne-Schrift.jpg 282w, https:\/\/www.dermacenter.ch\/wp-content\/uploads\/2022\/12\/Oliver-Doerzapf-ohne-Schrift-150x150.jpg 150w, https:\/\/www.dermacenter.ch\/wp-content\/uploads\/2022\/12\/Oliver-Doerzapf-ohne-Schrift-100x100.jpg 100w, https:\/\/www.dermacenter.ch\/wp-content\/uploads\/2022\/12\/Oliver-Doerzapf-ohne-Schrift-60x60.jpg 60w, https:\/\/www.dermacenter.ch\/wp-content\/uploads\/2022\/12\/Oliver-Doerzapf-ohne-Schrift-90x90.jpg 90w\" sizes=\"(max-width: 282px) 100vw, 282px\" \/>                         <\/div>\n          <\/div><!-- box-image -->\n         \n          <div class=\"box-text text-center\" style=\"background-color:rgb(255, 209, 148);padding:10px 5px 20px 5px;\">\n                <div class=\"box-text-inner\">\n                  <h4 class=\"uppercase\">\n                    <span class=\"person-name\">Dr. med. Oliver D\u00f6rzapf<\/span><br\/>\n                    <span class=\"person-title is-small thin-font op-7\">\n                      Facharzt f\u00fcr Dermatologie                    <\/span>\n                  <\/h4>\n                 <div class=\"social-icons follow-icons \" ><\/div>                 \n<p style=\"margin-top: -1.6em;\"><a href=\"https:\/\/www.dermacenter.ch\/standort-brunnen\/aerzteteam-brunnen\/dr-med-bettina-schlagenhauff\/\" data-wplink-edit=\"true\">Lebenslauf<\/a><\/p>\n<div class=\"gap-element\" style=\"display:block; height:auto; padding-top:30px\" class=\"clearfix\"><\/div>\n<p><em>&#8220;Als Hautarzt im Dermacenter Brunnen kann ich meinen ganzen Erfahrungsschatz einbringen: Von der Dermatologie samt Allergologie bis hin zu Chirurgie samt Laser. &#8220;<\/em><\/p>\n                <\/div><!-- box-text-inner -->\n          <\/div><!-- box-text -->\n    <\/div><!-- .box  -->\n\n    \n    \n<\/div><\/div>\n<div class=\"col medium-3 small-12 large-3\"  ><div class=\"col-inner\"  >\n    <div class=\"box has-hover has-hover box-text-bottom\" >\n\n                  <div class=\"box-image \" >\n           <div class=\"box-image-inner image-cover\" style=\"padding-top:100%;\">\n              <img width=\"282\" height=\"282\" src=\"https:\/\/www.dermacenter.ch\/wp-content\/uploads\/2022\/12\/Wilfried-Schippert-ohne-Schrift.jpg\" class=\"attachment- size-\" alt=\"\" loading=\"lazy\" srcset=\"https:\/\/www.dermacenter.ch\/wp-content\/uploads\/2022\/12\/Wilfried-Schippert-ohne-Schrift.jpg 282w, https:\/\/www.dermacenter.ch\/wp-content\/uploads\/2022\/12\/Wilfried-Schippert-ohne-Schrift-150x150.jpg 150w, https:\/\/www.dermacenter.ch\/wp-content\/uploads\/2022\/12\/Wilfried-Schippert-ohne-Schrift-100x100.jpg 100w, https:\/\/www.dermacenter.ch\/wp-content\/uploads\/2022\/12\/Wilfried-Schippert-ohne-Schrift-60x60.jpg 60w, https:\/\/www.dermacenter.ch\/wp-content\/uploads\/2022\/12\/Wilfried-Schippert-ohne-Schrift-90x90.jpg 90w\" sizes=\"(max-width: 282px) 100vw, 282px\" \/>                         <\/div>\n          <\/div><!-- box-image -->\n         \n          <div class=\"box-text text-center\" style=\"background-color:rgb(255, 209, 148);padding:10px 5px 40px 5px;\">\n                <div class=\"box-text-inner\">\n                  <h4 class=\"uppercase\">\n                    <span class=\"person-name\">Dr. med. Wilfried Schippert<\/span><br\/>\n                    <span class=\"person-title is-small thin-font op-7\">\n                      Facharzt f\u00fcr Dermatologie                    <\/span>\n                  <\/h4>\n                 <div class=\"social-icons follow-icons \" ><\/div>                 \n<p style=\"margin-top: -1.6em;\"><a href=\"https:\/\/www.dermacenter.ch\/standort-kuessnacht\/aertzteteam\/dr-med-wilfried-rainer-schippert\/\">Lebenslauf<\/a><\/p>\n<div class=\"gap-element\" style=\"display:block; height:auto; padding-top:30px\" class=\"clearfix\"><\/div>\n<p><em>&#8220;Schon fr\u00fch habe ich die Dermatochirurgie f\u00fcr mich entdeckt. Ich bin gl\u00fccklich, wenn ich meine Patienten durch einen schmerzarmen operativen Eingriff rasch und unkompliziert von ihren Sorgen befreien kann.&#8221;<\/em><\/p>\n                <\/div><!-- box-text-inner -->\n          <\/div><!-- box-text -->\n    <\/div><!-- .box  -->\n\n    \n    \n<\/div><\/div>\n<div class=\"col medium-3 small-12 large-3\"  ><div class=\"col-inner\"  >\n    <div class=\"box has-hover has-hover box-text-bottom\" >\n\n                  <div class=\"box-image \" >\n           <div class=\"box-image-inner image-cover\" style=\"padding-top:100%;\">\n              <img width=\"1212\" height=\"1212\" src=\"https:\/\/www.dermacenter.ch\/wp-content\/uploads\/2023\/11\/DermaCenter_Portraits_2221019_RGB_Schagenhauff_Bettina_4378a_oT.jpg\" class=\"attachment- size-\" alt=\"\" loading=\"lazy\" srcset=\"https:\/\/www.dermacenter.ch\/wp-content\/uploads\/2023\/11\/DermaCenter_Portraits_2221019_RGB_Schagenhauff_Bettina_4378a_oT.jpg 1212w, https:\/\/www.dermacenter.ch\/wp-content\/uploads\/2023\/11\/DermaCenter_Portraits_2221019_RGB_Schagenhauff_Bettina_4378a_oT-300x300.jpg 300w, https:\/\/www.dermacenter.ch\/wp-content\/uploads\/2023\/11\/DermaCenter_Portraits_2221019_RGB_Schagenhauff_Bettina_4378a_oT-1024x1024.jpg 1024w, https:\/\/www.dermacenter.ch\/wp-content\/uploads\/2023\/11\/DermaCenter_Portraits_2221019_RGB_Schagenhauff_Bettina_4378a_oT-150x150.jpg 150w, https:\/\/www.dermacenter.ch\/wp-content\/uploads\/2023\/11\/DermaCenter_Portraits_2221019_RGB_Schagenhauff_Bettina_4378a_oT-768x768.jpg 768w, https:\/\/www.dermacenter.ch\/wp-content\/uploads\/2023\/11\/DermaCenter_Portraits_2221019_RGB_Schagenhauff_Bettina_4378a_oT-600x600.jpg 600w, https:\/\/www.dermacenter.ch\/wp-content\/uploads\/2023\/11\/DermaCenter_Portraits_2221019_RGB_Schagenhauff_Bettina_4378a_oT-100x100.jpg 100w, https:\/\/www.dermacenter.ch\/wp-content\/uploads\/2023\/11\/DermaCenter_Portraits_2221019_RGB_Schagenhauff_Bettina_4378a_oT-60x60.jpg 60w, https:\/\/www.dermacenter.ch\/wp-content\/uploads\/2023\/11\/DermaCenter_Portraits_2221019_RGB_Schagenhauff_Bettina_4378a_oT-90x90.jpg 90w\" sizes=\"(max-width: 1212px) 100vw, 1212px\" \/>                         <\/div>\n          <\/div><!-- box-image -->\n         \n          <div class=\"box-text text-center\" style=\"background-color:rgb(255, 209, 148);padding:10px 5px 40px 5px;\">\n                <div class=\"box-text-inner\">\n                  <h4 class=\"uppercase\">\n                    <span class=\"person-name\">Dr. med. Bettina Schlagenhauff<\/span><br\/>\n                    <span class=\"person-title is-small thin-font op-7\">\n                      Fach\u00e4rztin f\u00fcr Dermatologie                    <\/span>\n                  <\/h4>\n                 <div class=\"social-icons follow-icons \" ><\/div>                 \n<p style=\"margin-top: -1.6em;\"><a href=\"https:\/\/www.dermacenter.ch\/standort-kuessnacht\/aertzteteam\/dr-med-bettina-schlagenhauff\">Lebenslauf<\/a><\/p>\n<div class=\"gap-element\" style=\"display:block; height:auto; padding-top:30px\" class=\"clearfix\"><\/div>\n<p><em>&#8220;Ich liebe meinen Beruf \u00fcber alles, da er so Vieles vereint. So kann ich z.B. meine Patienten direkt am Fortschritt der Medizin teilhaben lassen, wenn ich mich regelm\u00e4ssig mit dem wissenschaftlichen Hintergrund besch\u00e4ftige.&#8221;<\/em><\/p>\n                <\/div><!-- box-text-inner -->\n          <\/div><!-- box-text -->\n    <\/div><!-- .box  -->\n\n    \n    \n<\/div><\/div>\n<div class=\"col medium-3 small-12 large-3\"  ><div class=\"col-inner\"  >\n    <div class=\"box has-hover has-hover box-text-bottom\" >\n\n                  <div class=\"box-image \" >\n           <div class=\"box-image-inner image-cover\" style=\"padding-top:100%;\">\n              <img width=\"2364\" height=\"2365\" src=\"https:\/\/www.dermacenter.ch\/wp-content\/uploads\/2021\/05\/hauges.jpg\" class=\"attachment- size-\" alt=\"\" loading=\"lazy\" srcset=\"https:\/\/www.dermacenter.ch\/wp-content\/uploads\/2021\/05\/hauges.jpg 2364w, https:\/\/www.dermacenter.ch\/wp-content\/uploads\/2021\/05\/hauges-300x300.jpg 300w, https:\/\/www.dermacenter.ch\/wp-content\/uploads\/2021\/05\/hauges-1024x1024.jpg 1024w, https:\/\/www.dermacenter.ch\/wp-content\/uploads\/2021\/05\/hauges-150x150.jpg 150w, https:\/\/www.dermacenter.ch\/wp-content\/uploads\/2021\/05\/hauges-768x768.jpg 768w, https:\/\/www.dermacenter.ch\/wp-content\/uploads\/2021\/05\/hauges-1536x1536.jpg 1536w, https:\/\/www.dermacenter.ch\/wp-content\/uploads\/2021\/05\/hauges-2048x2048.jpg 2048w, https:\/\/www.dermacenter.ch\/wp-content\/uploads\/2021\/05\/hauges-600x600.jpg 600w, https:\/\/www.dermacenter.ch\/wp-content\/uploads\/2021\/05\/hauges-100x100.jpg 100w\" sizes=\"(max-width: 2364px) 100vw, 2364px\" \/>                         <\/div>\n          <\/div><!-- box-image -->\n         \n          <div class=\"box-text text-center\" style=\"background-color:rgb(255, 209, 148);padding:10px 5px 0px 5px;\">\n                <div class=\"box-text-inner\">\n                  <h4 class=\"uppercase\">\n                    <span class=\"person-name\">Dr. med. Daniela Haiges<\/span><br\/>\n                    <span class=\"person-title is-small thin-font op-7\">\n                      Fach\u00e4rztin f\u00fcr Dermatologie                    <\/span>\n                  <\/h4>\n                 <div class=\"social-icons follow-icons \" ><\/div>                 \n<p style=\"margin-top: -1.6em;\"><a href=\"https:\/\/www.dermacenter.ch\/standort-kuessnacht\/aertzteteam\/dr-cinthya-jeanette-salgado-alpizar\/\">Lebenslauf<\/a><\/p>\n<div class=\"gap-element\" style=\"display:block; height:auto; padding-top:30px\" class=\"clearfix\"><\/div>\n<p><em>&#8220;Ich liebe die Arbeit im Dermacenter, da sie sehr abwechslungsreich ist: Dermatologie, Chirurgie, Allergologie, \u00c4sthetik, Laser, verschiedene Menschen, verschiedene Standorte, gute Stimmung. Das ist toll!&#8221;<\/em><\/p>\n                <\/div><!-- box-text-inner -->\n          <\/div><!-- box-text -->\n    <\/div><!-- .box  -->\n\n    \n    \n<\/div><\/div>\n\n<style scope=\"scope\">\n\n<\/style>\n<\/div>\n<h3>TEAM MPA BRUNNEN<\/h3>\n\n<div class=\"row align-center\"  id=\"row-668409155\">\n<div class=\"col medium-3 small-12 large-3\"  ><div class=\"col-inner\"  >\n    <div class=\"box has-hover has-hover box-text-bottom\" >\n\n                  <div class=\"box-image \" >\n           <div class=\"box-image-inner image-cover\" style=\"padding-top:100%;\">\n              <img width=\"2178\" height=\"2178\" src=\"https:\/\/www.dermacenter.ch\/wp-content\/uploads\/2021\/06\/Reichlin_pix.jpg\" class=\"attachment- size-\" alt=\"\" loading=\"lazy\" srcset=\"https:\/\/www.dermacenter.ch\/wp-content\/uploads\/2021\/06\/Reichlin_pix.jpg 2178w, https:\/\/www.dermacenter.ch\/wp-content\/uploads\/2021\/06\/Reichlin_pix-300x300.jpg 300w, https:\/\/www.dermacenter.ch\/wp-content\/uploads\/2021\/06\/Reichlin_pix-1024x1024.jpg 1024w, https:\/\/www.dermacenter.ch\/wp-content\/uploads\/2021\/06\/Reichlin_pix-150x150.jpg 150w, https:\/\/www.dermacenter.ch\/wp-content\/uploads\/2021\/06\/Reichlin_pix-768x768.jpg 768w, https:\/\/www.dermacenter.ch\/wp-content\/uploads\/2021\/06\/Reichlin_pix-1536x1536.jpg 1536w, https:\/\/www.dermacenter.ch\/wp-content\/uploads\/2021\/06\/Reichlin_pix-2048x2048.jpg 2048w, https:\/\/www.dermacenter.ch\/wp-content\/uploads\/2021\/06\/Reichlin_pix-600x600.jpg 600w, https:\/\/www.dermacenter.ch\/wp-content\/uploads\/2021\/06\/Reichlin_pix-100x100.jpg 100w\" sizes=\"(max-width: 2178px) 100vw, 2178px\" \/>                         <\/div>\n          <\/div><!-- box-image -->\n         \n          <div class=\"box-text text-center\" style=\"background-color:rgb(255, 209, 148);padding:10px 5px 40px 5px;\">\n                <div class=\"box-text-inner\">\n                  <h4 class=\"uppercase\">\n                    <span class=\"person-name\">Stefanie Reichlin<\/span><br\/>\n                    <span class=\"person-title is-small thin-font op-7\">\n                      Praxisassistentin                    <\/span>\n                  <\/h4>\n                 <div class=\"social-icons follow-icons \" ><\/div>                 \n<div class=\"gap-element\" style=\"display:block; height:auto; padding-top:30px\" class=\"clearfix\"><\/div>\n<p><em>&#8220;Gerne helfe ich unseren Patienten als Praxisassistentin im Dermacenter Brunnen, gebe Ihnen ggf. Medikamente, welche unsere Dermatologen verordnet haben. Ich freue mich, wenn ich dazu beitragen kann, dass Ihre Haut rasch wieder gesund wird.&#8221;<\/em><\/p>\n                <\/div><!-- box-text-inner -->\n          <\/div><!-- box-text -->\n    <\/div><!-- .box  -->\n\n    \n    \n<\/div><\/div>\n<div class=\"col medium-3 small-12 large-3\"  ><div class=\"col-inner\"  >\n    <div class=\"box has-hover has-hover box-text-bottom\" >\n\n                  <div class=\"box-image \" >\n           <div class=\"box-image-inner image-cover\" style=\"padding-top:100%;\">\n              <img width=\"1536\" height=\"1537\" src=\"https:\/\/www.dermacenter.ch\/wp-content\/uploads\/2024\/12\/Chiara-Roos.jpg\" class=\"attachment- size-\" alt=\"\" loading=\"lazy\" srcset=\"https:\/\/www.dermacenter.ch\/wp-content\/uploads\/2024\/12\/Chiara-Roos.jpg 1536w, https:\/\/www.dermacenter.ch\/wp-content\/uploads\/2024\/12\/Chiara-Roos-300x300.jpg 300w, https:\/\/www.dermacenter.ch\/wp-content\/uploads\/2024\/12\/Chiara-Roos-1024x1024.jpg 1024w, https:\/\/www.dermacenter.ch\/wp-content\/uploads\/2024\/12\/Chiara-Roos-150x150.jpg 150w, https:\/\/www.dermacenter.ch\/wp-content\/uploads\/2024\/12\/Chiara-Roos-768x769.jpg 768w, https:\/\/www.dermacenter.ch\/wp-content\/uploads\/2024\/12\/Chiara-Roos-600x600.jpg 600w, https:\/\/www.dermacenter.ch\/wp-content\/uploads\/2024\/12\/Chiara-Roos-100x100.jpg 100w, https:\/\/www.dermacenter.ch\/wp-content\/uploads\/2024\/12\/Chiara-Roos-60x60.jpg 60w, https:\/\/www.dermacenter.ch\/wp-content\/uploads\/2024\/12\/Chiara-Roos-90x90.jpg 90w\" sizes=\"(max-width: 1536px) 100vw, 1536px\" \/>                         <\/div>\n          <\/div><!-- box-image -->\n         \n          <div class=\"box-text text-center\" style=\"background-color:rgb(255, 209, 148);padding:10px 5px 40px 5px;\">\n                <div class=\"box-text-inner\">\n                  <h4 class=\"uppercase\">\n                    <span class=\"person-name\">Chiara Roos<\/span><br\/>\n                    <span class=\"person-title is-small thin-font op-7\">\n                      Praxisassistentin \/ Pflegefachfrau HF                    <\/span>\n                  <\/h4>\n                 <div class=\"social-icons follow-icons \" ><\/div>                 \n<p><em>&#8220;Unsere Haut ist nicht nur unser gr\u00f6\u00dftes Organ, sondern auch unser Schutzschild und Spiegel unserer Gesundheit. Als Pflegefachfrau im Dermacenter-Team in Brunnen ist es mir eine Freude, Sie in allen Fragen rund um Ihre Hautgesundheit zu unterst\u00fctzen. Mit Einf\u00fchlungsverm\u00f6gen, Fachwissen und einem offenen Blick sorge ich daf\u00fcr, dass Sie sich bei uns wohl f\u00fchlen in ihrer Haut&#8221;<\/em><\/p>\n<div class=\"gap-element\" style=\"display:block; height:auto; padding-top:30px\" class=\"clearfix\"><\/div>\n                <\/div><!-- box-text-inner -->\n          <\/div><!-- box-text -->\n    <\/div><!-- .box  -->\n\n    \n    \n<\/div><\/div>\n\n<style scope=\"scope\">\n\n<\/style>\n<\/div>\n<h3>REINIGUNG BRUNNEN<\/h3>\n<div class=\"row align-center\"  id=\"row-853518522\">\n<div class=\"col medium-3 small-12 large-3\"  ><div class=\"col-inner\"  >\n    <div class=\"box has-hover has-hover box-text-bottom\" >\n\n                  <div class=\"box-image \" >\n           <div class=\"box-image-inner image-cover\" style=\"padding-top:100%;\">\n              <img width=\"1683\" height=\"1683\" src=\"https:\/\/www.dermacenter.ch\/wp-content\/uploads\/2021\/05\/Kurtulus.jpg\" class=\"attachment- size-\" alt=\"\" loading=\"lazy\" srcset=\"https:\/\/www.dermacenter.ch\/wp-content\/uploads\/2021\/05\/Kurtulus.jpg 1683w, https:\/\/www.dermacenter.ch\/wp-content\/uploads\/2021\/05\/Kurtulus-300x300.jpg 300w, https:\/\/www.dermacenter.ch\/wp-content\/uploads\/2021\/05\/Kurtulus-1024x1024.jpg 1024w, https:\/\/www.dermacenter.ch\/wp-content\/uploads\/2021\/05\/Kurtulus-150x150.jpg 150w, https:\/\/www.dermacenter.ch\/wp-content\/uploads\/2021\/05\/Kurtulus-768x768.jpg 768w, https:\/\/www.dermacenter.ch\/wp-content\/uploads\/2021\/05\/Kurtulus-1536x1536.jpg 1536w, https:\/\/www.dermacenter.ch\/wp-content\/uploads\/2021\/05\/Kurtulus-600x600.jpg 600w, https:\/\/www.dermacenter.ch\/wp-content\/uploads\/2021\/05\/Kurtulus-100x100.jpg 100w\" sizes=\"(max-width: 1683px) 100vw, 1683px\" \/>                         <\/div>\n          <\/div><!-- box-image -->\n         \n          <div class=\"box-text text-center\" style=\"background-color:rgb(255, 209, 148);padding:10px 5px 40px 5px;\">\n                <div class=\"box-text-inner\">\n                  <h4 class=\"uppercase\">\n                    <span class=\"person-name\">Feride Kurtulus<\/span><br\/>\n                    <span class=\"person-title is-small thin-font op-7\">\n                      Reinigungsfachkraft                    <\/span>\n                  <\/h4>\n                 <div class=\"social-icons follow-icons \" ><\/div>                 \n<div class=\"gap-element\" style=\"display:block; height:auto; padding-top:30px\" class=\"clearfix\"><\/div>\n<p><em>&#8220;Ich freue mich, wenn das Dermacenter Brunnen blitzblank ist. So trage auch ich dazu bei, dass hautkranken Menschen geholfen wird.&#8221;<\/em><\/p>\n                <\/div><!-- box-text-inner -->\n          <\/div><!-- box-text -->\n    <\/div><!-- .box  -->\n\n    \n    \n<\/div><\/div>\n\n<style scope=\"scope\">\n\n<\/style>\n<\/div>\n","protected":false},"excerpt":{"rendered":"<p>Die \u00c4rztinnen, \u00c4rzte und Mitarbeitenden der Dermacenter Praxen verbinden eine exzellente Ausbildung, langj\u00e4hrige Erfahrung und grosse Leidenschaft f\u00fcr die Dermatologie, \u00c4sthetische Medizin und Kosmetik. Wir sprechen Ihre Sprache Team Dermacenter K\u00fcssnacht \u00c4RZTETEAM K\u00dcSSNACHT TEAM DERMAPRAXIS K\u00dcSSNACHT TEAM DERMACOSMETICS K\u00dcSSNACHT TEAM DERMASHOP K\u00dcSSNACHT TEAM REINIGUNG K\u00dcSSNACHT Team Dermacenter Brunnen \u00c4RZTETEAM BRUNNEN TEAM MPA BRUNNEN REINIGUNG BRUNNEN<\/p>\n","protected":false},"author":1,"featured_media":0,"parent":0,"menu_order":0,"comment_status":"closed","ping_status":"closed","template":"","meta":[],"yoast_head":"<!-- This site is optimized with the Yoast SEO plugin v15.5 - https:\/\/yoast.com\/wordpress\/plugins\/seo\/ -->\n<title>Team Dermacenter - Dermacenter AG<\/title>\n<meta name=\"robots\" content=\"index, follow, max-snippet:-1, max-image-preview:large, max-video-preview:-1\" \/>\n<link rel=\"canonical\" href=\"https:\/\/www.dermacenter.ch\/?page_id=11565\" \/>\n<meta property=\"og:locale\" content=\"de_DE\" \/>\n<meta property=\"og:type\" content=\"article\" \/>\n<meta property=\"og:title\" content=\"Team Dermacenter - Dermacenter AG\" \/>\n<meta property=\"og:description\" content=\"Die \u00c4rztinnen, \u00c4rzte und Mitarbeitenden der Dermacenter Praxen verbinden eine exzellente Ausbildung, langj\u00e4hrige Erfahrung und grosse Leidenschaft f\u00fcr die Dermatologie, \u00c4sthetische Medizin und Kosmetik. Wir sprechen Ihre Sprache Team Dermacenter K\u00fcssnacht \u00c4RZTETEAM K\u00dcSSNACHT TEAM DERMAPRAXIS K\u00dcSSNACHT TEAM DERMACOSMETICS K\u00dcSSNACHT TEAM DERMASHOP K\u00dcSSNACHT TEAM REINIGUNG K\u00dcSSNACHT Team Dermacenter Brunnen \u00c4RZTETEAM BRUNNEN TEAM MPA BRUNNEN REINIGUNG BRUNNEN\" \/>\n<meta property=\"og:url\" content=\"https:\/\/www.dermacenter.ch\/?page_id=11565\" \/>\n<meta property=\"og:site_name\" content=\"Dermacenter AG\" \/>\n<meta property=\"article:modified_time\" content=\"2026-04-30T10:42:49+00:00\" \/>\n<meta property=\"og:image\" content=\"https:\/\/www.dermacenter.ch\/wp-content\/uploads\/2023\/11\/\/ch.png\" \/>\n<meta name=\"twitter:card\" content=\"summary_large_image\" \/>\n<meta name=\"twitter:label1\" content=\"Gesch\u00e4tzte Lesezeit\">\n\t<meta name=\"twitter:data1\" content=\"10\u00a0Minuten\">\n<script type=\"application\/ld+json\" class=\"yoast-schema-graph\">{\"@context\":\"https:\/\/schema.org\",\"@graph\":[{\"@type\":\"WebSite\",\"@id\":\"https:\/\/www.dermacenter.ch\/#website\",\"url\":\"https:\/\/www.dermacenter.ch\/\",\"name\":\"Dermacenter AG\",\"description\":\"\",\"potentialAction\":[{\"@type\":\"SearchAction\",\"target\":\"https:\/\/www.dermacenter.ch\/?s={search_term_string}\",\"query-input\":\"required name=search_term_string\"}],\"inLanguage\":\"de\"},{\"@type\":\"ImageObject\",\"@id\":\"https:\/\/www.dermacenter.ch\/?page_id=11565#primaryimage\",\"inLanguage\":\"de\",\"url\":\"https:\/\/www.dermacenter.ch\/wp-content\/uploads\/2023\/11\/\/ch.png\"},{\"@type\":\"WebPage\",\"@id\":\"https:\/\/www.dermacenter.ch\/?page_id=11565#webpage\",\"url\":\"https:\/\/www.dermacenter.ch\/?page_id=11565\",\"name\":\"Team Dermacenter - Dermacenter AG\",\"isPartOf\":{\"@id\":\"https:\/\/www.dermacenter.ch\/#website\"},\"primaryImageOfPage\":{\"@id\":\"https:\/\/www.dermacenter.ch\/?page_id=11565#primaryimage\"},\"datePublished\":\"2021-05-18T12:32:01+00:00\",\"dateModified\":\"2026-04-30T10:42:49+00:00\",\"inLanguage\":\"de\",\"potentialAction\":[{\"@type\":\"ReadAction\",\"target\":[\"https:\/\/www.dermacenter.ch\/?page_id=11565\"]}]}]}<\/script>\n<!-- \/ Yoast SEO plugin. -->","_links":{"self":[{"href":"https:\/\/www.dermacenter.ch\/index.php?rest_route=\/wp\/v2\/pages\/11565"}],"collection":[{"href":"https:\/\/www.dermacenter.ch\/index.php?rest_route=\/wp\/v2\/pages"}],"about":[{"href":"https:\/\/www.dermacenter.ch\/index.php?rest_route=\/wp\/v2\/types\/page"}],"author":[{"embeddable":true,"href":"https:\/\/www.dermacenter.ch\/index.php?rest_route=\/wp\/v2\/users\/1"}],"replies":[{"embeddable":true,"href":"https:\/\/www.dermacenter.ch\/index.php?rest_route=%2Fwp%2Fv2%2Fcomments&post=11565"}],"version-history":[{"count":192,"href":"https:\/\/www.dermacenter.ch\/index.php?rest_route=\/wp\/v2\/pages\/11565\/revisions"}],"predecessor-version":[{"id":15360,"href":"https:\/\/www.dermacenter.ch\/index.php?rest_route=\/wp\/v2\/pages\/11565\/revisions\/15360"}],"wp:attachment":[{"href":"https:\/\/www.dermacenter.ch\/index.php?rest_route=%2Fwp%2Fv2%2Fmedia&parent=11565"}],"curies":[{"name":"wp","href":"https:\/\/api.w.org\/{rel}","templated":true}]}}