{"id":11538,"date":"2021-05-12T15:28:06","date_gmt":"2021-05-12T13:28:06","guid":{"rendered":"https:\/\/www.dermacenter.ch\/?page_id=11538"},"modified":"2025-07-15T11:22:30","modified_gmt":"2025-07-15T09:22:30","slug":"dermacenter-kuessnacht","status":"publish","type":"page","link":"https:\/\/www.dermacenter.ch\/?page_id=11538","title":{"rendered":"Dermacenter K\u00fcssnacht"},"content":{"rendered":"<p>In unserem dermatologischen Zentrum, welches 2002 von Dres. med. Caroline Maassen und Bettina Schlagenhauff gegr\u00fcndet wurde, bieten wir Ihnen das gesamte Spektrum der Dermatologie, Allergologie und \u00c4sthetischen Medizin, einschliesslich Lasermedizin. Chirurgische Eingriffe k\u00f6nnen in unserem Operationssaal durchgef\u00fchrt werden. Unser Dermacenter K\u00fcssnacht verf\u00fcgt ausserdem \u00fcber ein Kosmetisches Institut und einen Dermashop, damit Ihre Haut rundum professionell betreut werden kann.<\/p>\n<p>Zur Dermacenter Gruppe geh\u00f6rt auch unser Dermacenter Brunnen.<\/p>\n<p>Wir freuen uns darauf, Sie in unserem Dermacenter K\u00fcssnacht begr\u00fcssen zu d\u00fcrfen!<\/p>\n<div class=\"slider-wrapper relative \" id=\"slider-1413271374\" >\n    <div class=\"slider slider-nav-circle slider-nav-large slider-nav-dark slider-style-normal slider-show-nav\"\n        data-flickity-options='{\n            \"cellAlign\": \"center\",\n            \"imagesLoaded\": true,\n            \"lazyLoad\": 1,\n            \"freeScroll\": false,\n            \"wrapAround\": true,\n            \"autoPlay\": 6000,\n            \"pauseAutoPlayOnHover\" : true,\n            \"prevNextButtons\": true,\n            \"contain\" : true,\n            \"adaptiveHeight\" : true,\n            \"dragThreshold\" : 5,\n            \"percentPosition\": true,\n            \"pageDots\": true,\n            \"rightToLeft\": false,\n            \"draggable\": true,\n            \"selectedAttraction\": 0.1,\n            \"parallax\" : 0,\n            \"friction\": 0.6        }'\n        >\n        \n    <div class=\"img has-hover x md-x lg-x y md-y lg-y\" id=\"image_2039529086\">\n                <div class=\"img-inner dark\" >\n        <img width=\"1020\" height=\"424\" src=\"https:\/\/www.dermacenter.ch\/wp-content\/uploads\/2025\/03\/DermaCenter_210507_2167_v231006b-1-scaled-1-1024x426.jpg\" class=\"attachment-large size-large\" alt=\"\" loading=\"lazy\" srcset=\"https:\/\/www.dermacenter.ch\/wp-content\/uploads\/2025\/03\/DermaCenter_210507_2167_v231006b-1-scaled-1-1024x426.jpg 1024w, https:\/\/www.dermacenter.ch\/wp-content\/uploads\/2025\/03\/DermaCenter_210507_2167_v231006b-1-scaled-1-300x125.jpg 300w, https:\/\/www.dermacenter.ch\/wp-content\/uploads\/2025\/03\/DermaCenter_210507_2167_v231006b-1-scaled-1-768x320.jpg 768w, https:\/\/www.dermacenter.ch\/wp-content\/uploads\/2025\/03\/DermaCenter_210507_2167_v231006b-1-scaled-1-1536x639.jpg 1536w, https:\/\/www.dermacenter.ch\/wp-content\/uploads\/2025\/03\/DermaCenter_210507_2167_v231006b-1-scaled-1-2048x852.jpg 2048w, https:\/\/www.dermacenter.ch\/wp-content\/uploads\/2025\/03\/DermaCenter_210507_2167_v231006b-1-scaled-1-600x250.jpg 600w, https:\/\/www.dermacenter.ch\/wp-content\/uploads\/2025\/03\/DermaCenter_210507_2167_v231006b-1-scaled-1-144x60.jpg 144w, https:\/\/www.dermacenter.ch\/wp-content\/uploads\/2025\/03\/DermaCenter_210507_2167_v231006b-1-scaled-1-216x90.jpg 216w\" sizes=\"(max-width: 1020px) 100vw, 1020px\" \/>                \n            <\/div>\n                   \n<style scope=\"scope\">\n\n<\/style>\n    <\/div>\n    \n    <div class=\"img has-hover x md-x lg-x y md-y lg-y\" id=\"image_748918588\">\n                <div class=\"img-inner dark\" >\n        <img width=\"1020\" height=\"679\" src=\"https:\/\/www.dermacenter.ch\/wp-content\/uploads\/2021\/05\/PK_04-1024x682.jpg\" class=\"attachment-large size-large\" alt=\"\" loading=\"lazy\" srcset=\"https:\/\/www.dermacenter.ch\/wp-content\/uploads\/2021\/05\/PK_04-1024x682.jpg 1024w, https:\/\/www.dermacenter.ch\/wp-content\/uploads\/2021\/05\/PK_04-300x200.jpg 300w, https:\/\/www.dermacenter.ch\/wp-content\/uploads\/2021\/05\/PK_04-768x512.jpg 768w, https:\/\/www.dermacenter.ch\/wp-content\/uploads\/2021\/05\/PK_04-1536x1023.jpg 1536w, https:\/\/www.dermacenter.ch\/wp-content\/uploads\/2021\/05\/PK_04-2048x1365.jpg 2048w, https:\/\/www.dermacenter.ch\/wp-content\/uploads\/2021\/05\/PK_04-600x400.jpg 600w\" sizes=\"(max-width: 1020px) 100vw, 1020px\" \/>                \n            <\/div>\n                   \n<style scope=\"scope\">\n\n<\/style>\n    <\/div>\n    \n    <div class=\"img has-hover x md-x lg-x y md-y lg-y\" id=\"image_143254008\">\n                <div class=\"img-inner dark\" >\n        <img width=\"1020\" height=\"668\" src=\"https:\/\/www.dermacenter.ch\/wp-content\/uploads\/2018\/03\/003-1024x671.jpg\" class=\"attachment-large size-large\" alt=\"\" loading=\"lazy\" srcset=\"https:\/\/www.dermacenter.ch\/wp-content\/uploads\/2018\/03\/003-1024x671.jpg 1024w, https:\/\/www.dermacenter.ch\/wp-content\/uploads\/2018\/03\/003-300x197.jpg 300w, https:\/\/www.dermacenter.ch\/wp-content\/uploads\/2018\/03\/003-768x503.jpg 768w, https:\/\/www.dermacenter.ch\/wp-content\/uploads\/2018\/03\/003-600x393.jpg 600w, https:\/\/www.dermacenter.ch\/wp-content\/uploads\/2018\/03\/003.jpg 1083w\" sizes=\"(max-width: 1020px) 100vw, 1020px\" \/>                \n            <\/div>\n                   \n<style scope=\"scope\">\n\n<\/style>\n    <\/div>\n    \n    <div class=\"img has-hover x md-x lg-x y md-y lg-y\" id=\"image_914005261\">\n                <div class=\"img-inner dark\" >\n        <img width=\"1020\" height=\"671\" src=\"https:\/\/www.dermacenter.ch\/wp-content\/uploads\/2021\/05\/PK_07-1024x674.jpg\" class=\"attachment-large size-large\" alt=\"\" loading=\"lazy\" srcset=\"https:\/\/www.dermacenter.ch\/wp-content\/uploads\/2021\/05\/PK_07-1024x674.jpg 1024w, https:\/\/www.dermacenter.ch\/wp-content\/uploads\/2021\/05\/PK_07-300x198.jpg 300w, https:\/\/www.dermacenter.ch\/wp-content\/uploads\/2021\/05\/PK_07-768x506.jpg 768w, https:\/\/www.dermacenter.ch\/wp-content\/uploads\/2021\/05\/PK_07-1536x1011.jpg 1536w, https:\/\/www.dermacenter.ch\/wp-content\/uploads\/2021\/05\/PK_07-2048x1348.jpg 2048w, https:\/\/www.dermacenter.ch\/wp-content\/uploads\/2021\/05\/PK_07-600x395.jpg 600w\" sizes=\"(max-width: 1020px) 100vw, 1020px\" \/>                \n            <\/div>\n                   \n<style scope=\"scope\">\n\n<\/style>\n    <\/div>\n    \n     <\/div>\n\n     <div class=\"loading-spin dark large centered\"><\/div>\n\n     <style scope=\"scope\">\n             <\/style>\n<\/div><!-- .ux-slider-wrapper -->\n\n\n  <section class=\"section\" id=\"section_1329840542\">\n      <div class=\"bg section-bg fill bg-fill  bg-loaded\" >\n\n        \n        <div class=\"section-bg-overlay absolute fill\"><\/div>\n        \n        \n        \n        \n\t<div class=\"is-border\"\n\t\tstyle=\"border-color:rgb(235, 235, 235);border-width:1px 0px 0px 0px;\">\n\t<\/div>\n\n      <\/div><!-- .section-bg -->\n\n      <div class=\"section-content relative\">\n        \n<div class=\"row\"  id=\"row-1855258993\">\n<div class=\"col medium-7 small-12 large-7\"  ><div class=\"col-inner\"  >\n<h2>Kontakt<\/h2>\n\n  <a class=\"plain\" href=\"tel:0041418508787\">  <div class=\"icon-box featured-box icon-box-left text-left\"  style=\"margin:0pxx 0px 0px 0px;\">\n\n                <div class=\"icon-box-img\" style=\"width: 32px\">\n          <div class=\"icon\">\n            <div class=\"icon-inner\" >\n              <img width=\"64\" height=\"64\" src=\"https:\/\/www.dermacenter.ch\/wp-content\/uploads\/2021\/05\/phone-symbol-2-64x64-1.png\" class=\"attachment-medium size-medium\" alt=\"\" loading=\"lazy\" \/>             <\/div>\n          <\/div>\n        <\/div>\n                <div class=\"icon-box-text last-reset\">\n\n            <h5 class=\"uppercase\">Telefon Zentrale<\/h5>            <h6>+41 41 850 87 87<\/h6>\n            \n        <\/div>\n  <\/div><!-- .icon-box -->\n  <\/a>\n  \n<div class=\"gap-element\" style=\"display:block; height:auto; padding-top:20px\" class=\"clearfix\"><\/div>\n\n  <a class=\"plain\" href=\"tel:0041 41 850 8788\">  <div class=\"icon-box featured-box icon-box-left text-left\"  style=\"margin:0pxx 0px 0px 0px;\">\n\n                <div class=\"icon-box-img\" style=\"width: 32px\">\n          <div class=\"icon\">\n            <div class=\"icon-inner\" >\n              <img width=\"64\" height=\"64\" src=\"https:\/\/www.dermacenter.ch\/wp-content\/uploads\/2021\/05\/phone-symbol-2-64x64-1.png\" class=\"attachment-medium size-medium\" alt=\"\" loading=\"lazy\" \/>             <\/div>\n          <\/div>\n        <\/div>\n                <div class=\"icon-box-text last-reset\">\n\n            <h5 class=\"uppercase\">Termine Kosmetik<\/h5>            <h6>+41 41 850 87 88<\/h6>\n            \n        <\/div>\n  <\/div><!-- .icon-box -->\n  <\/a>\n  \n<div class=\"gap-element\" style=\"display:block; height:auto; padding-top:20px\" class=\"clearfix\"><\/div>\n\n  <a class=\"plain\" href=\"mailto:kuessnacht@dermacenter.ch\">  <div class=\"icon-box featured-box icon-box-left text-left\"  style=\"margin:0pxx 0px 0px 0px;\">\n\n                <div class=\"icon-box-img\" style=\"width: 32px\">\n          <div class=\"icon\">\n            <div class=\"icon-inner\" >\n              <img width=\"300\" height=\"300\" src=\"https:\/\/www.dermacenter.ch\/wp-content\/uploads\/2020\/09\/3209359-email-envelope-letter-mail-newsletter-300x300.png\" class=\"attachment-medium size-medium\" alt=\"\" loading=\"lazy\" srcset=\"https:\/\/www.dermacenter.ch\/wp-content\/uploads\/2020\/09\/3209359-email-envelope-letter-mail-newsletter-300x300.png 300w, https:\/\/www.dermacenter.ch\/wp-content\/uploads\/2020\/09\/3209359-email-envelope-letter-mail-newsletter-150x150.png 150w, https:\/\/www.dermacenter.ch\/wp-content\/uploads\/2020\/09\/3209359-email-envelope-letter-mail-newsletter-100x100.png 100w, https:\/\/www.dermacenter.ch\/wp-content\/uploads\/2020\/09\/3209359-email-envelope-letter-mail-newsletter.png 512w\" sizes=\"(max-width: 300px) 100vw, 300px\" \/>             <\/div>\n          <\/div>\n        <\/div>\n                <div class=\"icon-box-text last-reset\">\n\n            <h5 class=\"uppercase\">E-Mail Kontakt<\/h5>            <h6>kuessnacht@dermacenter.ch<\/h6>\n            \n        <\/div>\n  <\/div><!-- .icon-box -->\n  <\/a>\n  \n<\/div><\/div>\n<div class=\"col medium-4 small-12 large-4\"  ><div class=\"col-inner\"  >\n<h2>\u00d6ffnungszeiten<\/h2>\n<div class=\"row\"  id=\"row-1093838168\">\n<div class=\"col small-12 large-12\"  ><div class=\"col-inner\"  >\n<p><strong>Dermapraxis<\/strong><br \/>Montag bis Donnerstag<br \/>08:00 \u2013 12:00 Uhr<br \/>13:00 \u2013 17:30 Uhr<br \/>Freitag<br \/>08:00 \u2013 12:00 Uhr<br \/>13:00 \u2013 15:30 Uhr<\/p>\n<p><strong>Dermashop<\/strong><br \/>Montag bis Donnerstag<br \/>08:00 \u2013 12:00 Uhr<br \/>13:00 \u2013 17:30 Uhr<br \/>Freitag<br \/>08:00 \u2013 12:00 Uhr<br \/>13:00 \u2013 15:30 Uhr<\/p>\n<p><strong>Dermacosmetics<br \/><\/strong>Zus\u00e4tzlich Samstag,\u00a0nach Vereinbarung<\/p>\n<\/div><\/div>\n<\/div>\n<\/div><\/div>\n<\/div>\n      <\/div><!-- .section-content -->\n\n      \n<style scope=\"scope\">\n\n#section_1329840542 {\n  padding-top: 60px;\n  padding-bottom: 60px;\n  min-height: 300px;\n}\n#section_1329840542 .section-bg-overlay {\n  background-color: rgba(255, 255, 255, 0.81);\n}\n<\/style>\n  <\/section>\n  \n  <section class=\"section hide-for-small\" id=\"section_742030314\">\n      <div class=\"bg section-bg fill bg-fill  bg-loaded\" >\n\n        \n        <div class=\"section-bg-overlay absolute fill\"><\/div>\n        \n        \n        \n        \n\t<div class=\"is-border\"\n\t\tstyle=\"border-color:rgb(235, 235, 235);border-width:1px 0px 0px 0px;\">\n\t<\/div>\n\n      <\/div><!-- .section-bg -->\n\n      <div class=\"section-content relative\">\n        \n<h2><span style=\"color: #ffffff;\">Ihr \u00c4rzteteam in K\u00fcssnacht<\/span><\/h2>\n<div class=\"gap-element\" style=\"display:block; height:auto; padding-top:30px\" class=\"clearfix\"><\/div>\n<div class=\"slider-wrapper relative \" id=\"slider-1130256192\" >\n    <div class=\"slider slider-nav-circle slider-nav-large slider-nav-light slider-style-normal\"\n        data-flickity-options='{\n            \"cellAlign\": \"center\",\n            \"imagesLoaded\": true,\n            \"lazyLoad\": 1,\n            \"freeScroll\": false,\n            \"wrapAround\": false,\n            \"autoPlay\": 6000,\n            \"pauseAutoPlayOnHover\" : true,\n            \"prevNextButtons\": true,\n            \"contain\" : true,\n            \"adaptiveHeight\" : true,\n            \"dragThreshold\" : 5,\n            \"percentPosition\": true,\n            \"pageDots\": true,\n            \"rightToLeft\": false,\n            \"draggable\": true,\n            \"selectedAttraction\": 0.1,\n            \"parallax\" : 0,\n            \"friction\": 0.6        }'\n        >\n        \n<div class=\"row row-small align-center\"  id=\"row-53191200\">\n<div class=\"col medium-4 small-12 large-4\"  ><div class=\"col-inner\"  >\n    <div class=\"box has-hover has-hover box-default box-text-bottom\" >\n\n                  <div class=\"box-image \" >\n           <div class=\"box-image-inner image-cover\" style=\"padding-top:100%;\">\n              <img width=\"1561\" height=\"1561\" src=\"https:\/\/www.dermacenter.ch\/wp-content\/uploads\/2021\/05\/maassen.jpg\" class=\"attachment- size-\" alt=\"\" loading=\"lazy\" srcset=\"https:\/\/www.dermacenter.ch\/wp-content\/uploads\/2021\/05\/maassen.jpg 1561w, https:\/\/www.dermacenter.ch\/wp-content\/uploads\/2021\/05\/maassen-300x300.jpg 300w, https:\/\/www.dermacenter.ch\/wp-content\/uploads\/2021\/05\/maassen-1024x1024.jpg 1024w, https:\/\/www.dermacenter.ch\/wp-content\/uploads\/2021\/05\/maassen-150x150.jpg 150w, https:\/\/www.dermacenter.ch\/wp-content\/uploads\/2021\/05\/maassen-768x768.jpg 768w, https:\/\/www.dermacenter.ch\/wp-content\/uploads\/2021\/05\/maassen-1536x1536.jpg 1536w, https:\/\/www.dermacenter.ch\/wp-content\/uploads\/2021\/05\/maassen-600x600.jpg 600w, https:\/\/www.dermacenter.ch\/wp-content\/uploads\/2021\/05\/maassen-100x100.jpg 100w\" sizes=\"(max-width: 1561px) 100vw, 1561px\" \/>                         <\/div>\n          <\/div><!-- box-image -->\n         \n          <div class=\"box-text text-center\" style=\"background-color:rgb(255, 216, 158);padding:10px 5px 30px 5px;\">\n                <div class=\"box-text-inner\">\n                  <h4 class=\"uppercase\">\n                    <span class=\"person-name\">Dr. med. Caroline Maassen<\/span><br\/>\n                    <span class=\"person-title is-small thin-font op-7\">\n                      Fach\u00e4rztin f\u00fcr Dermatologie Gr\u00fcnderin, Inhaberin und Leitung Dermacenter AG                    <\/span>\n                  <\/h4>\n                 <div class=\"social-icons follow-icons \" ><\/div>                 \n<p><a href=\"https:\/\/www.dermacenter.ch\/standort-kuessnacht\/aertzteteam\/dr-med-anna-caroline-maassen\/\">Lebenslauf<\/a><\/p>\n<div class=\"gap-element\" style=\"display:block; height:auto; padding-top:30px\" class=\"clearfix\"><\/div>\n<p><em>\u201c\u00c4rztin war seit jeher mein Berufswunsch, da ich mich schon immer f\u00fcr Menschen und Biologie interessiert habe. Als Haut\u00e4rztin kann ich zus\u00e4tzlich meinen Sinn f\u00fcr das Visuelle verwirklichen und zuweilen mit Blickdiagnosen rasch helfen.\u201d<\/em><\/p>\n                <\/div><!-- box-text-inner -->\n          <\/div><!-- box-text -->\n    <\/div><!-- .box  -->\n\n    \n    \n<\/div><\/div>\n<div class=\"col medium-4 small-12 large-4\"  ><div class=\"col-inner\" style=\"padding:0px 0px 0px 0px;margin:0px 0px 0px 0;\" >\n    <div class=\"box has-hover has-hover box-text-bottom\" >\n\n                  <div class=\"box-image \" >\n           <div class=\"box-image-inner image-cover\" style=\"padding-top:100%;\">\n              <img width=\"1212\" height=\"1212\" src=\"https:\/\/www.dermacenter.ch\/wp-content\/uploads\/2023\/11\/DermaCenter_Portraits_2221019_RGB_Schagenhauff_Bettina_4378a_oT.jpg\" class=\"attachment- size-\" alt=\"\" loading=\"lazy\" srcset=\"https:\/\/www.dermacenter.ch\/wp-content\/uploads\/2023\/11\/DermaCenter_Portraits_2221019_RGB_Schagenhauff_Bettina_4378a_oT.jpg 1212w, https:\/\/www.dermacenter.ch\/wp-content\/uploads\/2023\/11\/DermaCenter_Portraits_2221019_RGB_Schagenhauff_Bettina_4378a_oT-300x300.jpg 300w, https:\/\/www.dermacenter.ch\/wp-content\/uploads\/2023\/11\/DermaCenter_Portraits_2221019_RGB_Schagenhauff_Bettina_4378a_oT-1024x1024.jpg 1024w, https:\/\/www.dermacenter.ch\/wp-content\/uploads\/2023\/11\/DermaCenter_Portraits_2221019_RGB_Schagenhauff_Bettina_4378a_oT-150x150.jpg 150w, https:\/\/www.dermacenter.ch\/wp-content\/uploads\/2023\/11\/DermaCenter_Portraits_2221019_RGB_Schagenhauff_Bettina_4378a_oT-768x768.jpg 768w, https:\/\/www.dermacenter.ch\/wp-content\/uploads\/2023\/11\/DermaCenter_Portraits_2221019_RGB_Schagenhauff_Bettina_4378a_oT-600x600.jpg 600w, https:\/\/www.dermacenter.ch\/wp-content\/uploads\/2023\/11\/DermaCenter_Portraits_2221019_RGB_Schagenhauff_Bettina_4378a_oT-100x100.jpg 100w, https:\/\/www.dermacenter.ch\/wp-content\/uploads\/2023\/11\/DermaCenter_Portraits_2221019_RGB_Schagenhauff_Bettina_4378a_oT-60x60.jpg 60w, https:\/\/www.dermacenter.ch\/wp-content\/uploads\/2023\/11\/DermaCenter_Portraits_2221019_RGB_Schagenhauff_Bettina_4378a_oT-90x90.jpg 90w\" sizes=\"(max-width: 1212px) 100vw, 1212px\" \/>                         <\/div>\n          <\/div><!-- box-image -->\n         \n          <div class=\"box-text text-center\" style=\"background-color:rgb(255, 216, 158);padding:10px 5px 30px 5px;\">\n                <div class=\"box-text-inner\">\n                  <h4 class=\"uppercase\">\n                    <span class=\"person-name\">Dr. med. Bettina Schlagenhauff<\/span><br\/>\n                    <span class=\"person-title is-small thin-font op-7\">\n                      Fach\u00e4rztin f\u00fcr Dermatologie Gr\u00fcnderin, Inhaberin und Leitung Dermacenter AG                    <\/span>\n                  <\/h4>\n                 <div class=\"social-icons follow-icons \" ><\/div>                 \n<p><a href=\"https:\/\/www.dermacenter.ch\/standort-kuessnacht\/aertzteteam\/dr-med-bettina-schlagenhauff\/\">Lebenslauf<\/a><\/p>\n<div class=\"gap-element\" style=\"display:block; height:auto; padding-top:30px\" class=\"clearfix\"><\/div>\n<p><em>\u201cIch liebe meinen Beruf \u00fcber alles, da er so Vieles vereint. So kann ich z.B. meine Patienten direkt am Fortschritt der Medizin teilhaben lassen, wenn ich mich regelm\u00e4ssig mit dem wissenschaftlichen Hintergrund besch\u00e4ftige.\u201d<\/em><\/p>\n                <\/div><!-- box-text-inner -->\n          <\/div><!-- box-text -->\n    <\/div><!-- .box  -->\n\n    \n    \n<\/div><\/div>\n<div class=\"col medium-4 small-12 large-4\"  ><div class=\"col-inner\"  >\n    <div class=\"box has-hover has-hover box-text-bottom\" >\n\n                  <div class=\"box-image \" >\n           <div class=\"box-image-inner image-cover\" style=\"padding-top:100%;\">\n              <img width=\"2364\" height=\"2365\" src=\"https:\/\/www.dermacenter.ch\/wp-content\/uploads\/2021\/05\/hauges.jpg\" class=\"attachment- size-\" alt=\"\" loading=\"lazy\" srcset=\"https:\/\/www.dermacenter.ch\/wp-content\/uploads\/2021\/05\/hauges.jpg 2364w, https:\/\/www.dermacenter.ch\/wp-content\/uploads\/2021\/05\/hauges-300x300.jpg 300w, https:\/\/www.dermacenter.ch\/wp-content\/uploads\/2021\/05\/hauges-1024x1024.jpg 1024w, https:\/\/www.dermacenter.ch\/wp-content\/uploads\/2021\/05\/hauges-150x150.jpg 150w, https:\/\/www.dermacenter.ch\/wp-content\/uploads\/2021\/05\/hauges-768x768.jpg 768w, https:\/\/www.dermacenter.ch\/wp-content\/uploads\/2021\/05\/hauges-1536x1536.jpg 1536w, https:\/\/www.dermacenter.ch\/wp-content\/uploads\/2021\/05\/hauges-2048x2048.jpg 2048w, https:\/\/www.dermacenter.ch\/wp-content\/uploads\/2021\/05\/hauges-600x600.jpg 600w, https:\/\/www.dermacenter.ch\/wp-content\/uploads\/2021\/05\/hauges-100x100.jpg 100w\" sizes=\"(max-width: 2364px) 100vw, 2364px\" \/>                         <\/div>\n          <\/div><!-- box-image -->\n         \n          <div class=\"box-text text-center\" style=\"background-color:rgb(255, 216, 158);padding:10px 5px 30px 5px;\">\n                <div class=\"box-text-inner\">\n                  <h4 class=\"uppercase\">\n                    <span class=\"person-name\">Dr. med. Daniela Haiges<\/span><br\/>\n                    <span class=\"person-title is-small thin-font op-7\">\n                      Fach\u00e4rztin f\u00fcr Dermatologie                    <\/span>\n                  <\/h4>\n                 <div class=\"social-icons follow-icons \" ><\/div>                 \n<p><a href=\"https:\/\/www.dermacenter.ch\/standort-kuessnacht\/aertzteteam\/dr-cinthya-jeanette-salgado-alpizar\/\">Lebenslauf<\/a><\/p>\n<div class=\"gap-element\" style=\"display:block; height:auto; padding-top:30px\" class=\"clearfix\"><\/div>\n<p><em>\u201cIch liebe die Arbeit im Dermacenter, da sie sehr abwechslungsreich ist: Dermatologie, Chirurgie, Allergologie, \u00c4sthetik, Laser, verschiedene Menschen, verschiedene Standorte, gute Stimmung. Das ist toll!\u201d<\/em><\/p>\n                <\/div><!-- box-text-inner -->\n          <\/div><!-- box-text -->\n    <\/div><!-- .box  -->\n\n    \n    \n<\/div><\/div>\n\n<style scope=\"scope\">\n\n#row-53191200 > .col > .col-inner {\n  padding: 0px 0px 0px 0px;\n}\n<\/style>\n<\/div>\n<div class=\"row row-small\"  id=\"row-145314935\">\n<div class=\"col medium-4 small-12 large-4\"  ><div class=\"col-inner\" style=\"padding:0px 0px 0px 0px;margin:0px 0px 0px 0px;\" >\n    <div class=\"box has-hover has-hover box-text-bottom\" >\n\n                  <div class=\"box-image \" >\n           <div class=\"box-image-inner image-cover\" style=\"padding-top:100%;\">\n              <img width=\"730\" height=\"729\" src=\"https:\/\/www.dermacenter.ch\/wp-content\/uploads\/2023\/12\/DermaCenter_210507_2114.jpg\" class=\"attachment- size-\" alt=\"\" loading=\"lazy\" srcset=\"https:\/\/www.dermacenter.ch\/wp-content\/uploads\/2023\/12\/DermaCenter_210507_2114.jpg 730w, https:\/\/www.dermacenter.ch\/wp-content\/uploads\/2023\/12\/DermaCenter_210507_2114-300x300.jpg 300w, https:\/\/www.dermacenter.ch\/wp-content\/uploads\/2023\/12\/DermaCenter_210507_2114-150x150.jpg 150w, https:\/\/www.dermacenter.ch\/wp-content\/uploads\/2023\/12\/DermaCenter_210507_2114-600x599.jpg 600w, https:\/\/www.dermacenter.ch\/wp-content\/uploads\/2023\/12\/DermaCenter_210507_2114-100x100.jpg 100w, https:\/\/www.dermacenter.ch\/wp-content\/uploads\/2023\/12\/DermaCenter_210507_2114-60x60.jpg 60w, https:\/\/www.dermacenter.ch\/wp-content\/uploads\/2023\/12\/DermaCenter_210507_2114-90x90.jpg 90w\" sizes=\"(max-width: 730px) 100vw, 730px\" \/>                         <\/div>\n          <\/div><!-- box-image -->\n         \n          <div class=\"box-text text-center\" style=\"background-color:rgb(255, 216, 158);padding:10px 5px 30px 5;\">\n                <div class=\"box-text-inner\">\n                  <h4 class=\"uppercase\">\n                    <span class=\"person-name\">Dr. med. Birthe Stevens<\/span><br\/>\n                    <span class=\"person-title is-small thin-font op-7\">\n                      Fach\u00e4rztin f\u00fcr Dermatologie                    <\/span>\n                  <\/h4>\n                 <div class=\"social-icons follow-icons \" ><\/div>                 \n<p><a href=\"https:\/\/www.dermacenter.ch\/standort-kuessnacht\/aertzteteam\/dr-med-birthe-stevens\/\">Lebenslauf<\/a><\/p>\n<div class=\"gap-element\" style=\"display:block; height:auto; padding-top:30px\" class=\"clearfix\"><\/div>\n<p><em>\u201cIch liebe die Vielseitigkeit der Dermatologie. Mein Herz schl\u00e4gt f\u00fcr die Dermatochirurgie. Den unterschiedlichsten Menschen die Angst vor einem Eingriff nehmen zu k\u00f6nnen und sie hierbei bestm\u00f6glich zu begleiten, ist meine Passion.\u201d<\/em><\/p>\n                <\/div><!-- box-text-inner -->\n          <\/div><!-- box-text -->\n    <\/div><!-- .box  -->\n\n    \n    \n<\/div><\/div>\n<div class=\"col medium-4 small-12 large-4\"  ><div class=\"col-inner\"  >\n    <div class=\"box has-hover has-hover box-text-bottom\" >\n\n                  <div class=\"box-image \" >\n           <div class=\"box-image-inner image-cover\" style=\"padding-top:100%;\">\n              <img width=\"1500\" height=\"1500\" src=\"https:\/\/www.dermacenter.ch\/wp-content\/uploads\/2021\/10\/sparla-1.jpg\" class=\"attachment- size-\" alt=\"\" loading=\"lazy\" srcset=\"https:\/\/www.dermacenter.ch\/wp-content\/uploads\/2021\/10\/sparla-1.jpg 1500w, https:\/\/www.dermacenter.ch\/wp-content\/uploads\/2021\/10\/sparla-1-300x300.jpg 300w, https:\/\/www.dermacenter.ch\/wp-content\/uploads\/2021\/10\/sparla-1-1024x1024.jpg 1024w, https:\/\/www.dermacenter.ch\/wp-content\/uploads\/2021\/10\/sparla-1-150x150.jpg 150w, https:\/\/www.dermacenter.ch\/wp-content\/uploads\/2021\/10\/sparla-1-768x768.jpg 768w, https:\/\/www.dermacenter.ch\/wp-content\/uploads\/2021\/10\/sparla-1-600x600.jpg 600w, https:\/\/www.dermacenter.ch\/wp-content\/uploads\/2021\/10\/sparla-1-100x100.jpg 100w\" sizes=\"(max-width: 1500px) 100vw, 1500px\" \/>                         <\/div>\n          <\/div><!-- box-image -->\n         \n          <div class=\"box-text text-center\" style=\"background-color:rgb(255, 216, 158);padding:10px 5px 30px 5;\">\n                <div class=\"box-text-inner\">\n                  <h4 class=\"uppercase\">\n                    <span class=\"person-name\">Christina Sparla<\/span><br\/>\n                    <span class=\"person-title is-small thin-font op-7\">\n                      Fach\u00e4rztin f\u00fcr Dermatologie                    <\/span>\n                  <\/h4>\n                 <div class=\"social-icons follow-icons \" ><\/div>                 \n<p><a href=\"https:\/\/www.dermacenter.ch\/standort-kuessnacht\/aertzteteam\/dr-med-christina-sparla\/\">Lebenslauf<\/a><\/p>\n<div class=\"gap-element\" style=\"display:block; height:auto; padding-top:30px\" class=\"clearfix\"><\/div>\n<p><em>\u201cJeder Patient, ob mit dermatologischem, chirurgischem, allergologischem oder kosmetischem Anliegen, ist eine Herausforderung, die mich immer wieder aufs Neue begeistert.\u201d<\/em><\/p>\n                <\/div><!-- box-text-inner -->\n          <\/div><!-- box-text -->\n    <\/div><!-- .box  -->\n\n    \n    \n<\/div><\/div>\n<div class=\"col medium-4 small-12 large-4\"  ><div class=\"col-inner\" style=\"background-color:rgb(255, 209, 148);\" >\n    <div class=\"box has-hover has-hover box-text-bottom\" >\n\n                  <div class=\"box-image \" >\n           <div class=\"box-image-inner image-cover\" style=\"padding-top:100%;\">\n              <img width=\"1562\" height=\"1562\" src=\"https:\/\/www.dermacenter.ch\/wp-content\/uploads\/2023\/11\/DermaCenter_Portraits_2221019_RGB_Tenyi_Viktor_3926_oT.jpg\" class=\"attachment- size-\" alt=\"\" loading=\"lazy\" srcset=\"https:\/\/www.dermacenter.ch\/wp-content\/uploads\/2023\/11\/DermaCenter_Portraits_2221019_RGB_Tenyi_Viktor_3926_oT.jpg 1562w, https:\/\/www.dermacenter.ch\/wp-content\/uploads\/2023\/11\/DermaCenter_Portraits_2221019_RGB_Tenyi_Viktor_3926_oT-300x300.jpg 300w, https:\/\/www.dermacenter.ch\/wp-content\/uploads\/2023\/11\/DermaCenter_Portraits_2221019_RGB_Tenyi_Viktor_3926_oT-1024x1024.jpg 1024w, https:\/\/www.dermacenter.ch\/wp-content\/uploads\/2023\/11\/DermaCenter_Portraits_2221019_RGB_Tenyi_Viktor_3926_oT-150x150.jpg 150w, https:\/\/www.dermacenter.ch\/wp-content\/uploads\/2023\/11\/DermaCenter_Portraits_2221019_RGB_Tenyi_Viktor_3926_oT-768x768.jpg 768w, https:\/\/www.dermacenter.ch\/wp-content\/uploads\/2023\/11\/DermaCenter_Portraits_2221019_RGB_Tenyi_Viktor_3926_oT-1536x1536.jpg 1536w, https:\/\/www.dermacenter.ch\/wp-content\/uploads\/2023\/11\/DermaCenter_Portraits_2221019_RGB_Tenyi_Viktor_3926_oT-600x600.jpg 600w, https:\/\/www.dermacenter.ch\/wp-content\/uploads\/2023\/11\/DermaCenter_Portraits_2221019_RGB_Tenyi_Viktor_3926_oT-100x100.jpg 100w, https:\/\/www.dermacenter.ch\/wp-content\/uploads\/2023\/11\/DermaCenter_Portraits_2221019_RGB_Tenyi_Viktor_3926_oT-60x60.jpg 60w, https:\/\/www.dermacenter.ch\/wp-content\/uploads\/2023\/11\/DermaCenter_Portraits_2221019_RGB_Tenyi_Viktor_3926_oT-90x90.jpg 90w\" sizes=\"(max-width: 1562px) 100vw, 1562px\" \/>                         <\/div>\n          <\/div><!-- box-image -->\n         \n          <div class=\"box-text text-center\" style=\"background-color:rgb(255, 216, 158);padding:10px 5px 30px 5;\">\n                <div class=\"box-text-inner\">\n                  <h4 class=\"uppercase\">\n                    <span class=\"person-name\">Dr. med. Viktor Tenyi<\/span><br\/>\n                    <span class=\"person-title is-small thin-font op-7\">\n                      Facharzt f\u00fcr Dermatologie                    <\/span>\n                  <\/h4>\n                 <div class=\"social-icons follow-icons \" ><\/div>                 \n<p><a href=\"https:\/\/www.dermacenter.ch\/standort-kuessnacht\/aertzteteam\/dr-viktor-tenyi\/\">Lebenslauf<\/a><\/p>\n<div class=\"gap-element\" style=\"display:block; height:auto; padding-top:30px\" class=\"clearfix\"><\/div>\n<p><em>\u201cIch bin mit Leib und Seele Dermatologe und behandele meine Patienten nach dem Motto: \u00abSei gut zu deiner Haut. Du wirst sie f\u00fcr den Rest deines Lebens tragen.\u00bb\u201d<\/em><\/p>\n                <\/div><!-- box-text-inner -->\n          <\/div><!-- box-text -->\n    <\/div><!-- .box  -->\n\n    \n    \n<\/div><\/div>\n\n<style scope=\"scope\">\n\n<\/style>\n<\/div>\n<div class=\"row row-small\"  id=\"row-2057981456\">\n<div class=\"col medium-4 small-12 large-4\"  ><div class=\"col-inner\" style=\"padding:0px 0px 0px 0px;margin:0px 0px 0px 0px;\" >\n    <div class=\"box has-hover has-hover box-text-bottom\" >\n\n                  <div class=\"box-image \" >\n           <div class=\"box-image-inner image-cover\" style=\"padding-top:100%;\">\n              <img width=\"2560\" height=\"2560\" src=\"https:\/\/www.dermacenter.ch\/wp-content\/uploads\/2024\/12\/image_123650291-scaled.jpg\" class=\"attachment- size-\" alt=\"\" loading=\"lazy\" srcset=\"https:\/\/www.dermacenter.ch\/wp-content\/uploads\/2024\/12\/image_123650291-scaled.jpg 2560w, https:\/\/www.dermacenter.ch\/wp-content\/uploads\/2024\/12\/image_123650291-300x300.jpg 300w, https:\/\/www.dermacenter.ch\/wp-content\/uploads\/2024\/12\/image_123650291-1024x1024.jpg 1024w, https:\/\/www.dermacenter.ch\/wp-content\/uploads\/2024\/12\/image_123650291-150x150.jpg 150w, https:\/\/www.dermacenter.ch\/wp-content\/uploads\/2024\/12\/image_123650291-768x768.jpg 768w, https:\/\/www.dermacenter.ch\/wp-content\/uploads\/2024\/12\/image_123650291-1536x1536.jpg 1536w, https:\/\/www.dermacenter.ch\/wp-content\/uploads\/2024\/12\/image_123650291-2048x2048.jpg 2048w, https:\/\/www.dermacenter.ch\/wp-content\/uploads\/2024\/12\/image_123650291-600x600.jpg 600w, https:\/\/www.dermacenter.ch\/wp-content\/uploads\/2024\/12\/image_123650291-100x100.jpg 100w, https:\/\/www.dermacenter.ch\/wp-content\/uploads\/2024\/12\/image_123650291-60x60.jpg 60w, https:\/\/www.dermacenter.ch\/wp-content\/uploads\/2024\/12\/image_123650291-90x90.jpg 90w\" sizes=\"(max-width: 2560px) 100vw, 2560px\" \/>                         <\/div>\n          <\/div><!-- box-image -->\n         \n          <div class=\"box-text text-center\" style=\"background-color:rgb(255, 216, 158);padding:10px 5px 30px 5;\">\n                <div class=\"box-text-inner\">\n                  <h4 class=\"uppercase\">\n                    <span class=\"person-name\">DR. MED. Marie-C\u00e9line Stuis<\/span><br\/>\n                    <span class=\"person-title is-small thin-font op-7\">\n                      Assistenz\u00e4rztin f\u00fcr Dermatologie                    <\/span>\n                  <\/h4>\n                 <div class=\"social-icons follow-icons \" ><\/div>                 \n<p><a href=\"https:\/\/www.dermacenter.ch\/standort-kuessnacht\/aertzteteam\/dr-med-marie-celine-stuis\/\">Lebenslauf<\/a><\/p>\n<div class=\"gap-element\" style=\"display:block; height:auto; padding-top:30px\" class=\"clearfix\"><\/div>\n<p><em>\u201cAn der Dermatologie begeistert mich das breite Spektrum an Krankheitsbildern und die stetig neu erforschten Therapiem\u00f6glichkeiten durch welche man den Patienten zu mehr Lebensqualit\u00e4t verhelfen kann.\u201d<\/em><\/p>\n                <\/div><!-- box-text-inner -->\n          <\/div><!-- box-text -->\n    <\/div><!-- .box  -->\n\n    \n    \n<\/div><\/div>\n<div class=\"col medium-4 small-12 large-4\"  ><div class=\"col-inner\"  >\n    <div class=\"box has-hover has-hover box-text-bottom\" >\n\n                  <div class=\"box-image \" >\n           <div class=\"box-image-inner image-cover\" style=\"padding-top:100%;\">\n              <img width=\"2459\" height=\"2459\" src=\"https:\/\/www.dermacenter.ch\/wp-content\/uploads\/2024\/12\/image_1236502916.jpg\" class=\"attachment- size-\" alt=\"\" loading=\"lazy\" srcset=\"https:\/\/www.dermacenter.ch\/wp-content\/uploads\/2024\/12\/image_1236502916.jpg 2459w, https:\/\/www.dermacenter.ch\/wp-content\/uploads\/2024\/12\/image_1236502916-300x300.jpg 300w, https:\/\/www.dermacenter.ch\/wp-content\/uploads\/2024\/12\/image_1236502916-1024x1024.jpg 1024w, https:\/\/www.dermacenter.ch\/wp-content\/uploads\/2024\/12\/image_1236502916-150x150.jpg 150w, https:\/\/www.dermacenter.ch\/wp-content\/uploads\/2024\/12\/image_1236502916-768x768.jpg 768w, https:\/\/www.dermacenter.ch\/wp-content\/uploads\/2024\/12\/image_1236502916-1536x1536.jpg 1536w, https:\/\/www.dermacenter.ch\/wp-content\/uploads\/2024\/12\/image_1236502916-2048x2048.jpg 2048w, https:\/\/www.dermacenter.ch\/wp-content\/uploads\/2024\/12\/image_1236502916-600x600.jpg 600w, https:\/\/www.dermacenter.ch\/wp-content\/uploads\/2024\/12\/image_1236502916-100x100.jpg 100w, https:\/\/www.dermacenter.ch\/wp-content\/uploads\/2024\/12\/image_1236502916-60x60.jpg 60w, https:\/\/www.dermacenter.ch\/wp-content\/uploads\/2024\/12\/image_1236502916-90x90.jpg 90w\" sizes=\"(max-width: 2459px) 100vw, 2459px\" \/>                         <\/div>\n          <\/div><!-- box-image -->\n         \n          <div class=\"box-text text-center\" style=\"background-color:rgb(255, 216, 158);padding:10px 5px 30px 5;\">\n                <div class=\"box-text-inner\">\n                  <h4 class=\"uppercase\">\n                    <span class=\"person-name\">Antonela Stiube<\/span><br\/>\n                    <span class=\"person-title is-small thin-font op-7\">\n                      Assistenz\u00e4rztin f\u00fcr Dermatologie                    <\/span>\n                  <\/h4>\n                 <div class=\"social-icons follow-icons \" ><\/div>                 \n<p><a href=\"https:\/\/www.dermacenter.ch\/standort-kuessnacht\/aertzteteam\/antonela-stiube\/\">Lebenslauf<\/a><\/p>\n<div class=\"gap-element\" style=\"display:block; height:auto; padding-top:30px\" class=\"clearfix\"><\/div>\n<div class=\"gap-element\">\u00a0<\/div>\n<p><em>\u201cAn der Dermatologie begeistern mich die visuelle Diagnostik, die pr\u00e4zise Arbeit in der Dermatochirurgie und die M\u00f6glichkeit, im \u00e4sthetischen Bereich das Selbstbewusstsein der Patienten zu st\u00e4rken. Dieses vielseitige Fachgebiet vereint Medizin, Kunst und stetige Weiterentwicklung \u2013 eine Kombination, die mich t\u00e4glich aufs Neue inspiriert.\u201d<\/em><\/p>\n<p><em>\u00a0<\/em><\/p>\n                <\/div><!-- box-text-inner -->\n          <\/div><!-- box-text -->\n    <\/div><!-- .box  -->\n\n    \n    \n<\/div><\/div>\n<div class=\"col medium-4 small-12 large-4\"  ><div class=\"col-inner\" style=\"background-color:rgb(255, 209, 148);\" >\n<\/div><\/div>\n\n<style scope=\"scope\">\n\n<\/style>\n<\/div>\n     <\/div>\n\n     <div class=\"loading-spin dark large centered\"><\/div>\n\n     <style scope=\"scope\">\n             <\/style>\n<\/div><!-- .ux-slider-wrapper -->\n\n\n      <\/div><!-- .section-content -->\n\n      \n<style scope=\"scope\">\n\n#section_742030314 {\n  padding-top: 59px;\n  padding-bottom: 59px;\n  min-height: 300px;\n  background-color: rgb(255, 255, 255);\n}\n#section_742030314 .section-bg-overlay {\n  background-color: rgba(0, 0, 0, 0.19);\n}\n<\/style>\n  <\/section>\n  \n  <section class=\"section show-for-small\" id=\"section_403416882\">\n      <div class=\"bg section-bg fill bg-fill  bg-loaded\" >\n\n        \n        <div class=\"section-bg-overlay absolute fill\"><\/div>\n        \n        \n        \n        \n\t<div class=\"is-border\"\n\t\tstyle=\"border-color:rgb(235, 235, 235);border-width:1px 0px 0px 0px;\">\n\t<\/div>\n\n      <\/div><!-- .section-bg -->\n\n      <div class=\"section-content relative\">\n        \n<h2><span style=\"color: #ffffff;\">Ihr \u00c4rzteteam in K\u00fcssnacht<\/span><\/h2>\n<div class=\"gap-element\" style=\"display:block; height:auto; padding-top:30px\" class=\"clearfix\"><\/div>\n<div class=\"row row-small align-center\"  id=\"row-436993925\">\n<div class=\"col medium-4 small-12 large-4\"  ><div class=\"col-inner\"  >\n    <div class=\"box has-hover has-hover box-default box-text-bottom\" >\n\n                  <div class=\"box-image \" >\n           <div class=\"box-image-inner image-cover\" style=\"padding-top:100%;\">\n              <img width=\"1561\" height=\"1561\" src=\"https:\/\/www.dermacenter.ch\/wp-content\/uploads\/2021\/05\/maassen.jpg\" class=\"attachment- size-\" alt=\"\" loading=\"lazy\" srcset=\"https:\/\/www.dermacenter.ch\/wp-content\/uploads\/2021\/05\/maassen.jpg 1561w, https:\/\/www.dermacenter.ch\/wp-content\/uploads\/2021\/05\/maassen-300x300.jpg 300w, https:\/\/www.dermacenter.ch\/wp-content\/uploads\/2021\/05\/maassen-1024x1024.jpg 1024w, https:\/\/www.dermacenter.ch\/wp-content\/uploads\/2021\/05\/maassen-150x150.jpg 150w, https:\/\/www.dermacenter.ch\/wp-content\/uploads\/2021\/05\/maassen-768x768.jpg 768w, https:\/\/www.dermacenter.ch\/wp-content\/uploads\/2021\/05\/maassen-1536x1536.jpg 1536w, https:\/\/www.dermacenter.ch\/wp-content\/uploads\/2021\/05\/maassen-600x600.jpg 600w, https:\/\/www.dermacenter.ch\/wp-content\/uploads\/2021\/05\/maassen-100x100.jpg 100w\" sizes=\"(max-width: 1561px) 100vw, 1561px\" \/>                         <\/div>\n          <\/div><!-- box-image -->\n         \n          <div class=\"box-text text-center\" style=\"background-color:rgb(255, 216, 158);padding:10px 0px 30px 0px;\">\n                <div class=\"box-text-inner\">\n                  <h4 class=\"uppercase\">\n                    <span class=\"person-name\">Dr. med. Caroline Maassen<\/span><br\/>\n                    <span class=\"person-title is-small thin-font op-7\">\n                      Fach\u00e4rztin f\u00fcr Dermatologie                    <\/span>\n                  <\/h4>\n                 <div class=\"social-icons follow-icons \" ><\/div>                 \n<p><a href=\"https:\/\/www.dermacenter.ch\/standort-kuessnacht\/aertzteteam\/dr-med-anna-caroline-maassen\/\">Lebenslauf<\/a><\/p>\n                <\/div><!-- box-text-inner -->\n          <\/div><!-- box-text -->\n    <\/div><!-- .box  -->\n\n    \n    \n<\/div><\/div>\n<div class=\"col medium-4 small-12 large-4\"  ><div class=\"col-inner\"  >\n    <div class=\"box has-hover has-hover box-text-bottom\" >\n\n                  <div class=\"box-image \" >\n           <div class=\"box-image-inner image-cover\" style=\"padding-top:100%;\">\n              <img width=\"2364\" height=\"2365\" src=\"https:\/\/www.dermacenter.ch\/wp-content\/uploads\/2021\/05\/hauges.jpg\" class=\"attachment- size-\" alt=\"\" loading=\"lazy\" srcset=\"https:\/\/www.dermacenter.ch\/wp-content\/uploads\/2021\/05\/hauges.jpg 2364w, https:\/\/www.dermacenter.ch\/wp-content\/uploads\/2021\/05\/hauges-300x300.jpg 300w, https:\/\/www.dermacenter.ch\/wp-content\/uploads\/2021\/05\/hauges-1024x1024.jpg 1024w, https:\/\/www.dermacenter.ch\/wp-content\/uploads\/2021\/05\/hauges-150x150.jpg 150w, https:\/\/www.dermacenter.ch\/wp-content\/uploads\/2021\/05\/hauges-768x768.jpg 768w, https:\/\/www.dermacenter.ch\/wp-content\/uploads\/2021\/05\/hauges-1536x1536.jpg 1536w, https:\/\/www.dermacenter.ch\/wp-content\/uploads\/2021\/05\/hauges-2048x2048.jpg 2048w, https:\/\/www.dermacenter.ch\/wp-content\/uploads\/2021\/05\/hauges-600x600.jpg 600w, https:\/\/www.dermacenter.ch\/wp-content\/uploads\/2021\/05\/hauges-100x100.jpg 100w\" sizes=\"(max-width: 2364px) 100vw, 2364px\" \/>                         <\/div>\n          <\/div><!-- box-image -->\n         \n          <div class=\"box-text text-center\" style=\"background-color:rgb(255, 216, 158);padding:10px 0px 30px 0px;\">\n                <div class=\"box-text-inner\">\n                  <h4 class=\"uppercase\">\n                    <span class=\"person-name\">Dr. med. Daniela Haiges<\/span><br\/>\n                    <span class=\"person-title is-small thin-font op-7\">\n                      Fach\u00e4rztin f\u00fcr Dermatologie                    <\/span>\n                  <\/h4>\n                 <div class=\"social-icons follow-icons \" ><\/div>                 \n<p><a href=\"https:\/\/www.dermacenter.ch\/standort-kuessnacht\/aertzteteam\/dr-cinthya-jeanette-salgado-alpizar\/\">Lebenslauf<\/a><\/p>\n                <\/div><!-- box-text-inner -->\n          <\/div><!-- box-text -->\n    <\/div><!-- .box  -->\n\n    \n    \n<\/div><\/div>\n<div class=\"col medium-4 small-12 large-4\"  ><div class=\"col-inner\" style=\"padding:0px 0px 0px 0px;margin:0px 0px 0px 0;\" >\n    <div class=\"box has-hover has-hover box-text-bottom\" >\n\n                  <div class=\"box-image \" >\n           <div class=\"box-image-inner image-cover\" style=\"padding-top:100%;\">\n              <img width=\"1212\" height=\"1212\" src=\"https:\/\/www.dermacenter.ch\/wp-content\/uploads\/2023\/11\/DermaCenter_Portraits_2221019_RGB_Schagenhauff_Bettina_4378a_oT.jpg\" class=\"attachment- size-\" alt=\"\" loading=\"lazy\" srcset=\"https:\/\/www.dermacenter.ch\/wp-content\/uploads\/2023\/11\/DermaCenter_Portraits_2221019_RGB_Schagenhauff_Bettina_4378a_oT.jpg 1212w, https:\/\/www.dermacenter.ch\/wp-content\/uploads\/2023\/11\/DermaCenter_Portraits_2221019_RGB_Schagenhauff_Bettina_4378a_oT-300x300.jpg 300w, https:\/\/www.dermacenter.ch\/wp-content\/uploads\/2023\/11\/DermaCenter_Portraits_2221019_RGB_Schagenhauff_Bettina_4378a_oT-1024x1024.jpg 1024w, https:\/\/www.dermacenter.ch\/wp-content\/uploads\/2023\/11\/DermaCenter_Portraits_2221019_RGB_Schagenhauff_Bettina_4378a_oT-150x150.jpg 150w, https:\/\/www.dermacenter.ch\/wp-content\/uploads\/2023\/11\/DermaCenter_Portraits_2221019_RGB_Schagenhauff_Bettina_4378a_oT-768x768.jpg 768w, https:\/\/www.dermacenter.ch\/wp-content\/uploads\/2023\/11\/DermaCenter_Portraits_2221019_RGB_Schagenhauff_Bettina_4378a_oT-600x600.jpg 600w, https:\/\/www.dermacenter.ch\/wp-content\/uploads\/2023\/11\/DermaCenter_Portraits_2221019_RGB_Schagenhauff_Bettina_4378a_oT-100x100.jpg 100w, https:\/\/www.dermacenter.ch\/wp-content\/uploads\/2023\/11\/DermaCenter_Portraits_2221019_RGB_Schagenhauff_Bettina_4378a_oT-60x60.jpg 60w, https:\/\/www.dermacenter.ch\/wp-content\/uploads\/2023\/11\/DermaCenter_Portraits_2221019_RGB_Schagenhauff_Bettina_4378a_oT-90x90.jpg 90w\" sizes=\"(max-width: 1212px) 100vw, 1212px\" \/>                         <\/div>\n          <\/div><!-- box-image -->\n         \n          <div class=\"box-text text-center\" style=\"background-color:rgb(255, 216, 158);padding:10px 0px 30px 0px;\">\n                <div class=\"box-text-inner\">\n                  <h4 class=\"uppercase\">\n                    <span class=\"person-name\">Dr. med. Bettina Schlagenhauff<\/span><br\/>\n                    <span class=\"person-title is-small thin-font op-7\">\n                      Fach\u00e4rztin f\u00fcr Dermatologie                    <\/span>\n                  <\/h4>\n                 <div class=\"social-icons follow-icons \" ><\/div>                 \n<p><a href=\"https:\/\/www.dermacenter.ch\/standort-brunnen\/aerzteteam-brunnen\/dr-med-bettina-schlagenhauff\/\">Lebenslauf<\/a><\/p>\n                <\/div><!-- box-text-inner -->\n          <\/div><!-- box-text -->\n    <\/div><!-- .box  -->\n\n    \n    \n<\/div><\/div>\n\n<style scope=\"scope\">\n\n#row-436993925 > .col > .col-inner {\n  padding: 0px 0px 0px 0px;\n}\n<\/style>\n<\/div>\n<div class=\"row row-small\"  id=\"row-422624031\">\n<div class=\"col medium-4 small-12 large-4\"  ><div class=\"col-inner\" style=\"padding:0px 0px 0px 0px;margin:0px 0px 0px 0px;\" >\n    <div class=\"box has-hover has-hover box-text-bottom\" >\n\n                  <div class=\"box-image \" >\n           <div class=\"box-image-inner image-cover\" style=\"padding-top:100%;\">\n              <img width=\"730\" height=\"729\" src=\"https:\/\/www.dermacenter.ch\/wp-content\/uploads\/2023\/12\/DermaCenter_210507_2114.jpg\" class=\"attachment- size-\" alt=\"\" loading=\"lazy\" srcset=\"https:\/\/www.dermacenter.ch\/wp-content\/uploads\/2023\/12\/DermaCenter_210507_2114.jpg 730w, https:\/\/www.dermacenter.ch\/wp-content\/uploads\/2023\/12\/DermaCenter_210507_2114-300x300.jpg 300w, https:\/\/www.dermacenter.ch\/wp-content\/uploads\/2023\/12\/DermaCenter_210507_2114-150x150.jpg 150w, https:\/\/www.dermacenter.ch\/wp-content\/uploads\/2023\/12\/DermaCenter_210507_2114-600x599.jpg 600w, https:\/\/www.dermacenter.ch\/wp-content\/uploads\/2023\/12\/DermaCenter_210507_2114-100x100.jpg 100w, https:\/\/www.dermacenter.ch\/wp-content\/uploads\/2023\/12\/DermaCenter_210507_2114-60x60.jpg 60w, https:\/\/www.dermacenter.ch\/wp-content\/uploads\/2023\/12\/DermaCenter_210507_2114-90x90.jpg 90w\" sizes=\"(max-width: 730px) 100vw, 730px\" \/>                         <\/div>\n          <\/div><!-- box-image -->\n         \n          <div class=\"box-text text-center\" style=\"background-color:rgb(255, 216, 158);padding:10px 0px 30px 0px;\">\n                <div class=\"box-text-inner\">\n                  <h4 class=\"uppercase\">\n                    <span class=\"person-name\">Dr. med. Birthe Stevens<\/span><br\/>\n                    <span class=\"person-title is-small thin-font op-7\">\n                      Fach\u00e4rztin f\u00fcr Dermatologie                    <\/span>\n                  <\/h4>\n                 <div class=\"social-icons follow-icons \" ><\/div>                 \n<p><a href=\"https:\/\/www.dermacenter.ch\/standort-kuessnacht\/aertzteteam\/dr-med-birthe-stevens\/\">Lebenslauf<\/a><\/p>\n                <\/div><!-- box-text-inner -->\n          <\/div><!-- box-text -->\n    <\/div><!-- .box  -->\n\n    \n    \n<\/div><\/div>\n<div class=\"col medium-4 small-12 large-4\"  ><div class=\"col-inner\"  >\n    <div class=\"box has-hover has-hover box-text-bottom\" >\n\n                  <div class=\"box-image \" >\n           <div class=\"box-image-inner image-cover\" style=\"padding-top:100%;\">\n              <img width=\"1500\" height=\"1500\" src=\"https:\/\/www.dermacenter.ch\/wp-content\/uploads\/2021\/10\/sparla-1.jpg\" class=\"attachment- size-\" alt=\"\" loading=\"lazy\" srcset=\"https:\/\/www.dermacenter.ch\/wp-content\/uploads\/2021\/10\/sparla-1.jpg 1500w, https:\/\/www.dermacenter.ch\/wp-content\/uploads\/2021\/10\/sparla-1-300x300.jpg 300w, https:\/\/www.dermacenter.ch\/wp-content\/uploads\/2021\/10\/sparla-1-1024x1024.jpg 1024w, https:\/\/www.dermacenter.ch\/wp-content\/uploads\/2021\/10\/sparla-1-150x150.jpg 150w, https:\/\/www.dermacenter.ch\/wp-content\/uploads\/2021\/10\/sparla-1-768x768.jpg 768w, https:\/\/www.dermacenter.ch\/wp-content\/uploads\/2021\/10\/sparla-1-600x600.jpg 600w, https:\/\/www.dermacenter.ch\/wp-content\/uploads\/2021\/10\/sparla-1-100x100.jpg 100w\" sizes=\"(max-width: 1500px) 100vw, 1500px\" \/>                         <\/div>\n          <\/div><!-- box-image -->\n         \n          <div class=\"box-text text-center\" style=\"background-color:rgb(255, 216, 158);padding:10px 0px 30px 0px;\">\n                <div class=\"box-text-inner\">\n                  <h4 class=\"uppercase\">\n                    <span class=\"person-name\">Christina Sparla<\/span><br\/>\n                    <span class=\"person-title is-small thin-font op-7\">\n                      Fach\u00e4rztin f\u00fcr Dermatologie                    <\/span>\n                  <\/h4>\n                 <div class=\"social-icons follow-icons \" ><\/div>                 \n<p><a href=\"_wp_link_placeholder\" data-wplink-edit=\"true\">Lebenslauf<\/a><\/p>\n                <\/div><!-- box-text-inner -->\n          <\/div><!-- box-text -->\n    <\/div><!-- .box  -->\n\n    \n    \n<\/div><\/div>\n<div class=\"col medium-4 small-12 large-4\"  ><div class=\"col-inner\" style=\"background-color:rgb(255, 209, 148);\" >\n    <div class=\"box has-hover has-hover box-text-bottom\" >\n\n                  <div class=\"box-image \" >\n           <div class=\"box-image-inner image-cover\" style=\"padding-top:100%;\">\n              <img width=\"1562\" height=\"1562\" src=\"https:\/\/www.dermacenter.ch\/wp-content\/uploads\/2023\/11\/DermaCenter_Portraits_2221019_RGB_Tenyi_Viktor_3926_oT.jpg\" class=\"attachment- size-\" alt=\"\" loading=\"lazy\" srcset=\"https:\/\/www.dermacenter.ch\/wp-content\/uploads\/2023\/11\/DermaCenter_Portraits_2221019_RGB_Tenyi_Viktor_3926_oT.jpg 1562w, https:\/\/www.dermacenter.ch\/wp-content\/uploads\/2023\/11\/DermaCenter_Portraits_2221019_RGB_Tenyi_Viktor_3926_oT-300x300.jpg 300w, https:\/\/www.dermacenter.ch\/wp-content\/uploads\/2023\/11\/DermaCenter_Portraits_2221019_RGB_Tenyi_Viktor_3926_oT-1024x1024.jpg 1024w, https:\/\/www.dermacenter.ch\/wp-content\/uploads\/2023\/11\/DermaCenter_Portraits_2221019_RGB_Tenyi_Viktor_3926_oT-150x150.jpg 150w, https:\/\/www.dermacenter.ch\/wp-content\/uploads\/2023\/11\/DermaCenter_Portraits_2221019_RGB_Tenyi_Viktor_3926_oT-768x768.jpg 768w, https:\/\/www.dermacenter.ch\/wp-content\/uploads\/2023\/11\/DermaCenter_Portraits_2221019_RGB_Tenyi_Viktor_3926_oT-1536x1536.jpg 1536w, https:\/\/www.dermacenter.ch\/wp-content\/uploads\/2023\/11\/DermaCenter_Portraits_2221019_RGB_Tenyi_Viktor_3926_oT-600x600.jpg 600w, https:\/\/www.dermacenter.ch\/wp-content\/uploads\/2023\/11\/DermaCenter_Portraits_2221019_RGB_Tenyi_Viktor_3926_oT-100x100.jpg 100w, https:\/\/www.dermacenter.ch\/wp-content\/uploads\/2023\/11\/DermaCenter_Portraits_2221019_RGB_Tenyi_Viktor_3926_oT-60x60.jpg 60w, https:\/\/www.dermacenter.ch\/wp-content\/uploads\/2023\/11\/DermaCenter_Portraits_2221019_RGB_Tenyi_Viktor_3926_oT-90x90.jpg 90w\" sizes=\"(max-width: 1562px) 100vw, 1562px\" \/>                         <\/div>\n          <\/div><!-- box-image -->\n         \n          <div class=\"box-text text-center\" style=\"background-color:rgb(255, 216, 158);padding:10px 0px 30px 0px;\">\n                <div class=\"box-text-inner\">\n                  <h4 class=\"uppercase\">\n                    <span class=\"person-name\">Dr. med. Viktor Tenyi<\/span><br\/>\n                    <span class=\"person-title is-small thin-font op-7\">\n                      Facharzt f\u00fcr Dermatologie                    <\/span>\n                  <\/h4>\n                 <div class=\"social-icons follow-icons \" ><\/div>                 \n<p><a href=\"https:\/\/www.dermacenter.ch\/standort-kuessnacht\/aertzteteam\/4336-2\/\">Lebenslauf<\/a><\/p>\n                <\/div><!-- box-text-inner -->\n          <\/div><!-- box-text -->\n    <\/div><!-- .box  -->\n\n    \n    \n<\/div><\/div>\n\n<style scope=\"scope\">\n\n<\/style>\n<\/div>\n<div class=\"row row-small\"  id=\"row-794134073\">\n<div class=\"col medium-4 small-12 large-4\"  ><div class=\"col-inner\" style=\"padding:0px 0px 0px 0px;margin:0px 0px 0px 0px;\" >\n    <div class=\"box has-hover has-hover box-text-bottom\" >\n\n                  <div class=\"box-image \" >\n           <div class=\"box-image-inner image-cover\" style=\"padding-top:100%;\">\n              <img width=\"2560\" height=\"2560\" src=\"https:\/\/www.dermacenter.ch\/wp-content\/uploads\/2024\/12\/image_123650291-scaled.jpg\" class=\"attachment- size-\" alt=\"\" loading=\"lazy\" srcset=\"https:\/\/www.dermacenter.ch\/wp-content\/uploads\/2024\/12\/image_123650291-scaled.jpg 2560w, https:\/\/www.dermacenter.ch\/wp-content\/uploads\/2024\/12\/image_123650291-300x300.jpg 300w, https:\/\/www.dermacenter.ch\/wp-content\/uploads\/2024\/12\/image_123650291-1024x1024.jpg 1024w, https:\/\/www.dermacenter.ch\/wp-content\/uploads\/2024\/12\/image_123650291-150x150.jpg 150w, https:\/\/www.dermacenter.ch\/wp-content\/uploads\/2024\/12\/image_123650291-768x768.jpg 768w, https:\/\/www.dermacenter.ch\/wp-content\/uploads\/2024\/12\/image_123650291-1536x1536.jpg 1536w, https:\/\/www.dermacenter.ch\/wp-content\/uploads\/2024\/12\/image_123650291-2048x2048.jpg 2048w, https:\/\/www.dermacenter.ch\/wp-content\/uploads\/2024\/12\/image_123650291-600x600.jpg 600w, https:\/\/www.dermacenter.ch\/wp-content\/uploads\/2024\/12\/image_123650291-100x100.jpg 100w, https:\/\/www.dermacenter.ch\/wp-content\/uploads\/2024\/12\/image_123650291-60x60.jpg 60w, https:\/\/www.dermacenter.ch\/wp-content\/uploads\/2024\/12\/image_123650291-90x90.jpg 90w\" sizes=\"(max-width: 2560px) 100vw, 2560px\" \/>                         <\/div>\n          <\/div><!-- box-image -->\n         \n          <div class=\"box-text text-center\" style=\"background-color:rgb(255, 216, 158);padding:10px 5px 30px 5;\">\n                <div class=\"box-text-inner\">\n                  <h4 class=\"uppercase\">\n                    <span class=\"person-name\">Marie-C\u00e9line Stuis<\/span><br\/>\n                    <span class=\"person-title is-small thin-font op-7\">\n                      Assistenz\u00e4rztin f\u00fcr Dermatologie                    <\/span>\n                  <\/h4>\n                 <div class=\"social-icons follow-icons \" ><\/div>                 \n<p><a href=\"https:\/\/www.dermacenter.ch\/standort-kuessnacht\/aertzteteam\/dr-med-birthe-stevens\/\">Lebenslauf<\/a><\/p>\n<div class=\"gap-element\" style=\"display:block; height:auto; padding-top:30px\" class=\"clearfix\"><\/div>\n<p><em>\u201cAn der Dermatologie begeistert mich das breite Spektrum an Krankheitsbildern und die stetig neu erforschten Therapiem\u00f6glichkeiten durch welche man den Patienten zu mehr Lebensqualit\u00e4t verhelfen kann.\u201d<\/em><\/p>\n                <\/div><!-- box-text-inner -->\n          <\/div><!-- box-text -->\n    <\/div><!-- .box  -->\n\n    \n    \n<\/div><\/div>\n<div class=\"col medium-4 small-12 large-4\"  ><div class=\"col-inner\"  >\n    <div class=\"box has-hover has-hover box-text-bottom\" >\n\n                  <div class=\"box-image \" >\n           <div class=\"box-image-inner image-cover\" style=\"padding-top:100%;\">\n              <img width=\"2459\" height=\"2459\" src=\"https:\/\/www.dermacenter.ch\/wp-content\/uploads\/2024\/12\/image_1236502916.jpg\" class=\"attachment- size-\" alt=\"\" loading=\"lazy\" srcset=\"https:\/\/www.dermacenter.ch\/wp-content\/uploads\/2024\/12\/image_1236502916.jpg 2459w, https:\/\/www.dermacenter.ch\/wp-content\/uploads\/2024\/12\/image_1236502916-300x300.jpg 300w, https:\/\/www.dermacenter.ch\/wp-content\/uploads\/2024\/12\/image_1236502916-1024x1024.jpg 1024w, https:\/\/www.dermacenter.ch\/wp-content\/uploads\/2024\/12\/image_1236502916-150x150.jpg 150w, https:\/\/www.dermacenter.ch\/wp-content\/uploads\/2024\/12\/image_1236502916-768x768.jpg 768w, https:\/\/www.dermacenter.ch\/wp-content\/uploads\/2024\/12\/image_1236502916-1536x1536.jpg 1536w, https:\/\/www.dermacenter.ch\/wp-content\/uploads\/2024\/12\/image_1236502916-2048x2048.jpg 2048w, https:\/\/www.dermacenter.ch\/wp-content\/uploads\/2024\/12\/image_1236502916-600x600.jpg 600w, https:\/\/www.dermacenter.ch\/wp-content\/uploads\/2024\/12\/image_1236502916-100x100.jpg 100w, https:\/\/www.dermacenter.ch\/wp-content\/uploads\/2024\/12\/image_1236502916-60x60.jpg 60w, https:\/\/www.dermacenter.ch\/wp-content\/uploads\/2024\/12\/image_1236502916-90x90.jpg 90w\" sizes=\"(max-width: 2459px) 100vw, 2459px\" \/>                         <\/div>\n          <\/div><!-- box-image -->\n         \n          <div class=\"box-text text-center\" style=\"background-color:rgb(255, 216, 158);padding:10px 5px 30px 5;\">\n                <div class=\"box-text-inner\">\n                  <h4 class=\"uppercase\">\n                    <span class=\"person-name\">Antonela Stiube<\/span><br\/>\n                    <span class=\"person-title is-small thin-font op-7\">\n                      Assistenz\u00e4rztin f\u00fcr Dermatologie                    <\/span>\n                  <\/h4>\n                 <div class=\"social-icons follow-icons \" ><\/div>                 \n<p><a href=\"_wp_link_placeholder\" data-wplink-edit=\"true\">Lebenslauf<\/a><\/p>\n<div class=\"gap-element\" style=\"display:block; height:auto; padding-top:30px\" class=\"clearfix\"><\/div>\n<div class=\"gap-element\">\u00a0<\/div>\n<p><em>\u201cAn der Dermatologie begeistern mich die visuelle Diagnostik, die pr\u00e4zise Arbeit in der Dermatochirurgie und die M\u00f6glichkeit, im \u00e4sthetischen Bereich das Selbstbewusstsein der Patienten zu st\u00e4rken. Dieses vielseitige Fachgebiet vereint Medizin, Kunst und stetige Weiterentwicklung \u2013 eine Kombination, die mich t\u00e4glich aufs Neue inspiriert.\u201d<\/em><\/p>\n<p><em>\u00a0<\/em><\/p>\n                <\/div><!-- box-text-inner -->\n          <\/div><!-- box-text -->\n    <\/div><!-- .box  -->\n\n    \n    \n<\/div><\/div>\n<div class=\"col medium-4 small-12 large-4\"  ><div class=\"col-inner\" style=\"background-color:rgb(255, 209, 148);\" >\n    <div class=\"box has-hover has-hover box-text-bottom\" >\n\n                  <div class=\"box-image \" >\n           <div class=\"box-image-inner image-cover\" style=\"padding-top:100%;\">\n              <img width=\"1157\" height=\"1156\" src=\"https:\/\/www.dermacenter.ch\/wp-content\/uploads\/2023\/11\/DermaCenter_Portraits_2221019_RGB_Osecky_Marek_3972a_oT.png\" class=\"attachment- size-\" alt=\"\" loading=\"lazy\" srcset=\"https:\/\/www.dermacenter.ch\/wp-content\/uploads\/2023\/11\/DermaCenter_Portraits_2221019_RGB_Osecky_Marek_3972a_oT.png 1157w, https:\/\/www.dermacenter.ch\/wp-content\/uploads\/2023\/11\/DermaCenter_Portraits_2221019_RGB_Osecky_Marek_3972a_oT-300x300.png 300w, https:\/\/www.dermacenter.ch\/wp-content\/uploads\/2023\/11\/DermaCenter_Portraits_2221019_RGB_Osecky_Marek_3972a_oT-1024x1024.png 1024w, https:\/\/www.dermacenter.ch\/wp-content\/uploads\/2023\/11\/DermaCenter_Portraits_2221019_RGB_Osecky_Marek_3972a_oT-150x150.png 150w, https:\/\/www.dermacenter.ch\/wp-content\/uploads\/2023\/11\/DermaCenter_Portraits_2221019_RGB_Osecky_Marek_3972a_oT-768x767.png 768w, https:\/\/www.dermacenter.ch\/wp-content\/uploads\/2023\/11\/DermaCenter_Portraits_2221019_RGB_Osecky_Marek_3972a_oT-600x599.png 600w, https:\/\/www.dermacenter.ch\/wp-content\/uploads\/2023\/11\/DermaCenter_Portraits_2221019_RGB_Osecky_Marek_3972a_oT-100x100.png 100w, https:\/\/www.dermacenter.ch\/wp-content\/uploads\/2023\/11\/DermaCenter_Portraits_2221019_RGB_Osecky_Marek_3972a_oT-60x60.png 60w, https:\/\/www.dermacenter.ch\/wp-content\/uploads\/2023\/11\/DermaCenter_Portraits_2221019_RGB_Osecky_Marek_3972a_oT-90x90.png 90w\" sizes=\"(max-width: 1157px) 100vw, 1157px\" \/>                         <\/div>\n          <\/div><!-- box-image -->\n         \n          <div class=\"box-text text-center\" style=\"background-color:rgb(255, 216, 158);padding:10px 5px 30px 5;\">\n                <div class=\"box-text-inner\">\n                  <h4 class=\"uppercase\">\n                    <span class=\"person-name\">Dr. med. Marek Osecky<\/span><br\/>\n                    <span class=\"person-title is-small thin-font op-7\">\n                      Facharzt f\u00fcr Dermatologie                    <\/span>\n                  <\/h4>\n                 <div class=\"social-icons follow-icons \" ><\/div>                 \n<p><a href=\"https:\/\/www.dermacenter.ch\/standort-kuessnacht\/aertzteteam\/4336-2\/\">Lebenslauf<\/a><\/p>\n<div class=\"gap-element\" style=\"display:block; height:auto; padding-top:30px\" class=\"clearfix\"><\/div>\n<p><em>\u201cDas Sch\u00f6ne an der \u00e4rztlichen T\u00e4tigkeit ist es, dass ich jeden Tag aufs Neue etwas dazulernen und mich in der Behandlung der Patienten verbessern darf. \u201c<\/em><\/p>\n                <\/div><!-- box-text-inner -->\n          <\/div><!-- box-text -->\n    <\/div><!-- .box  -->\n\n    \n    \n<\/div><\/div>\n\n<style scope=\"scope\">\n\n<\/style>\n<\/div>\n      <\/div><!-- .section-content -->\n\n      \n<style scope=\"scope\">\n\n#section_403416882 {\n  padding-top: 59px;\n  padding-bottom: 59px;\n  min-height: 300px;\n  background-color: rgb(255, 255, 255);\n}\n#section_403416882 .section-bg-overlay {\n  background-color: rgba(0, 0, 0, 0.19);\n}\n<\/style>\n  <\/section>\n  \n  <section class=\"section\" id=\"section_1057450958\">\n      <div class=\"bg section-bg fill bg-fill  bg-loaded\" >\n\n        \n        \n        \n        \n        \n        \n\t<div class=\"is-border\"\n\t\tstyle=\"border-color:rgb(235, 235, 235);border-width:1px 0px 0px 0px;margin:0px 0px 0px 1px;\">\n\t<\/div>\n\n      <\/div><!-- .section-bg -->\n\n      <div class=\"section-content relative\">\n        \n<h2>Anfahrt mit dem PKW<\/h2>\n<div class=\"row row-large\"  id=\"row-1599565933\">\n<div class=\"col medium-6 small-12 large-6\"  ><div class=\"col-inner\" style=\"background-color:rgb(255, 255, 255);padding:15px 15px 15px 0px;margin:0px 0px 0px 0px;\" >\n<h3>Unsere Adresse<\/h3>\n<p><strong>Dermacenter AG K\u00fcssnacht<\/strong><br \/>Bahnhofstrasse 15<br \/>CH-6403 K\u00fcssnacht am Rigi<\/p>\n<h3>Virtuelle Tour<\/h3>\n    <div class=\"img has-hover x md-x lg-x y md-y lg-y\" id=\"image_974044361\">\n    <a href=\"https:\/\/old.3dswissmedia.com\/virtualtour\/Dermacenter\/\" target=\"_blank\" class=\"\">            <div class=\"img-inner dark\" style=\"margin:0px 86px 0px 0px;\">\n        <img width=\"898\" height=\"478\" src=\"https:\/\/www.dermacenter.ch\/wp-content\/uploads\/2021\/06\/virtuelle_tour.png\" class=\"attachment-large size-large\" alt=\"\" loading=\"lazy\" srcset=\"https:\/\/www.dermacenter.ch\/wp-content\/uploads\/2021\/06\/virtuelle_tour.png 898w, https:\/\/www.dermacenter.ch\/wp-content\/uploads\/2021\/06\/virtuelle_tour-300x160.png 300w, https:\/\/www.dermacenter.ch\/wp-content\/uploads\/2021\/06\/virtuelle_tour-768x409.png 768w, https:\/\/www.dermacenter.ch\/wp-content\/uploads\/2021\/06\/virtuelle_tour-600x319.png 600w\" sizes=\"(max-width: 898px) 100vw, 898px\" \/>                \n            <\/div>\n            <\/a>       \n<style scope=\"scope\">\n\n<\/style>\n    <\/div>\n    \n<\/div><\/div>\n<div class=\"col medium-6 small-12 large-6\"  ><div class=\"col-inner text-left\"  >\n<div class=\"icon-box-text last-reset\">\n<h3>Parkpl\u00e4tze<\/h3>\n<p><strong>Zwei Parkpl\u00e4tze direkt vor dem Hauseingang<\/strong><\/p>\n<p>Mons\u00e9jour Parkplatz, schr\u00e4g hinter dem Haus<br \/>2 Min zu Fuss (130m)<\/p>\n<p>Coop Parkpl\u00e4tze (blaue Zone), im Trychle Park, gegen\u00fcber<br \/>1 Min zu Fuss (20m)<\/p>\n<p>Seeplatz Parkpl\u00e4tze, am See, bei der Kirche<br \/>4 Min zu Fuss (290m)<\/p>\n<\/div>\n<\/div><\/div>\n\n<style scope=\"scope\">\n\n<\/style>\n<\/div>\n      <\/div><!-- .section-content -->\n\n      \n<style scope=\"scope\">\n\n#section_1057450958 {\n  padding-top: 33px;\n  padding-bottom: 33px;\n  min-height: 300px;\n}\n<\/style>\n  <\/section>\n  \n<p><iframe style=\"border: 0;\" src=\"https:\/\/www.google.com\/maps\/embed?pb=!1m18!1m12!1m3!1d2716.876084409329!2d8.437101951520122!3d47.081893579051105!2m3!1f0!2f0!3f0!3m2!1i1024!2i768!4f13.1!3m3!1m2!1s0x478fff6906314359%3A0x8e3eb857e54b90a8!2sdermacenter%20k%C3%BCssnacht!5e0!3m2!1sde!2sde!4v1620829698458!5m2!1sde!2sde\" allowfullscreen=\"allowfullscreen\" width=\"100%\" height=\"500px\"><\/iframe><\/p>\n","protected":false},"excerpt":{"rendered":"<p>In unserem dermatologischen Zentrum, welches 2002 von Dres. med. Caroline Maassen und Bettina Schlagenhauff gegr\u00fcndet wurde, bieten wir Ihnen das gesamte Spektrum der Dermatologie, Allergologie und \u00c4sthetischen Medizin, einschliesslich Lasermedizin. Chirurgische Eingriffe k\u00f6nnen in unserem Operationssaal durchgef\u00fchrt werden. Unser Dermacenter K\u00fcssnacht verf\u00fcgt ausserdem \u00fcber ein Kosmetisches Institut und einen Dermashop, damit Ihre Haut rundum professionell [&hellip;]\n","protected":false},"author":1,"featured_media":0,"parent":0,"menu_order":0,"comment_status":"closed","ping_status":"closed","template":"","meta":[],"yoast_head":"<!-- This site is optimized with the Yoast SEO plugin v15.5 - https:\/\/yoast.com\/wordpress\/plugins\/seo\/ -->\n<title>Dermacenter K\u00fcssnacht - Dermacenter AG<\/title>\n<meta name=\"robots\" content=\"index, follow, max-snippet:-1, max-image-preview:large, max-video-preview:-1\" \/>\n<link rel=\"canonical\" href=\"https:\/\/www.dermacenter.ch\/?page_id=11538\" \/>\n<meta property=\"og:locale\" content=\"de_DE\" \/>\n<meta property=\"og:type\" content=\"article\" \/>\n<meta property=\"og:title\" content=\"Dermacenter K\u00fcssnacht - Dermacenter AG\" \/>\n<meta property=\"og:description\" content=\"In unserem dermatologischen Zentrum, welches 2002 von Dres. med. Caroline Maassen und Bettina Schlagenhauff gegr\u00fcndet wurde, bieten wir Ihnen das gesamte Spektrum der Dermatologie, Allergologie und \u00c4sthetischen Medizin, einschliesslich Lasermedizin. Chirurgische Eingriffe k\u00f6nnen in unserem Operationssaal durchgef\u00fchrt werden. Unser Dermacenter K\u00fcssnacht verf\u00fcgt ausserdem \u00fcber ein Kosmetisches Institut und einen Dermashop, damit Ihre Haut rundum professionell [&hellip;]\" \/>\n<meta property=\"og:url\" content=\"https:\/\/www.dermacenter.ch\/?page_id=11538\" \/>\n<meta property=\"og:site_name\" content=\"Dermacenter AG\" \/>\n<meta property=\"article:modified_time\" content=\"2025-07-15T09:22:30+00:00\" \/>\n<meta name=\"twitter:card\" content=\"summary_large_image\" \/>\n<meta name=\"twitter:label1\" content=\"Gesch\u00e4tzte Lesezeit\">\n\t<meta name=\"twitter:data1\" content=\"6\u00a0Minuten\">\n<script type=\"application\/ld+json\" class=\"yoast-schema-graph\">{\"@context\":\"https:\/\/schema.org\",\"@graph\":[{\"@type\":\"WebSite\",\"@id\":\"https:\/\/www.dermacenter.ch\/#website\",\"url\":\"https:\/\/www.dermacenter.ch\/\",\"name\":\"Dermacenter AG\",\"description\":\"\",\"potentialAction\":[{\"@type\":\"SearchAction\",\"target\":\"https:\/\/www.dermacenter.ch\/?s={search_term_string}\",\"query-input\":\"required name=search_term_string\"}],\"inLanguage\":\"de\"},{\"@type\":\"WebPage\",\"@id\":\"https:\/\/www.dermacenter.ch\/?page_id=11538#webpage\",\"url\":\"https:\/\/www.dermacenter.ch\/?page_id=11538\",\"name\":\"Dermacenter K\\u00fcssnacht - Dermacenter AG\",\"isPartOf\":{\"@id\":\"https:\/\/www.dermacenter.ch\/#website\"},\"datePublished\":\"2021-05-12T13:28:06+00:00\",\"dateModified\":\"2025-07-15T09:22:30+00:00\",\"inLanguage\":\"de\",\"potentialAction\":[{\"@type\":\"ReadAction\",\"target\":[\"https:\/\/www.dermacenter.ch\/?page_id=11538\"]}]}]}<\/script>\n<!-- \/ Yoast SEO plugin. -->","_links":{"self":[{"href":"https:\/\/www.dermacenter.ch\/index.php?rest_route=\/wp\/v2\/pages\/11538"}],"collection":[{"href":"https:\/\/www.dermacenter.ch\/index.php?rest_route=\/wp\/v2\/pages"}],"about":[{"href":"https:\/\/www.dermacenter.ch\/index.php?rest_route=\/wp\/v2\/types\/page"}],"author":[{"embeddable":true,"href":"https:\/\/www.dermacenter.ch\/index.php?rest_route=\/wp\/v2\/users\/1"}],"replies":[{"embeddable":true,"href":"https:\/\/www.dermacenter.ch\/index.php?rest_route=%2Fwp%2Fv2%2Fcomments&post=11538"}],"version-history":[{"count":103,"href":"https:\/\/www.dermacenter.ch\/index.php?rest_route=\/wp\/v2\/pages\/11538\/revisions"}],"predecessor-version":[{"id":14942,"href":"https:\/\/www.dermacenter.ch\/index.php?rest_route=\/wp\/v2\/pages\/11538\/revisions\/14942"}],"wp:attachment":[{"href":"https:\/\/www.dermacenter.ch\/index.php?rest_route=%2Fwp%2Fv2%2Fmedia&parent=11538"}],"curies":[{"name":"wp","href":"https:\/\/api.w.org\/{rel}","templated":true}]}}